{"id":3761,"date":"2021-01-01T02:20:23","date_gmt":"2021-01-01T02:20:23","guid":{"rendered":"http:\/\/fralla.mx\/?page_id=3761"},"modified":"2026-09-02T20:50:36","modified_gmt":"2026-09-03T02:50:36","slug":"noticias","status":"publish","type":"page","link":"https:\/\/fralla.mx\/insights\/noticias\/","title":{"rendered":"Noticias"},"content":{"rendered":"\t\t<div data-elementor-type=\"wp-page\" data-elementor-id=\"3761\" class=\"elementor elementor-3761\" data-elementor-post-type=\"page\">\n\t\t\t\t\t\t<section class=\"elementor-section elementor-top-section elementor-element elementor-element-38748fd1 elementor-section-height-min-height elementor-section-items-bottom elementor-section-boxed elementor-section-height-default\" data-id=\"38748fd1\" data-element_type=\"section\" data-e-type=\"section\" data-settings=\"{&quot;background_background&quot;:&quot;classic&quot;}\">\n\t\t\t\t\t\t\t<div class=\"elementor-background-overlay\"><\/div>\n\t\t\t\t\t\t\t<div class=\"elementor-container elementor-column-gap-default\">\n\t\t\t\t\t<div class=\"elementor-column elementor-col-100 elementor-top-column elementor-element elementor-element-5a451c4b\" data-id=\"5a451c4b\" data-element_type=\"column\" data-e-type=\"column\">\n\t\t\t<div class=\"elementor-widget-wrap elementor-element-populated\">\n\t\t\t\t\t\t<div class=\"elementor-element elementor-element-3a3b556a elementor-widget__width-initial elementor-widget elementor-widget-heading\" data-id=\"3a3b556a\" data-element_type=\"widget\" data-e-type=\"widget\" data-widget_type=\"heading.default\">\n\t\t\t\t<div class=\"elementor-widget-container\">\n\t\t\t\t\t<h1 class=\"elementor-heading-title elementor-size-default\">Noticias<\/h1>\t\t\t\t<\/div>\n\t\t\t\t<\/div>\n\t\t\t\t\t<\/div>\n\t\t<\/div>\n\t\t\t\t\t<\/div>\n\t\t<\/section>\n\t\t\t\t<section class=\"elementor-section elementor-top-section elementor-element elementor-element-57c2b151 elementor-section-boxed elementor-section-height-default elementor-section-height-default\" data-id=\"57c2b151\" data-element_type=\"section\" data-e-type=\"section\">\n\t\t\t\t\t\t<div class=\"elementor-container elementor-column-gap-default\">\n\t\t\t\t\t<div class=\"elementor-column elementor-col-66 elementor-top-column elementor-element elementor-element-1e25ceb1\" data-id=\"1e25ceb1\" data-element_type=\"column\" data-e-type=\"column\">\n\t\t\t<div class=\"elementor-widget-wrap elementor-element-populated\">\n\t\t\t\t\t\t<div class=\"elementor-element elementor-element-3642f662 elementor-widget-divider--view-line_text elementor-widget-divider--element-align-right elementor-widget elementor-widget-divider\" data-id=\"3642f662\" data-element_type=\"widget\" data-e-type=\"widget\" data-widget_type=\"divider.default\">\n\t\t\t\t<div class=\"elementor-widget-container\">\n\t\t\t\t\t\t\t<div class=\"elementor-divider\">\n\t\t\t<span class=\"elementor-divider-separator\">\n\t\t\t\t\t\t\t<span class=\"elementor-divider__text elementor-divider__element\">\n\t\t\t\t\u00daltimas Noticias\t\t\t\t<\/span>\n\t\t\t\t\t\t<\/span>\n\t\t<\/div>\n\t\t\t\t\t\t<\/div>\n\t\t\t\t<\/div>\n\t\t\t\t<div class=\"elementor-element elementor-element-38777287 elementor-widget elementor-widget-heading\" data-id=\"38777287\" data-element_type=\"widget\" data-e-type=\"widget\" data-widget_type=\"heading.default\">\n\t\t\t\t<div class=\"elementor-widget-container\">\n\t\t\t\t\t<h2 class=\"elementor-heading-title elementor-size-default\">En Fralla te mantenemos informado<\/h2>\t\t\t\t<\/div>\n\t\t\t\t<\/div>\n\t\t\t\t<div class=\"elementor-element elementor-element-118645f0 elementor-grid-1 elementor-grid-tablet-2 elementor-grid-mobile-1 elementor-posts--thumbnail-top elementor-card-shadow-yes elementor-posts__hover-gradient elementor-widget elementor-widget-posts\" data-id=\"118645f0\" data-element_type=\"widget\" data-e-type=\"widget\" data-settings=\"{&quot;cards_columns&quot;:&quot;1&quot;,&quot;cards_row_gap&quot;:{&quot;unit&quot;:&quot;px&quot;,&quot;size&quot;:30,&quot;sizes&quot;:[]},&quot;cards_columns_tablet&quot;:&quot;2&quot;,&quot;cards_columns_mobile&quot;:&quot;1&quot;,&quot;cards_row_gap_tablet&quot;:{&quot;unit&quot;:&quot;px&quot;,&quot;size&quot;:&quot;&quot;,&quot;sizes&quot;:[]},&quot;cards_row_gap_mobile&quot;:{&quot;unit&quot;:&quot;px&quot;,&quot;size&quot;:&quot;&quot;,&quot;sizes&quot;:[]}}\" data-widget_type=\"posts.cards\">\n\t\t\t\t<div class=\"elementor-widget-container\">\n\t\t\t\t\t\t\t<div class=\"elementor-posts-container elementor-posts elementor-posts--skin-cards elementor-grid\" role=\"list\">\n\t\t\t\t<article class=\"elementor-post elementor-grid-item post-9334 post type-post status-publish format-image has-post-thumbnail hentry category-noticias-fiscales post_format-post-format-image\" role=\"listitem\">\n\t\t\t<div class=\"elementor-post__card\">\n\t\t\t\t<a class=\"elementor-post__thumbnail__link\" href=\"https:\/\/fralla.mx\/insights\/comunicado-no-9-julio-2026\/\" tabindex=\"-1\" ><div class=\"elementor-post__thumbnail\"><img fetchpriority=\"high\" decoding=\"async\" width=\"1561\" height=\"1007\" src=\"https:\/\/fralla.mx\/insights\/wp-content\/uploads\/2026\/07\/ChatGPT-Image-27-jul-2026-04_28_47-p.m.png\" class=\"attachment-full size-full wp-image-9337\" alt=\"\" srcset=\"https:\/\/fralla.mx\/insights\/wp-content\/uploads\/2026\/07\/ChatGPT-Image-27-jul-2026-04_28_47-p.m.png 1561w, https:\/\/fralla.mx\/insights\/wp-content\/uploads\/2026\/07\/ChatGPT-Image-27-jul-2026-04_28_47-p.m-1024x661.png 1024w, https:\/\/fralla.mx\/insights\/wp-content\/uploads\/2026\/07\/ChatGPT-Image-27-jul-2026-04_28_47-p.m-768x495.png 768w, https:\/\/fralla.mx\/insights\/wp-content\/uploads\/2026\/07\/ChatGPT-Image-27-jul-2026-04_28_47-p.m-1536x991.png 1536w, https:\/\/fralla.mx\/insights\/wp-content\/uploads\/2026\/07\/ChatGPT-Image-27-jul-2026-04_28_47-p.m-1320x852.png 1320w\" sizes=\"(max-width: 1561px) 100vw, 1561px\" \/><\/div><\/a>\n\t\t\t\t<div class=\"elementor-post__text\">\n\t\t\t\t<h3 class=\"elementor-post__title\">\n\t\t\t<a href=\"https:\/\/fralla.mx\/insights\/comunicado-no-9-julio-2026\/\" >\n\t\t\t\tComunicado No 9 &#8211; Julio 2026\t\t\t<\/a>\n\t\t<\/h3>\n\t\t\t\t<div class=\"elementor-post__excerpt\">\n\t\t\t<p>Cumplimiento de obligaciones de las inversiones en el extranjero por personas f\u00edsicas<\/p>\n\t\t<\/div>\n\t\t\n\t\t<a class=\"elementor-post__read-more\" href=\"https:\/\/fralla.mx\/insights\/comunicado-no-9-julio-2026\/\" aria-label=\"Read more about Comunicado No 9 &#8211; Julio 2026\" tabindex=\"-1\" >\n\t\t\tSigue Leyendo \u00bb\t\t<\/a>\n\n\t\t\t\t<\/div>\n\t\t\t\t<div class=\"elementor-post__meta-data\">\n\t\t\t\t\t<span class=\"elementor-post-date\">\n\t\t\t27\/07\/2026\t\t<\/span>\n\t\t\t\t<span class=\"elementor-post-avatar\">\n\t\t\tNo hay comentarios\t\t<\/span>\n\t\t\t\t<\/div>\n\t\t\t\t\t<\/div>\n\t\t<\/article>\n\t\t\t\t<article class=\"elementor-post elementor-grid-item post-9320 post type-post status-publish format-image has-post-thumbnail hentry category-noticias-fiscales post_format-post-format-image\" role=\"listitem\">\n\t\t\t<div class=\"elementor-post__card\">\n\t\t\t\t<a class=\"elementor-post__thumbnail__link\" href=\"https:\/\/fralla.mx\/insights\/flash-fiscal-no-10-julio-2026\/\" tabindex=\"-1\" ><div class=\"elementor-post__thumbnail\"><img decoding=\"async\" width=\"580\" height=\"468\" src=\"https:\/\/fralla.mx\/insights\/wp-content\/uploads\/2026\/07\/WhatsApp-Image-2026-07-21-at-10.57.44-AM.jpeg\" class=\"attachment-full size-full wp-image-9322\" alt=\"\" \/><\/div><\/a>\n\t\t\t\t<div class=\"elementor-post__text\">\n\t\t\t\t<h3 class=\"elementor-post__title\">\n\t\t\t<a href=\"https:\/\/fralla.mx\/insights\/flash-fiscal-no-10-julio-2026\/\" >\n\t\t\t\tFlash Fiscal No 10 &#8211; Julio 2026\t\t\t<\/a>\n\t\t<\/h3>\n\t\t\t\t<div class=\"elementor-post__excerpt\">\n\t\t\t<p>Publicaci\u00f3n DOF contribuyentes 49 Bis CFF<\/p>\n\t\t<\/div>\n\t\t\n\t\t<a class=\"elementor-post__read-more\" href=\"https:\/\/fralla.mx\/insights\/flash-fiscal-no-10-julio-2026\/\" aria-label=\"Read more about Flash Fiscal No 10 &#8211; Julio 2026\" tabindex=\"-1\" >\n\t\t\tSigue Leyendo \u00bb\t\t<\/a>\n\n\t\t\t\t<\/div>\n\t\t\t\t<div class=\"elementor-post__meta-data\">\n\t\t\t\t\t<span class=\"elementor-post-date\">\n\t\t\t21\/07\/2026\t\t<\/span>\n\t\t\t\t<span class=\"elementor-post-avatar\">\n\t\t\tNo hay comentarios\t\t<\/span>\n\t\t\t\t<\/div>\n\t\t\t\t\t<\/div>\n\t\t<\/article>\n\t\t\t\t<article class=\"elementor-post elementor-grid-item post-9303 post type-post status-publish format-image has-post-thumbnail hentry category-noticias-fiscales post_format-post-format-image\" role=\"listitem\">\n\t\t\t<div class=\"elementor-post__card\">\n\t\t\t\t<a class=\"elementor-post__thumbnail__link\" href=\"https:\/\/fralla.mx\/insights\/flash-general-no-10-julio-2026\/\" tabindex=\"-1\" ><div class=\"elementor-post__thumbnail\"><img decoding=\"async\" width=\"1034\" height=\"588\" src=\"https:\/\/fralla.mx\/insights\/wp-content\/uploads\/2026\/07\/Captura-de-pantalla-2026-07-16-a-las-22.13.09.png\" class=\"attachment-full size-full wp-image-9306\" alt=\"\" srcset=\"https:\/\/fralla.mx\/insights\/wp-content\/uploads\/2026\/07\/Captura-de-pantalla-2026-07-16-a-las-22.13.09.png 1034w, https:\/\/fralla.mx\/insights\/wp-content\/uploads\/2026\/07\/Captura-de-pantalla-2026-07-16-a-las-22.13.09-1024x582.png 1024w, https:\/\/fralla.mx\/insights\/wp-content\/uploads\/2026\/07\/Captura-de-pantalla-2026-07-16-a-las-22.13.09-768x437.png 768w\" sizes=\"(max-width: 1034px) 100vw, 1034px\" \/><\/div><\/a>\n\t\t\t\t<div class=\"elementor-post__text\">\n\t\t\t\t<h3 class=\"elementor-post__title\">\n\t\t\t<a href=\"https:\/\/fralla.mx\/insights\/flash-general-no-10-julio-2026\/\" >\n\t\t\t\tFlash General No 10 &#8211; Julio 2026\t\t\t<\/a>\n\t\t<\/h3>\n\t\t\t\t<div class=\"elementor-post__excerpt\">\n\t\t\t<p>Acuerdo Consejo T\u00e9cnico IMSS relativo a la implementaci\u00f3n de la E.FIRMA<\/p>\n\t\t<\/div>\n\t\t\n\t\t<a class=\"elementor-post__read-more\" href=\"https:\/\/fralla.mx\/insights\/flash-general-no-10-julio-2026\/\" aria-label=\"Read more about Flash General No 10 &#8211; Julio 2026\" tabindex=\"-1\" >\n\t\t\tSigue Leyendo \u00bb\t\t<\/a>\n\n\t\t\t\t<\/div>\n\t\t\t\t<div class=\"elementor-post__meta-data\">\n\t\t\t\t\t<span class=\"elementor-post-date\">\n\t\t\t16\/07\/2026\t\t<\/span>\n\t\t\t\t<span class=\"elementor-post-avatar\">\n\t\t\tNo hay comentarios\t\t<\/span>\n\t\t\t\t<\/div>\n\t\t\t\t\t<\/div>\n\t\t<\/article>\n\t\t\t\t<article class=\"elementor-post elementor-grid-item post-9295 post type-post status-publish format-image has-post-thumbnail hentry category-noticias-fiscales post_format-post-format-image\" role=\"listitem\">\n\t\t\t<div class=\"elementor-post__card\">\n\t\t\t\t<a class=\"elementor-post__thumbnail__link\" href=\"https:\/\/fralla.mx\/insights\/flash-general-no-9-julio-2026\/\" tabindex=\"-1\" ><div class=\"elementor-post__thumbnail\"><img loading=\"lazy\" decoding=\"async\" width=\"726\" height=\"370\" src=\"https:\/\/fralla.mx\/insights\/wp-content\/uploads\/2026\/02\/Captura-de-pantalla-2026-02-10-a-las-11.47.14.png\" class=\"attachment-full size-full wp-image-9066\" alt=\"\" \/><\/div><\/a>\n\t\t\t\t<div class=\"elementor-post__text\">\n\t\t\t\t<h3 class=\"elementor-post__title\">\n\t\t\t<a href=\"https:\/\/fralla.mx\/insights\/flash-general-no-9-julio-2026\/\" >\n\t\t\t\tFlash General No 9 &#8211; Julio 2026\t\t\t<\/a>\n\t\t<\/h3>\n\t\t\t\t<div class=\"elementor-post__excerpt\">\n\t\t\t<p>\u00cdndice Nacional de Precios al Consumidor<\/p>\n\t\t<\/div>\n\t\t\n\t\t<a class=\"elementor-post__read-more\" href=\"https:\/\/fralla.mx\/insights\/flash-general-no-9-julio-2026\/\" aria-label=\"Read more about Flash General No 9 &#8211; Julio 2026\" tabindex=\"-1\" >\n\t\t\tSigue Leyendo \u00bb\t\t<\/a>\n\n\t\t\t\t<\/div>\n\t\t\t\t<div class=\"elementor-post__meta-data\">\n\t\t\t\t\t<span class=\"elementor-post-date\">\n\t\t\t10\/07\/2026\t\t<\/span>\n\t\t\t\t<span class=\"elementor-post-avatar\">\n\t\t\tNo hay comentarios\t\t<\/span>\n\t\t\t\t<\/div>\n\t\t\t\t\t<\/div>\n\t\t<\/article>\n\t\t\t\t<article class=\"elementor-post elementor-grid-item post-9287 post type-post status-publish format-image has-post-thumbnail hentry category-noticias-fiscales post_format-post-format-image\" role=\"listitem\">\n\t\t\t<div class=\"elementor-post__card\">\n\t\t\t\t<a class=\"elementor-post__thumbnail__link\" href=\"https:\/\/fralla.mx\/insights\/comunicado-no-8-julio-2026\/\" tabindex=\"-1\" ><div class=\"elementor-post__thumbnail\"><img loading=\"lazy\" decoding=\"async\" width=\"778\" height=\"432\" src=\"https:\/\/fralla.mx\/insights\/wp-content\/uploads\/2026\/05\/Captura-de-pantalla-2026-05-12-091602.png\" class=\"attachment-full size-full wp-image-9227\" alt=\"\" srcset=\"https:\/\/fralla.mx\/insights\/wp-content\/uploads\/2026\/05\/Captura-de-pantalla-2026-05-12-091602.png 778w, https:\/\/fralla.mx\/insights\/wp-content\/uploads\/2026\/05\/Captura-de-pantalla-2026-05-12-091602-768x426.png 768w\" sizes=\"(max-width: 778px) 100vw, 778px\" \/><\/div><\/a>\n\t\t\t\t<div class=\"elementor-post__text\">\n\t\t\t\t<h3 class=\"elementor-post__title\">\n\t\t\t<a href=\"https:\/\/fralla.mx\/insights\/comunicado-no-8-julio-2026\/\" >\n\t\t\t\tComunicado No 8 &#8211; Julio 2026\t\t\t<\/a>\n\t\t<\/h3>\n\t\t\t\t<div class=\"elementor-post__excerpt\">\n\t\t\t<p>Recordatorio disminuci\u00f3n de pagos provisionales ISR para el segundo semestre 2026<\/p>\n\t\t<\/div>\n\t\t\n\t\t<a class=\"elementor-post__read-more\" href=\"https:\/\/fralla.mx\/insights\/comunicado-no-8-julio-2026\/\" aria-label=\"Read more about Comunicado No 8 &#8211; Julio 2026\" tabindex=\"-1\" >\n\t\t\tSigue Leyendo \u00bb\t\t<\/a>\n\n\t\t\t\t<\/div>\n\t\t\t\t<div class=\"elementor-post__meta-data\">\n\t\t\t\t\t<span class=\"elementor-post-date\">\n\t\t\t09\/07\/2026\t\t<\/span>\n\t\t\t\t<span class=\"elementor-post-avatar\">\n\t\t\tNo hay comentarios\t\t<\/span>\n\t\t\t\t<\/div>\n\t\t\t\t\t<\/div>\n\t\t<\/article>\n\t\t\t\t<article class=\"elementor-post elementor-grid-item post-9271 post type-post status-publish format-image has-post-thumbnail hentry category-noticias-fiscales post_format-post-format-image\" role=\"listitem\">\n\t\t\t<div class=\"elementor-post__card\">\n\t\t\t\t<a class=\"elementor-post__thumbnail__link\" href=\"https:\/\/fralla.mx\/insights\/flash-general-no-8-junio-2026\/\" tabindex=\"-1\" ><div class=\"elementor-post__thumbnail\"><img loading=\"lazy\" decoding=\"async\" width=\"726\" height=\"370\" src=\"https:\/\/fralla.mx\/insights\/wp-content\/uploads\/2026\/02\/Captura-de-pantalla-2026-02-10-a-las-11.47.14.png\" class=\"attachment-full size-full wp-image-9066\" alt=\"\" \/><\/div><\/a>\n\t\t\t\t<div class=\"elementor-post__text\">\n\t\t\t\t<h3 class=\"elementor-post__title\">\n\t\t\t<a href=\"https:\/\/fralla.mx\/insights\/flash-general-no-8-junio-2026\/\" >\n\t\t\t\tFlash General No 8 &#8211; Junio 2026\t\t\t<\/a>\n\t\t<\/h3>\n\t\t\t\t<div class=\"elementor-post__excerpt\">\n\t\t\t<p>\u00cdndice Nacional de Precios al Consumidor<\/p>\n\t\t<\/div>\n\t\t\n\t\t<a class=\"elementor-post__read-more\" href=\"https:\/\/fralla.mx\/insights\/flash-general-no-8-junio-2026\/\" aria-label=\"Read more about Flash General No 8 &#8211; Junio 2026\" tabindex=\"-1\" >\n\t\t\tSigue Leyendo \u00bb\t\t<\/a>\n\n\t\t\t\t<\/div>\n\t\t\t\t<div class=\"elementor-post__meta-data\">\n\t\t\t\t\t<span class=\"elementor-post-date\">\n\t\t\t10\/06\/2026\t\t<\/span>\n\t\t\t\t<span class=\"elementor-post-avatar\">\n\t\t\tNo hay comentarios\t\t<\/span>\n\t\t\t\t<\/div>\n\t\t\t\t\t<\/div>\n\t\t<\/article>\n\t\t\t\t<article class=\"elementor-post elementor-grid-item post-9261 post type-post status-publish format-image has-post-thumbnail hentry category-noticias-fiscales post_format-post-format-image\" role=\"listitem\">\n\t\t\t<div class=\"elementor-post__card\">\n\t\t\t\t<a class=\"elementor-post__thumbnail__link\" href=\"https:\/\/fralla.mx\/insights\/flash-fiscal-no-9-junio-2026\/\" tabindex=\"-1\" ><div class=\"elementor-post__thumbnail\"><img loading=\"lazy\" decoding=\"async\" width=\"778\" height=\"432\" src=\"https:\/\/fralla.mx\/insights\/wp-content\/uploads\/2026\/05\/Captura-de-pantalla-2026-05-12-091602.png\" class=\"attachment-full size-full wp-image-9227\" alt=\"\" srcset=\"https:\/\/fralla.mx\/insights\/wp-content\/uploads\/2026\/05\/Captura-de-pantalla-2026-05-12-091602.png 778w, https:\/\/fralla.mx\/insights\/wp-content\/uploads\/2026\/05\/Captura-de-pantalla-2026-05-12-091602-768x426.png 768w\" sizes=\"(max-width: 778px) 100vw, 778px\" \/><\/div><\/a>\n\t\t\t\t<div class=\"elementor-post__text\">\n\t\t\t\t<h3 class=\"elementor-post__title\">\n\t\t\t<a href=\"https:\/\/fralla.mx\/insights\/flash-fiscal-no-9-junio-2026\/\" >\n\t\t\t\tFlash Fiscal No 9 &#8211; Junio 2026\t\t\t<\/a>\n\t\t<\/h3>\n\t\t\t\t<div class=\"elementor-post__excerpt\">\n\t\t\t<p>Disminuci\u00f3n de pagos provisionales ISR para el segundo semestre 2026<\/p>\n\t\t<\/div>\n\t\t\n\t\t<a class=\"elementor-post__read-more\" href=\"https:\/\/fralla.mx\/insights\/flash-fiscal-no-9-junio-2026\/\" aria-label=\"Read more about Flash Fiscal No 9 &#8211; Junio 2026\" tabindex=\"-1\" >\n\t\t\tSigue Leyendo \u00bb\t\t<\/a>\n\n\t\t\t\t<\/div>\n\t\t\t\t<div class=\"elementor-post__meta-data\">\n\t\t\t\t\t<span class=\"elementor-post-date\">\n\t\t\t02\/06\/2026\t\t<\/span>\n\t\t\t\t<span class=\"elementor-post-avatar\">\n\t\t\tNo hay comentarios\t\t<\/span>\n\t\t\t\t<\/div>\n\t\t\t\t\t<\/div>\n\t\t<\/article>\n\t\t\t\t<article class=\"elementor-post elementor-grid-item post-9239 post type-post status-publish format-image has-post-thumbnail hentry category-noticias-fiscales post_format-post-format-image\" role=\"listitem\">\n\t\t\t<div class=\"elementor-post__card\">\n\t\t\t\t<a class=\"elementor-post__thumbnail__link\" href=\"https:\/\/fralla.mx\/insights\/comunicado-no-7-mayo-2026\/\" tabindex=\"-1\" ><div class=\"elementor-post__thumbnail\"><img loading=\"lazy\" decoding=\"async\" width=\"831\" height=\"403\" src=\"https:\/\/fralla.mx\/insights\/wp-content\/uploads\/2026\/03\/Captura-de-pantalla-2026-03-02-165259.png\" class=\"attachment-full size-full wp-image-9109\" alt=\"\" srcset=\"https:\/\/fralla.mx\/insights\/wp-content\/uploads\/2026\/03\/Captura-de-pantalla-2026-03-02-165259.png 831w, https:\/\/fralla.mx\/insights\/wp-content\/uploads\/2026\/03\/Captura-de-pantalla-2026-03-02-165259-768x372.png 768w\" sizes=\"(max-width: 831px) 100vw, 831px\" \/><\/div><\/a>\n\t\t\t\t<div class=\"elementor-post__text\">\n\t\t\t\t<h3 class=\"elementor-post__title\">\n\t\t\t<a href=\"https:\/\/fralla.mx\/insights\/comunicado-no-7-mayo-2026\/\" >\n\t\t\t\tComunicado No 7 &#8211;  Mayo 2026\t\t\t<\/a>\n\t\t<\/h3>\n\t\t\t\t<div class=\"elementor-post__excerpt\">\n\t\t\t<p>S\u00e9ptima publicaci\u00f3n tasas efectivas ISR<\/p>\n\t\t<\/div>\n\t\t\n\t\t<a class=\"elementor-post__read-more\" href=\"https:\/\/fralla.mx\/insights\/comunicado-no-7-mayo-2026\/\" aria-label=\"Read more about Comunicado No 7 &#8211;  Mayo 2026\" tabindex=\"-1\" >\n\t\t\tSigue Leyendo \u00bb\t\t<\/a>\n\n\t\t\t\t<\/div>\n\t\t\t\t<div class=\"elementor-post__meta-data\">\n\t\t\t\t\t<span class=\"elementor-post-date\">\n\t\t\t12\/05\/2026\t\t<\/span>\n\t\t\t\t<span class=\"elementor-post-avatar\">\n\t\t\tNo hay comentarios\t\t<\/span>\n\t\t\t\t<\/div>\n\t\t\t\t\t<\/div>\n\t\t<\/article>\n\t\t\t\t<article class=\"elementor-post elementor-grid-item post-9228 post type-post status-publish format-image has-post-thumbnail hentry category-noticias-fiscales post_format-post-format-image\" role=\"listitem\">\n\t\t\t<div class=\"elementor-post__card\">\n\t\t\t\t<a class=\"elementor-post__thumbnail__link\" href=\"https:\/\/fralla.mx\/insights\/flash-fiscal-no-8-mayo-2026\/\" tabindex=\"-1\" ><div class=\"elementor-post__thumbnail\"><img loading=\"lazy\" decoding=\"async\" width=\"778\" height=\"432\" src=\"https:\/\/fralla.mx\/insights\/wp-content\/uploads\/2026\/05\/Captura-de-pantalla-2026-05-12-091602.png\" class=\"attachment-full size-full wp-image-9227\" alt=\"\" srcset=\"https:\/\/fralla.mx\/insights\/wp-content\/uploads\/2026\/05\/Captura-de-pantalla-2026-05-12-091602.png 778w, https:\/\/fralla.mx\/insights\/wp-content\/uploads\/2026\/05\/Captura-de-pantalla-2026-05-12-091602-768x426.png 768w\" sizes=\"(max-width: 778px) 100vw, 778px\" \/><\/div><\/a>\n\t\t\t\t<div class=\"elementor-post__text\">\n\t\t\t\t<h3 class=\"elementor-post__title\">\n\t\t\t<a href=\"https:\/\/fralla.mx\/insights\/flash-fiscal-no-8-mayo-2026\/\" >\n\t\t\t\tFlash Fiscal No 8 &#8211; Mayo 2026\t\t\t<\/a>\n\t\t<\/h3>\n\t\t\t\t<div class=\"elementor-post__excerpt\">\n\t\t\t<p>Disminuci\u00f3n de pagos provisionales ISR para el segundo semestre 2026<\/p>\n\t\t<\/div>\n\t\t\n\t\t<a class=\"elementor-post__read-more\" href=\"https:\/\/fralla.mx\/insights\/flash-fiscal-no-8-mayo-2026\/\" aria-label=\"Read more about Flash Fiscal No 8 &#8211; Mayo 2026\" tabindex=\"-1\" >\n\t\t\tSigue Leyendo \u00bb\t\t<\/a>\n\n\t\t\t\t<\/div>\n\t\t\t\t<div class=\"elementor-post__meta-data\">\n\t\t\t\t\t<span class=\"elementor-post-date\">\n\t\t\t12\/05\/2026\t\t<\/span>\n\t\t\t\t<span class=\"elementor-post-avatar\">\n\t\t\tNo hay comentarios\t\t<\/span>\n\t\t\t\t<\/div>\n\t\t\t\t\t<\/div>\n\t\t<\/article>\n\t\t\t\t<article class=\"elementor-post elementor-grid-item post-9218 post type-post status-publish format-image has-post-thumbnail hentry category-noticias-fiscales post_format-post-format-image\" role=\"listitem\">\n\t\t\t<div class=\"elementor-post__card\">\n\t\t\t\t<a class=\"elementor-post__thumbnail__link\" href=\"https:\/\/fralla.mx\/insights\/flah-general-no-6-mayo-2026\/\" tabindex=\"-1\" ><div class=\"elementor-post__thumbnail\"><img loading=\"lazy\" decoding=\"async\" width=\"1108\" height=\"726\" src=\"https:\/\/fralla.mx\/insights\/wp-content\/uploads\/2026\/05\/Captura-de-pantalla-2026-05-04-125602.png\" class=\"attachment-full size-full wp-image-9214\" alt=\"\" srcset=\"https:\/\/fralla.mx\/insights\/wp-content\/uploads\/2026\/05\/Captura-de-pantalla-2026-05-04-125602.png 1108w, https:\/\/fralla.mx\/insights\/wp-content\/uploads\/2026\/05\/Captura-de-pantalla-2026-05-04-125602-1024x671.png 1024w, https:\/\/fralla.mx\/insights\/wp-content\/uploads\/2026\/05\/Captura-de-pantalla-2026-05-04-125602-768x503.png 768w\" sizes=\"(max-width: 1108px) 100vw, 1108px\" \/><\/div><\/a>\n\t\t\t\t<div class=\"elementor-post__text\">\n\t\t\t\t<h3 class=\"elementor-post__title\">\n\t\t\t<a href=\"https:\/\/fralla.mx\/insights\/flah-general-no-6-mayo-2026\/\" >\n\t\t\t\tFlah General No 6 &#8211; Mayo 2026\t\t\t<\/a>\n\t\t<\/h3>\n\t\t\t\t<div class=\"elementor-post__excerpt\">\n\t\t\t<p>Publicaci\u00f3n reforma Ley Federal del Trabajo en materia de reducci\u00f3n de la jornada laboral<\/p>\n\t\t<\/div>\n\t\t\n\t\t<a class=\"elementor-post__read-more\" href=\"https:\/\/fralla.mx\/insights\/flah-general-no-6-mayo-2026\/\" aria-label=\"Read more about Flah General No 6 &#8211; Mayo 2026\" tabindex=\"-1\" >\n\t\t\tSigue Leyendo \u00bb\t\t<\/a>\n\n\t\t\t\t<\/div>\n\t\t\t\t<div class=\"elementor-post__meta-data\">\n\t\t\t\t\t<span class=\"elementor-post-date\">\n\t\t\t05\/05\/2026\t\t<\/span>\n\t\t\t\t<span class=\"elementor-post-avatar\">\n\t\t\tNo hay comentarios\t\t<\/span>\n\t\t\t\t<\/div>\n\t\t\t\t\t<\/div>\n\t\t<\/article>\n\t\t\t\t<article class=\"elementor-post elementor-grid-item post-9205 post type-post status-publish format-image has-post-thumbnail hentry category-noticias-fiscales post_format-post-format-image\" role=\"listitem\">\n\t\t\t<div class=\"elementor-post__card\">\n\t\t\t\t<a class=\"elementor-post__thumbnail__link\" href=\"https:\/\/fralla.mx\/insights\/comunicado-no-6-abril-2026\/\" tabindex=\"-1\" ><div class=\"elementor-post__thumbnail\"><img loading=\"lazy\" decoding=\"async\" width=\"831\" height=\"403\" src=\"https:\/\/fralla.mx\/insights\/wp-content\/uploads\/2026\/03\/Captura-de-pantalla-2026-03-02-165259.png\" class=\"attachment-full size-full wp-image-9109\" alt=\"\" srcset=\"https:\/\/fralla.mx\/insights\/wp-content\/uploads\/2026\/03\/Captura-de-pantalla-2026-03-02-165259.png 831w, https:\/\/fralla.mx\/insights\/wp-content\/uploads\/2026\/03\/Captura-de-pantalla-2026-03-02-165259-768x372.png 768w\" sizes=\"(max-width: 831px) 100vw, 831px\" \/><\/div><\/a>\n\t\t\t\t<div class=\"elementor-post__text\">\n\t\t\t\t<h3 class=\"elementor-post__title\">\n\t\t\t<a href=\"https:\/\/fralla.mx\/insights\/comunicado-no-6-abril-2026\/\" >\n\t\t\t\tComunicado No 6 &#8211; Abril 2026\t\t\t<\/a>\n\t\t<\/h3>\n\t\t\t\t<div class=\"elementor-post__excerpt\">\n\t\t\t<p>Sexta publicaci\u00f3n tasas efectivas ISR<\/p>\n\t\t<\/div>\n\t\t\n\t\t<a class=\"elementor-post__read-more\" href=\"https:\/\/fralla.mx\/insights\/comunicado-no-6-abril-2026\/\" aria-label=\"Read more about Comunicado No 6 &#8211; Abril 2026\" tabindex=\"-1\" >\n\t\t\tSigue Leyendo \u00bb\t\t<\/a>\n\n\t\t\t\t<\/div>\n\t\t\t\t<div class=\"elementor-post__meta-data\">\n\t\t\t\t\t<span class=\"elementor-post-date\">\n\t\t\t28\/04\/2026\t\t<\/span>\n\t\t\t\t<span class=\"elementor-post-avatar\">\n\t\t\tNo hay comentarios\t\t<\/span>\n\t\t\t\t<\/div>\n\t\t\t\t\t<\/div>\n\t\t<\/article>\n\t\t\t\t<article class=\"elementor-post elementor-grid-item post-9194 post type-post status-publish format-image has-post-thumbnail hentry category-noticias-fiscales post_format-post-format-image\" role=\"listitem\">\n\t\t\t<div class=\"elementor-post__card\">\n\t\t\t\t<a class=\"elementor-post__thumbnail__link\" href=\"https:\/\/fralla.mx\/insights\/comunicado-no-5-abril-2026\/\" tabindex=\"-1\" ><div class=\"elementor-post__thumbnail\"><img loading=\"lazy\" decoding=\"async\" width=\"831\" height=\"403\" src=\"https:\/\/fralla.mx\/insights\/wp-content\/uploads\/2026\/03\/Captura-de-pantalla-2026-03-02-165259.png\" class=\"attachment-full size-full wp-image-9109\" alt=\"\" srcset=\"https:\/\/fralla.mx\/insights\/wp-content\/uploads\/2026\/03\/Captura-de-pantalla-2026-03-02-165259.png 831w, https:\/\/fralla.mx\/insights\/wp-content\/uploads\/2026\/03\/Captura-de-pantalla-2026-03-02-165259-768x372.png 768w\" sizes=\"(max-width: 831px) 100vw, 831px\" \/><\/div><\/a>\n\t\t\t\t<div class=\"elementor-post__text\">\n\t\t\t\t<h3 class=\"elementor-post__title\">\n\t\t\t<a href=\"https:\/\/fralla.mx\/insights\/comunicado-no-5-abril-2026\/\" >\n\t\t\t\tComunicado No 5 &#8211; Abril 2026\t\t\t<\/a>\n\t\t<\/h3>\n\t\t\t\t<div class=\"elementor-post__excerpt\">\n\t\t\t<p>Quinta publicaci\u00f3n tasas efectivas ISR<\/p>\n\t\t<\/div>\n\t\t\n\t\t<a class=\"elementor-post__read-more\" href=\"https:\/\/fralla.mx\/insights\/comunicado-no-5-abril-2026\/\" aria-label=\"Read more about Comunicado No 5 &#8211; Abril 2026\" tabindex=\"-1\" >\n\t\t\tSigue Leyendo \u00bb\t\t<\/a>\n\n\t\t\t\t<\/div>\n\t\t\t\t<div class=\"elementor-post__meta-data\">\n\t\t\t\t\t<span class=\"elementor-post-date\">\n\t\t\t13\/04\/2026\t\t<\/span>\n\t\t\t\t<span class=\"elementor-post-avatar\">\n\t\t\tNo hay comentarios\t\t<\/span>\n\t\t\t\t<\/div>\n\t\t\t\t\t<\/div>\n\t\t<\/article>\n\t\t\t\t<article class=\"elementor-post elementor-grid-item post-9179 post type-post status-publish format-image has-post-thumbnail hentry category-noticias-fiscales post_format-post-format-image\" role=\"listitem\">\n\t\t\t<div class=\"elementor-post__card\">\n\t\t\t\t<a class=\"elementor-post__thumbnail__link\" href=\"https:\/\/fralla.mx\/insights\/flash-general-no-5-abril-2026\/\" tabindex=\"-1\" ><div class=\"elementor-post__thumbnail\"><img loading=\"lazy\" decoding=\"async\" width=\"728\" height=\"346\" src=\"https:\/\/fralla.mx\/insights\/wp-content\/uploads\/2025\/06\/Captura-de-pantalla-2025-06-12-a-las-18.38.50.png\" class=\"attachment-full size-full wp-image-8664\" alt=\"\" \/><\/div><\/a>\n\t\t\t\t<div class=\"elementor-post__text\">\n\t\t\t\t<h3 class=\"elementor-post__title\">\n\t\t\t<a href=\"https:\/\/fralla.mx\/insights\/flash-general-no-5-abril-2026\/\" >\n\t\t\t\tFlash General No 5 &#8211; Abril 2026\t\t\t<\/a>\n\t\t<\/h3>\n\t\t\t\t<div class=\"elementor-post__excerpt\">\n\t\t\t<p>\u00cdndice Nacional de Precios al Consumidor<\/p>\n\t\t<\/div>\n\t\t\n\t\t<a class=\"elementor-post__read-more\" href=\"https:\/\/fralla.mx\/insights\/flash-general-no-5-abril-2026\/\" aria-label=\"Read more about Flash General No 5 &#8211; Abril 2026\" tabindex=\"-1\" >\n\t\t\tSigue Leyendo \u00bb\t\t<\/a>\n\n\t\t\t\t<\/div>\n\t\t\t\t<div class=\"elementor-post__meta-data\">\n\t\t\t\t\t<span class=\"elementor-post-date\">\n\t\t\t10\/04\/2026\t\t<\/span>\n\t\t\t\t<span class=\"elementor-post-avatar\">\n\t\t\tNo hay comentarios\t\t<\/span>\n\t\t\t\t<\/div>\n\t\t\t\t\t<\/div>\n\t\t<\/article>\n\t\t\t\t<article class=\"elementor-post elementor-grid-item post-9171 post type-post status-publish format-image has-post-thumbnail hentry category-noticias-fiscales post_format-post-format-image\" role=\"listitem\">\n\t\t\t<div class=\"elementor-post__card\">\n\t\t\t\t<a class=\"elementor-post__thumbnail__link\" href=\"https:\/\/fralla.mx\/insights\/elementor-9171\/\" tabindex=\"-1\" ><div class=\"elementor-post__thumbnail\"><img loading=\"lazy\" decoding=\"async\" width=\"433\" height=\"289\" src=\"https:\/\/fralla.mx\/insights\/wp-content\/uploads\/2026\/04\/Imagen1.jpg\" class=\"attachment-full size-full wp-image-9170\" alt=\"\" \/><\/div><\/a>\n\t\t\t\t<div class=\"elementor-post__text\">\n\t\t\t\t<h3 class=\"elementor-post__title\">\n\t\t\t<a href=\"https:\/\/fralla.mx\/insights\/elementor-9171\/\" >\n\t\t\t\tFlash Fiscal No 7 &#8211; Abril 2026\t\t\t<\/a>\n\t\t<\/h3>\n\t\t\t\t<div class=\"elementor-post__excerpt\">\n\t\t\t<p>Publicaci\u00f3n reforma C\u00f3digo Fiscal de la Federaci\u00f3n<\/p>\n\t\t<\/div>\n\t\t\n\t\t<a class=\"elementor-post__read-more\" href=\"https:\/\/fralla.mx\/insights\/elementor-9171\/\" aria-label=\"Read more about Flash Fiscal No 7 &#8211; Abril 2026\" tabindex=\"-1\" >\n\t\t\tSigue Leyendo \u00bb\t\t<\/a>\n\n\t\t\t\t<\/div>\n\t\t\t\t<div class=\"elementor-post__meta-data\">\n\t\t\t\t\t<span class=\"elementor-post-date\">\n\t\t\t10\/04\/2026\t\t<\/span>\n\t\t\t\t<span class=\"elementor-post-avatar\">\n\t\t\tNo hay comentarios\t\t<\/span>\n\t\t\t\t<\/div>\n\t\t\t\t\t<\/div>\n\t\t<\/article>\n\t\t\t\t<article class=\"elementor-post elementor-grid-item post-9148 post type-post status-publish format-image has-post-thumbnail hentry category-noticias-fiscales post_format-post-format-image\" role=\"listitem\">\n\t\t\t<div class=\"elementor-post__card\">\n\t\t\t\t<a class=\"elementor-post__thumbnail__link\" href=\"https:\/\/fralla.mx\/insights\/comunicado-no-4-marzo-2026\/\" tabindex=\"-1\" ><div class=\"elementor-post__thumbnail\"><img loading=\"lazy\" decoding=\"async\" width=\"831\" height=\"403\" src=\"https:\/\/fralla.mx\/insights\/wp-content\/uploads\/2026\/03\/Captura-de-pantalla-2026-03-02-165259.png\" class=\"attachment-full size-full wp-image-9109\" alt=\"\" srcset=\"https:\/\/fralla.mx\/insights\/wp-content\/uploads\/2026\/03\/Captura-de-pantalla-2026-03-02-165259.png 831w, https:\/\/fralla.mx\/insights\/wp-content\/uploads\/2026\/03\/Captura-de-pantalla-2026-03-02-165259-768x372.png 768w\" sizes=\"(max-width: 831px) 100vw, 831px\" \/><\/div><\/a>\n\t\t\t\t<div class=\"elementor-post__text\">\n\t\t\t\t<h3 class=\"elementor-post__title\">\n\t\t\t<a href=\"https:\/\/fralla.mx\/insights\/comunicado-no-4-marzo-2026\/\" >\n\t\t\t\tComunicado No 4 &#8211; Marzo 2026\t\t\t<\/a>\n\t\t<\/h3>\n\t\t\t\t<div class=\"elementor-post__excerpt\">\n\t\t\t<p>Segunda publicaci\u00f3n tasas efectivas ISR<\/p>\n\t\t<\/div>\n\t\t\n\t\t<a class=\"elementor-post__read-more\" href=\"https:\/\/fralla.mx\/insights\/comunicado-no-4-marzo-2026\/\" aria-label=\"Read more about Comunicado No 4 &#8211; Marzo 2026\" tabindex=\"-1\" >\n\t\t\tSigue Leyendo \u00bb\t\t<\/a>\n\n\t\t\t\t<\/div>\n\t\t\t\t<div class=\"elementor-post__meta-data\">\n\t\t\t\t\t<span class=\"elementor-post-date\">\n\t\t\t10\/03\/2026\t\t<\/span>\n\t\t\t\t<span class=\"elementor-post-avatar\">\n\t\t\tNo hay comentarios\t\t<\/span>\n\t\t\t\t<\/div>\n\t\t\t\t\t<\/div>\n\t\t<\/article>\n\t\t\t\t<article class=\"elementor-post elementor-grid-item post-9132 post type-post status-publish format-image has-post-thumbnail hentry category-noticias-fiscales post_format-post-format-image\" role=\"listitem\">\n\t\t\t<div class=\"elementor-post__card\">\n\t\t\t\t<a class=\"elementor-post__thumbnail__link\" href=\"https:\/\/fralla.mx\/insights\/flash-general-no-4-marzo-2026\/\" tabindex=\"-1\" ><div class=\"elementor-post__thumbnail\"><img loading=\"lazy\" decoding=\"async\" width=\"1140\" height=\"570\" src=\"https:\/\/fralla.mx\/insights\/wp-content\/uploads\/2026\/03\/ReduccionTrabajo-1140x570-1.jpg\" class=\"attachment-full size-full wp-image-9127\" alt=\"\" srcset=\"https:\/\/fralla.mx\/insights\/wp-content\/uploads\/2026\/03\/ReduccionTrabajo-1140x570-1.jpg 1140w, https:\/\/fralla.mx\/insights\/wp-content\/uploads\/2026\/03\/ReduccionTrabajo-1140x570-1-1024x512.jpg 1024w, https:\/\/fralla.mx\/insights\/wp-content\/uploads\/2026\/03\/ReduccionTrabajo-1140x570-1-768x384.jpg 768w\" sizes=\"(max-width: 1140px) 100vw, 1140px\" \/><\/div><\/a>\n\t\t\t\t<div class=\"elementor-post__text\">\n\t\t\t\t<h3 class=\"elementor-post__title\">\n\t\t\t<a href=\"https:\/\/fralla.mx\/insights\/flash-general-no-4-marzo-2026\/\" >\n\t\t\t\tFlash General No 4 &#8211; Marzo 2026\t\t\t<\/a>\n\t\t<\/h3>\n\t\t\t\t<div class=\"elementor-post__excerpt\">\n\t\t\t<p>Publicaci\u00f3n reforma en materia laboral<\/p>\n\t\t<\/div>\n\t\t\n\t\t<a class=\"elementor-post__read-more\" href=\"https:\/\/fralla.mx\/insights\/flash-general-no-4-marzo-2026\/\" aria-label=\"Read more about Flash General No 4 &#8211; Marzo 2026\" tabindex=\"-1\" >\n\t\t\tSigue Leyendo \u00bb\t\t<\/a>\n\n\t\t\t\t<\/div>\n\t\t\t\t<div class=\"elementor-post__meta-data\">\n\t\t\t\t\t<span class=\"elementor-post-date\">\n\t\t\t04\/03\/2026\t\t<\/span>\n\t\t\t\t<span class=\"elementor-post-avatar\">\n\t\t\tNo hay comentarios\t\t<\/span>\n\t\t\t\t<\/div>\n\t\t\t\t\t<\/div>\n\t\t<\/article>\n\t\t\t\t<article class=\"elementor-post elementor-grid-item post-9119 post type-post status-publish format-image has-post-thumbnail hentry category-noticias-fiscales post_format-post-format-image\" role=\"listitem\">\n\t\t\t<div class=\"elementor-post__card\">\n\t\t\t\t<a class=\"elementor-post__thumbnail__link\" href=\"https:\/\/fralla.mx\/insights\/comunicado-no-3-marzo-2026\/\" tabindex=\"-1\" ><div class=\"elementor-post__thumbnail\"><img loading=\"lazy\" decoding=\"async\" width=\"994\" height=\"547\" src=\"https:\/\/fralla.mx\/insights\/wp-content\/uploads\/2026\/03\/Captura-de-pantalla-2026-03-02-165620.png\" class=\"attachment-full size-full wp-image-9110\" alt=\"\" srcset=\"https:\/\/fralla.mx\/insights\/wp-content\/uploads\/2026\/03\/Captura-de-pantalla-2026-03-02-165620.png 994w, https:\/\/fralla.mx\/insights\/wp-content\/uploads\/2026\/03\/Captura-de-pantalla-2026-03-02-165620-768x423.png 768w\" sizes=\"(max-width: 994px) 100vw, 994px\" \/><\/div><\/a>\n\t\t\t\t<div class=\"elementor-post__text\">\n\t\t\t\t<h3 class=\"elementor-post__title\">\n\t\t\t<a href=\"https:\/\/fralla.mx\/insights\/comunicado-no-3-marzo-2026\/\" >\n\t\t\t\tComunicado No 3 &#8211; Marzo 2026\t\t\t<\/a>\n\t\t<\/h3>\n\t\t\t\t<div class=\"elementor-post__excerpt\">\n\t\t\t<p>Simulador declaraci\u00f3n anual personas f\u00edsicas<\/p>\n\t\t<\/div>\n\t\t\n\t\t<a class=\"elementor-post__read-more\" href=\"https:\/\/fralla.mx\/insights\/comunicado-no-3-marzo-2026\/\" aria-label=\"Read more about Comunicado No 3 &#8211; Marzo 2026\" tabindex=\"-1\" >\n\t\t\tSigue Leyendo \u00bb\t\t<\/a>\n\n\t\t\t\t<\/div>\n\t\t\t\t<div class=\"elementor-post__meta-data\">\n\t\t\t\t\t<span class=\"elementor-post-date\">\n\t\t\t02\/03\/2026\t\t<\/span>\n\t\t\t\t<span class=\"elementor-post-avatar\">\n\t\t\tNo hay comentarios\t\t<\/span>\n\t\t\t\t<\/div>\n\t\t\t\t\t<\/div>\n\t\t<\/article>\n\t\t\t\t<article class=\"elementor-post elementor-grid-item post-9111 post type-post status-publish format-image has-post-thumbnail hentry category-noticias-fiscales post_format-post-format-image\" role=\"listitem\">\n\t\t\t<div class=\"elementor-post__card\">\n\t\t\t\t<a class=\"elementor-post__thumbnail__link\" href=\"https:\/\/fralla.mx\/insights\/comunicado-no-2-marzo-2026\/\" tabindex=\"-1\" ><div class=\"elementor-post__thumbnail\"><img loading=\"lazy\" decoding=\"async\" width=\"831\" height=\"403\" src=\"https:\/\/fralla.mx\/insights\/wp-content\/uploads\/2026\/03\/Captura-de-pantalla-2026-03-02-165259.png\" class=\"attachment-full size-full wp-image-9109\" alt=\"\" srcset=\"https:\/\/fralla.mx\/insights\/wp-content\/uploads\/2026\/03\/Captura-de-pantalla-2026-03-02-165259.png 831w, https:\/\/fralla.mx\/insights\/wp-content\/uploads\/2026\/03\/Captura-de-pantalla-2026-03-02-165259-768x372.png 768w\" sizes=\"(max-width: 831px) 100vw, 831px\" \/><\/div><\/a>\n\t\t\t\t<div class=\"elementor-post__text\">\n\t\t\t\t<h3 class=\"elementor-post__title\">\n\t\t\t<a href=\"https:\/\/fralla.mx\/insights\/comunicado-no-2-marzo-2026\/\" >\n\t\t\t\tComunicado No 2 &#8211; Marzo 2026\t\t\t<\/a>\n\t\t<\/h3>\n\t\t\t\t<div class=\"elementor-post__excerpt\">\n\t\t\t<p>Publicaci\u00f3n tasas efectivas ISR<\/p>\n\t\t<\/div>\n\t\t\n\t\t<a class=\"elementor-post__read-more\" href=\"https:\/\/fralla.mx\/insights\/comunicado-no-2-marzo-2026\/\" aria-label=\"Read more about Comunicado No 2 &#8211; Marzo 2026\" tabindex=\"-1\" >\n\t\t\tSigue Leyendo \u00bb\t\t<\/a>\n\n\t\t\t\t<\/div>\n\t\t\t\t<div class=\"elementor-post__meta-data\">\n\t\t\t\t\t<span class=\"elementor-post-date\">\n\t\t\t02\/03\/2026\t\t<\/span>\n\t\t\t\t<span class=\"elementor-post-avatar\">\n\t\t\tNo hay comentarios\t\t<\/span>\n\t\t\t\t<\/div>\n\t\t\t\t\t<\/div>\n\t\t<\/article>\n\t\t\t\t<article class=\"elementor-post elementor-grid-item post-9096 post type-post status-publish format-image has-post-thumbnail hentry category-noticias-fiscales post_format-post-format-image\" role=\"listitem\">\n\t\t\t<div class=\"elementor-post__card\">\n\t\t\t\t<a class=\"elementor-post__thumbnail__link\" href=\"https:\/\/fralla.mx\/insights\/comunicado-no-1-febrero-2026\/\" tabindex=\"-1\" ><div class=\"elementor-post__thumbnail\"><img loading=\"lazy\" decoding=\"async\" width=\"1369\" height=\"768\" src=\"https:\/\/fralla.mx\/insights\/wp-content\/uploads\/2026\/02\/Captura-de-pantalla-2026-02-23-091408.png\" class=\"attachment-full size-full wp-image-9095\" alt=\"\" srcset=\"https:\/\/fralla.mx\/insights\/wp-content\/uploads\/2026\/02\/Captura-de-pantalla-2026-02-23-091408.png 1369w, https:\/\/fralla.mx\/insights\/wp-content\/uploads\/2026\/02\/Captura-de-pantalla-2026-02-23-091408-1024x574.png 1024w, https:\/\/fralla.mx\/insights\/wp-content\/uploads\/2026\/02\/Captura-de-pantalla-2026-02-23-091408-768x431.png 768w, https:\/\/fralla.mx\/insights\/wp-content\/uploads\/2026\/02\/Captura-de-pantalla-2026-02-23-091408-1320x741.png 1320w\" sizes=\"(max-width: 1369px) 100vw, 1369px\" \/><\/div><\/a>\n\t\t\t\t<div class=\"elementor-post__text\">\n\t\t\t\t<h3 class=\"elementor-post__title\">\n\t\t\t<a href=\"https:\/\/fralla.mx\/insights\/comunicado-no-1-febrero-2026\/\" >\n\t\t\t\tComunicado No 1 &#8211; Febrero 2026\t\t\t<\/a>\n\t\t<\/h3>\n\t\t\t\t<div class=\"elementor-post__excerpt\">\n\t\t\t<p>Suspensi\u00f3n actividades ciertas oficinas SAT<\/p>\n\t\t<\/div>\n\t\t\n\t\t<a class=\"elementor-post__read-more\" href=\"https:\/\/fralla.mx\/insights\/comunicado-no-1-febrero-2026\/\" aria-label=\"Read more about Comunicado No 1 &#8211; Febrero 2026\" tabindex=\"-1\" >\n\t\t\tSigue Leyendo \u00bb\t\t<\/a>\n\n\t\t\t\t<\/div>\n\t\t\t\t<div class=\"elementor-post__meta-data\">\n\t\t\t\t\t<span class=\"elementor-post-date\">\n\t\t\t23\/02\/2026\t\t<\/span>\n\t\t\t\t<span class=\"elementor-post-avatar\">\n\t\t\tNo hay comentarios\t\t<\/span>\n\t\t\t\t<\/div>\n\t\t\t\t\t<\/div>\n\t\t<\/article>\n\t\t\t\t<article class=\"elementor-post elementor-grid-item post-9086 post type-post status-publish format-image has-post-thumbnail hentry category-noticias-fiscales post_format-post-format-image\" role=\"listitem\">\n\t\t\t<div class=\"elementor-post__card\">\n\t\t\t\t<a class=\"elementor-post__thumbnail__link\" href=\"https:\/\/fralla.mx\/insights\/flash-fiscal-no-6-febrero-2026\/\" tabindex=\"-1\" ><div class=\"elementor-post__thumbnail\"><img loading=\"lazy\" decoding=\"async\" width=\"729\" height=\"403\" src=\"https:\/\/fralla.mx\/insights\/wp-content\/uploads\/2026\/02\/Captura-de-pantalla-2026-02-19-084357.png\" class=\"attachment-full size-full wp-image-9085\" alt=\"\" \/><\/div><\/a>\n\t\t\t\t<div class=\"elementor-post__text\">\n\t\t\t\t<h3 class=\"elementor-post__title\">\n\t\t\t<a href=\"https:\/\/fralla.mx\/insights\/flash-fiscal-no-6-febrero-2026\/\" >\n\t\t\t\tFlash Fiscal No 6 &#8211; Febrero 2026\t\t\t<\/a>\n\t\t<\/h3>\n\t\t\t\t<div class=\"elementor-post__excerpt\">\n\t\t\t<p>Est\u00edmulo fiscal a la producci\u00f3n cinematogr\u00e1fica<br \/>\ny audiovisual<\/p>\n\t\t<\/div>\n\t\t\n\t\t<a class=\"elementor-post__read-more\" href=\"https:\/\/fralla.mx\/insights\/flash-fiscal-no-6-febrero-2026\/\" aria-label=\"Read more about Flash Fiscal No 6 &#8211; Febrero 2026\" tabindex=\"-1\" >\n\t\t\tSigue Leyendo \u00bb\t\t<\/a>\n\n\t\t\t\t<\/div>\n\t\t\t\t<div class=\"elementor-post__meta-data\">\n\t\t\t\t\t<span class=\"elementor-post-date\">\n\t\t\t19\/02\/2026\t\t<\/span>\n\t\t\t\t<span class=\"elementor-post-avatar\">\n\t\t\tNo hay comentarios\t\t<\/span>\n\t\t\t\t<\/div>\n\t\t\t\t\t<\/div>\n\t\t<\/article>\n\t\t\t\t<article class=\"elementor-post elementor-grid-item post-9075 post type-post status-publish format-image has-post-thumbnail hentry category-noticias-fiscales post_format-post-format-image\" role=\"listitem\">\n\t\t\t<div class=\"elementor-post__card\">\n\t\t\t\t<a class=\"elementor-post__thumbnail__link\" href=\"https:\/\/fralla.mx\/insights\/flash-fiscal-no-5-febrero-2026\/\" tabindex=\"-1\" ><div class=\"elementor-post__thumbnail\"><img loading=\"lazy\" decoding=\"async\" width=\"359\" height=\"240\" src=\"https:\/\/fralla.mx\/insights\/wp-content\/uploads\/2026\/02\/17022026.jpg\" class=\"attachment-full size-full wp-image-9074\" alt=\"\" \/><\/div><\/a>\n\t\t\t\t<div class=\"elementor-post__text\">\n\t\t\t\t<h3 class=\"elementor-post__title\">\n\t\t\t<a href=\"https:\/\/fralla.mx\/insights\/flash-fiscal-no-5-febrero-2026\/\" >\n\t\t\t\tFlash Fiscal No 5 &#8211; Febrero 2026\t\t\t<\/a>\n\t\t<\/h3>\n\t\t\t\t<div class=\"elementor-post__excerpt\">\n\t\t\t<p>Publicaci\u00f3n Resoluci\u00f3n de<br \/>\nFacilidades Administrativas 2026<\/p>\n\t\t<\/div>\n\t\t\n\t\t<a class=\"elementor-post__read-more\" href=\"https:\/\/fralla.mx\/insights\/flash-fiscal-no-5-febrero-2026\/\" aria-label=\"Read more about Flash Fiscal No 5 &#8211; Febrero 2026\" tabindex=\"-1\" >\n\t\t\tSigue Leyendo \u00bb\t\t<\/a>\n\n\t\t\t\t<\/div>\n\t\t\t\t<div class=\"elementor-post__meta-data\">\n\t\t\t\t\t<span class=\"elementor-post-date\">\n\t\t\t17\/02\/2026\t\t<\/span>\n\t\t\t\t<span class=\"elementor-post-avatar\">\n\t\t\tNo hay comentarios\t\t<\/span>\n\t\t\t\t<\/div>\n\t\t\t\t\t<\/div>\n\t\t<\/article>\n\t\t\t\t<article class=\"elementor-post elementor-grid-item post-9064 post type-post status-publish format-image has-post-thumbnail hentry category-noticias-fiscales post_format-post-format-image\" role=\"listitem\">\n\t\t\t<div class=\"elementor-post__card\">\n\t\t\t\t<a class=\"elementor-post__thumbnail__link\" href=\"https:\/\/fralla.mx\/insights\/flash-general-no-3-febrero-2026\/\" tabindex=\"-1\" ><div class=\"elementor-post__thumbnail\"><img loading=\"lazy\" decoding=\"async\" width=\"726\" height=\"370\" src=\"https:\/\/fralla.mx\/insights\/wp-content\/uploads\/2026\/02\/Captura-de-pantalla-2026-02-10-a-las-11.47.14.png\" class=\"attachment-full size-full wp-image-9066\" alt=\"\" \/><\/div><\/a>\n\t\t\t\t<div class=\"elementor-post__text\">\n\t\t\t\t<h3 class=\"elementor-post__title\">\n\t\t\t<a href=\"https:\/\/fralla.mx\/insights\/flash-general-no-3-febrero-2026\/\" >\n\t\t\t\tFlash General No 3 &#8211; Febrero 2026\t\t\t<\/a>\n\t\t<\/h3>\n\t\t\t\t<div class=\"elementor-post__excerpt\">\n\t\t\t<p>\u00cdndice Nacional de Precios al Consumidor<\/p>\n\t\t<\/div>\n\t\t\n\t\t<a class=\"elementor-post__read-more\" href=\"https:\/\/fralla.mx\/insights\/flash-general-no-3-febrero-2026\/\" aria-label=\"Read more about Flash General No 3 &#8211; Febrero 2026\" tabindex=\"-1\" >\n\t\t\tSigue Leyendo \u00bb\t\t<\/a>\n\n\t\t\t\t<\/div>\n\t\t\t\t<div class=\"elementor-post__meta-data\">\n\t\t\t\t\t<span class=\"elementor-post-date\">\n\t\t\t10\/02\/2026\t\t<\/span>\n\t\t\t\t<span class=\"elementor-post-avatar\">\n\t\t\tNo hay comentarios\t\t<\/span>\n\t\t\t\t<\/div>\n\t\t\t\t\t<\/div>\n\t\t<\/article>\n\t\t\t\t<article class=\"elementor-post elementor-grid-item post-9054 post type-post status-publish format-image has-post-thumbnail hentry category-noticias-fiscales post_format-post-format-image\" role=\"listitem\">\n\t\t\t<div class=\"elementor-post__card\">\n\t\t\t\t<a class=\"elementor-post__thumbnail__link\" href=\"https:\/\/fralla.mx\/insights\/flash-fiscal-no-4-enero-2026\/\" tabindex=\"-1\" ><div class=\"elementor-post__thumbnail\"><img loading=\"lazy\" decoding=\"async\" width=\"1009\" height=\"622\" src=\"https:\/\/fralla.mx\/insights\/wp-content\/uploads\/2026\/01\/Captura-de-pantalla-2026-01-26-121511.png\" class=\"attachment-full size-full wp-image-9052\" alt=\"\" srcset=\"https:\/\/fralla.mx\/insights\/wp-content\/uploads\/2026\/01\/Captura-de-pantalla-2026-01-26-121511.png 1009w, https:\/\/fralla.mx\/insights\/wp-content\/uploads\/2026\/01\/Captura-de-pantalla-2026-01-26-121511-768x473.png 768w\" sizes=\"(max-width: 1009px) 100vw, 1009px\" \/><\/div><\/a>\n\t\t\t\t<div class=\"elementor-post__text\">\n\t\t\t\t<h3 class=\"elementor-post__title\">\n\t\t\t<a href=\"https:\/\/fralla.mx\/insights\/flash-fiscal-no-4-enero-2026\/\" >\n\t\t\t\tFlash Fiscal No 4 &#8211; Enero 2026\t\t\t<\/a>\n\t\t<\/h3>\n\t\t\t\t<div class=\"elementor-post__excerpt\">\n\t\t\t<p>Anexo 19 Resoluci\u00f3n Miscel\u00e1nea Fiscal 2026<\/p>\n\t\t<\/div>\n\t\t\n\t\t<a class=\"elementor-post__read-more\" href=\"https:\/\/fralla.mx\/insights\/flash-fiscal-no-4-enero-2026\/\" aria-label=\"Read more about Flash Fiscal No 4 &#8211; Enero 2026\" tabindex=\"-1\" >\n\t\t\tSigue Leyendo \u00bb\t\t<\/a>\n\n\t\t\t\t<\/div>\n\t\t\t\t<div class=\"elementor-post__meta-data\">\n\t\t\t\t\t<span class=\"elementor-post-date\">\n\t\t\t26\/01\/2026\t\t<\/span>\n\t\t\t\t<span class=\"elementor-post-avatar\">\n\t\t\tNo hay comentarios\t\t<\/span>\n\t\t\t\t<\/div>\n\t\t\t\t\t<\/div>\n\t\t<\/article>\n\t\t\t\t<article class=\"elementor-post elementor-grid-item post-9042 post type-post status-publish format-image has-post-thumbnail hentry category-noticias-fiscales post_format-post-format-image\" role=\"listitem\">\n\t\t\t<div class=\"elementor-post__card\">\n\t\t\t\t<a class=\"elementor-post__thumbnail__link\" href=\"https:\/\/fralla.mx\/insights\/flash-fiscal-no-3-enero-2026\/\" tabindex=\"-1\" ><div class=\"elementor-post__thumbnail\"><img loading=\"lazy\" decoding=\"async\" width=\"1120\" height=\"709\" src=\"https:\/\/fralla.mx\/insights\/wp-content\/uploads\/2026\/01\/Captura-de-pantalla-2026-01-19-134613.png\" class=\"attachment-full size-full wp-image-9041\" alt=\"\" srcset=\"https:\/\/fralla.mx\/insights\/wp-content\/uploads\/2026\/01\/Captura-de-pantalla-2026-01-19-134613.png 1120w, https:\/\/fralla.mx\/insights\/wp-content\/uploads\/2026\/01\/Captura-de-pantalla-2026-01-19-134613-1024x648.png 1024w, https:\/\/fralla.mx\/insights\/wp-content\/uploads\/2026\/01\/Captura-de-pantalla-2026-01-19-134613-768x486.png 768w\" sizes=\"(max-width: 1120px) 100vw, 1120px\" \/><\/div><\/a>\n\t\t\t\t<div class=\"elementor-post__text\">\n\t\t\t\t<h3 class=\"elementor-post__title\">\n\t\t\t<a href=\"https:\/\/fralla.mx\/insights\/flash-fiscal-no-3-enero-2026\/\" >\n\t\t\t\tFlash Fiscal No 3 &#8211; Enero 2026\t\t\t<\/a>\n\t\t<\/h3>\n\t\t\t\t<div class=\"elementor-post__excerpt\">\n\t\t\t<p>Anexo 18 Resoluci\u00f3n Miscel\u00e1nea Fiscal 2026<\/p>\n\t\t<\/div>\n\t\t\n\t\t<a class=\"elementor-post__read-more\" href=\"https:\/\/fralla.mx\/insights\/flash-fiscal-no-3-enero-2026\/\" aria-label=\"Read more about Flash Fiscal No 3 &#8211; Enero 2026\" tabindex=\"-1\" >\n\t\t\tSigue Leyendo \u00bb\t\t<\/a>\n\n\t\t\t\t<\/div>\n\t\t\t\t<div class=\"elementor-post__meta-data\">\n\t\t\t\t\t<span class=\"elementor-post-date\">\n\t\t\t19\/01\/2026\t\t<\/span>\n\t\t\t\t<span class=\"elementor-post-avatar\">\n\t\t\tNo hay comentarios\t\t<\/span>\n\t\t\t\t<\/div>\n\t\t\t\t\t<\/div>\n\t\t<\/article>\n\t\t\t\t<article class=\"elementor-post elementor-grid-item post-9032 post type-post status-publish format-image has-post-thumbnail hentry category-noticias-fiscales post_format-post-format-image\" role=\"listitem\">\n\t\t\t<div class=\"elementor-post__card\">\n\t\t\t\t<a class=\"elementor-post__thumbnail__link\" href=\"https:\/\/fralla.mx\/insights\/flash-fiscal-no-2-enero-2026\/\" tabindex=\"-1\" ><div class=\"elementor-post__thumbnail\"><img loading=\"lazy\" decoding=\"async\" width=\"986\" height=\"430\" src=\"https:\/\/fralla.mx\/insights\/wp-content\/uploads\/2026\/01\/Captura-de-pantalla-2026-01-09-134839.png\" class=\"attachment-full size-full wp-image-9001\" alt=\"\" srcset=\"https:\/\/fralla.mx\/insights\/wp-content\/uploads\/2026\/01\/Captura-de-pantalla-2026-01-09-134839.png 986w, https:\/\/fralla.mx\/insights\/wp-content\/uploads\/2026\/01\/Captura-de-pantalla-2026-01-09-134839-768x335.png 768w\" sizes=\"(max-width: 986px) 100vw, 986px\" \/><\/div><\/a>\n\t\t\t\t<div class=\"elementor-post__text\">\n\t\t\t\t<h3 class=\"elementor-post__title\">\n\t\t\t<a href=\"https:\/\/fralla.mx\/insights\/flash-fiscal-no-2-enero-2026\/\" >\n\t\t\t\tFlash Fiscal No 2 &#8211; Enero 2026\t\t\t<\/a>\n\t\t<\/h3>\n\t\t\t\t<div class=\"elementor-post__excerpt\">\n\t\t\t<p>Anexos Resoluci\u00f3n Miscel\u00e1nea Fiscal 2026<\/p>\n\t\t<\/div>\n\t\t\n\t\t<a class=\"elementor-post__read-more\" href=\"https:\/\/fralla.mx\/insights\/flash-fiscal-no-2-enero-2026\/\" aria-label=\"Read more about Flash Fiscal No 2 &#8211; Enero 2026\" tabindex=\"-1\" >\n\t\t\tSigue Leyendo \u00bb\t\t<\/a>\n\n\t\t\t\t<\/div>\n\t\t\t\t<div class=\"elementor-post__meta-data\">\n\t\t\t\t\t<span class=\"elementor-post-date\">\n\t\t\t14\/01\/2026\t\t<\/span>\n\t\t\t\t<span class=\"elementor-post-avatar\">\n\t\t\tNo hay comentarios\t\t<\/span>\n\t\t\t\t<\/div>\n\t\t\t\t\t<\/div>\n\t\t<\/article>\n\t\t\t\t<article class=\"elementor-post elementor-grid-item post-9020 post type-post status-publish format-image has-post-thumbnail hentry category-noticias-fiscales post_format-post-format-image\" role=\"listitem\">\n\t\t\t<div class=\"elementor-post__card\">\n\t\t\t\t<a class=\"elementor-post__thumbnail__link\" href=\"https:\/\/fralla.mx\/insights\/flash-fiscal-no-1-enero-2026\/\" tabindex=\"-1\" ><div class=\"elementor-post__thumbnail\"><img loading=\"lazy\" decoding=\"async\" width=\"986\" height=\"430\" src=\"https:\/\/fralla.mx\/insights\/wp-content\/uploads\/2026\/01\/Captura-de-pantalla-2026-01-09-134839.png\" class=\"attachment-full size-full wp-image-9001\" alt=\"\" srcset=\"https:\/\/fralla.mx\/insights\/wp-content\/uploads\/2026\/01\/Captura-de-pantalla-2026-01-09-134839.png 986w, https:\/\/fralla.mx\/insights\/wp-content\/uploads\/2026\/01\/Captura-de-pantalla-2026-01-09-134839-768x335.png 768w\" sizes=\"(max-width: 986px) 100vw, 986px\" \/><\/div><\/a>\n\t\t\t\t<div class=\"elementor-post__text\">\n\t\t\t\t<h3 class=\"elementor-post__title\">\n\t\t\t<a href=\"https:\/\/fralla.mx\/insights\/flash-fiscal-no-1-enero-2026\/\" >\n\t\t\t\tFlash Fiscal No 1 &#8211; Enero 2026\t\t\t<\/a>\n\t\t<\/h3>\n\t\t\t\t<div class=\"elementor-post__excerpt\">\n\t\t\t<p>Anexos Resoluci\u00f3n Miscel\u00e1nea Fiscal 2026<\/p>\n\t\t<\/div>\n\t\t\n\t\t<a class=\"elementor-post__read-more\" href=\"https:\/\/fralla.mx\/insights\/flash-fiscal-no-1-enero-2026\/\" aria-label=\"Read more about Flash Fiscal No 1 &#8211; Enero 2026\" tabindex=\"-1\" >\n\t\t\tSigue Leyendo \u00bb\t\t<\/a>\n\n\t\t\t\t<\/div>\n\t\t\t\t<div class=\"elementor-post__meta-data\">\n\t\t\t\t\t<span class=\"elementor-post-date\">\n\t\t\t09\/01\/2026\t\t<\/span>\n\t\t\t\t<span class=\"elementor-post-avatar\">\n\t\t\tNo hay comentarios\t\t<\/span>\n\t\t\t\t<\/div>\n\t\t\t\t\t<\/div>\n\t\t<\/article>\n\t\t\t\t<article class=\"elementor-post elementor-grid-item post-9012 post type-post status-publish format-image has-post-thumbnail hentry category-noticias-fiscales post_format-post-format-image\" role=\"listitem\">\n\t\t\t<div class=\"elementor-post__card\">\n\t\t\t\t<a class=\"elementor-post__thumbnail__link\" href=\"https:\/\/fralla.mx\/insights\/flash-general-no-2-enero-2026\/\" tabindex=\"-1\" ><div class=\"elementor-post__thumbnail\"><img loading=\"lazy\" decoding=\"async\" width=\"756\" height=\"436\" src=\"https:\/\/fralla.mx\/insights\/wp-content\/uploads\/2026\/01\/Captura-de-pantalla-2026-01-09-130548.png\" class=\"attachment-full size-full wp-image-9000\" alt=\"\" \/><\/div><\/a>\n\t\t\t\t<div class=\"elementor-post__text\">\n\t\t\t\t<h3 class=\"elementor-post__title\">\n\t\t\t<a href=\"https:\/\/fralla.mx\/insights\/flash-general-no-2-enero-2026\/\" >\n\t\t\t\tFlash General No 2 &#8211; Enero 2026\t\t\t<\/a>\n\t\t<\/h3>\n\t\t\t\t<div class=\"elementor-post__excerpt\">\n\t\t\t<p>UNIDAD DE MEDIDA Y ACTUALIZACI\u00d3N<\/p>\n\t\t<\/div>\n\t\t\n\t\t<a class=\"elementor-post__read-more\" href=\"https:\/\/fralla.mx\/insights\/flash-general-no-2-enero-2026\/\" aria-label=\"Read more about Flash General No 2 &#8211; Enero 2026\" tabindex=\"-1\" >\n\t\t\tSigue Leyendo \u00bb\t\t<\/a>\n\n\t\t\t\t<\/div>\n\t\t\t\t<div class=\"elementor-post__meta-data\">\n\t\t\t\t\t<span class=\"elementor-post-date\">\n\t\t\t09\/01\/2026\t\t<\/span>\n\t\t\t\t<span class=\"elementor-post-avatar\">\n\t\t\tNo hay comentarios\t\t<\/span>\n\t\t\t\t<\/div>\n\t\t\t\t\t<\/div>\n\t\t<\/article>\n\t\t\t\t<article class=\"elementor-post elementor-grid-item post-9002 post type-post status-publish format-image has-post-thumbnail hentry category-noticias-fiscales post_format-post-format-image\" role=\"listitem\">\n\t\t\t<div class=\"elementor-post__card\">\n\t\t\t\t<a class=\"elementor-post__thumbnail__link\" href=\"https:\/\/fralla.mx\/insights\/flash-general-no-1-enero-2026\/\" tabindex=\"-1\" ><div class=\"elementor-post__thumbnail\"><img loading=\"lazy\" decoding=\"async\" width=\"728\" height=\"346\" src=\"https:\/\/fralla.mx\/insights\/wp-content\/uploads\/2025\/06\/Captura-de-pantalla-2025-06-12-a-las-18.38.50.png\" class=\"attachment-full size-full wp-image-8664\" alt=\"\" \/><\/div><\/a>\n\t\t\t\t<div class=\"elementor-post__text\">\n\t\t\t\t<h3 class=\"elementor-post__title\">\n\t\t\t<a href=\"https:\/\/fralla.mx\/insights\/flash-general-no-1-enero-2026\/\" >\n\t\t\t\tFlash General No 1 &#8211; Enero 2026\t\t\t<\/a>\n\t\t<\/h3>\n\t\t\t\t<div class=\"elementor-post__excerpt\">\n\t\t\t<p>\u00cdndice Nacional de Precios al Consumidor<\/p>\n\t\t<\/div>\n\t\t\n\t\t<a class=\"elementor-post__read-more\" href=\"https:\/\/fralla.mx\/insights\/flash-general-no-1-enero-2026\/\" aria-label=\"Read more about Flash General No 1 &#8211; Enero 2026\" tabindex=\"-1\" >\n\t\t\tSigue Leyendo \u00bb\t\t<\/a>\n\n\t\t\t\t<\/div>\n\t\t\t\t<div class=\"elementor-post__meta-data\">\n\t\t\t\t\t<span class=\"elementor-post-date\">\n\t\t\t09\/01\/2026\t\t<\/span>\n\t\t\t\t<span class=\"elementor-post-avatar\">\n\t\t\tNo hay comentarios\t\t<\/span>\n\t\t\t\t<\/div>\n\t\t\t\t\t<\/div>\n\t\t<\/article>\n\t\t\t\t<article class=\"elementor-post elementor-grid-item post-8991 post type-post status-publish format-image has-post-thumbnail hentry category-noticias-fiscales post_format-post-format-image\" role=\"listitem\">\n\t\t\t<div class=\"elementor-post__card\">\n\t\t\t\t<a class=\"elementor-post__thumbnail__link\" href=\"https:\/\/fralla.mx\/insights\/flash-fiscal-no-32-diciembre-2025\/\" tabindex=\"-1\" ><div class=\"elementor-post__thumbnail\"><img loading=\"lazy\" decoding=\"async\" width=\"906\" height=\"561\" src=\"https:\/\/fralla.mx\/insights\/wp-content\/uploads\/2025\/12\/Captura-de-pantalla-2025-12-29-094156.png\" class=\"attachment-full size-full wp-image-8988\" alt=\"\" srcset=\"https:\/\/fralla.mx\/insights\/wp-content\/uploads\/2025\/12\/Captura-de-pantalla-2025-12-29-094156.png 906w, https:\/\/fralla.mx\/insights\/wp-content\/uploads\/2025\/12\/Captura-de-pantalla-2025-12-29-094156-768x476.png 768w\" sizes=\"(max-width: 906px) 100vw, 906px\" \/><\/div><\/a>\n\t\t\t\t<div class=\"elementor-post__text\">\n\t\t\t\t<h3 class=\"elementor-post__title\">\n\t\t\t<a href=\"https:\/\/fralla.mx\/insights\/flash-fiscal-no-32-diciembre-2025\/\" >\n\t\t\t\tFlash Fiscal No 32 &#8211; Diciembre 2025\t\t\t<\/a>\n\t\t<\/h3>\n\t\t\t\t<div class=\"elementor-post__excerpt\">\n\t\t\t<p>Resoluci\u00f3n Miscel\u00e1nea Fiscal para 2026<\/p>\n\t\t<\/div>\n\t\t\n\t\t<a class=\"elementor-post__read-more\" href=\"https:\/\/fralla.mx\/insights\/flash-fiscal-no-32-diciembre-2025\/\" aria-label=\"Read more about Flash Fiscal No 32 &#8211; Diciembre 2025\" tabindex=\"-1\" >\n\t\t\tSigue Leyendo \u00bb\t\t<\/a>\n\n\t\t\t\t<\/div>\n\t\t\t\t<div class=\"elementor-post__meta-data\">\n\t\t\t\t\t<span class=\"elementor-post-date\">\n\t\t\t30\/12\/2025\t\t<\/span>\n\t\t\t\t<span class=\"elementor-post-avatar\">\n\t\t\tNo hay comentarios\t\t<\/span>\n\t\t\t\t<\/div>\n\t\t\t\t\t<\/div>\n\t\t<\/article>\n\t\t\t\t<article class=\"elementor-post elementor-grid-item post-8980 post type-post status-publish format-image has-post-thumbnail hentry category-noticias-fiscales post_format-post-format-image\" role=\"listitem\">\n\t\t\t<div class=\"elementor-post__card\">\n\t\t\t\t<a class=\"elementor-post__thumbnail__link\" href=\"https:\/\/fralla.mx\/insights\/comunicado-no-22-diciembre-2025\/\" tabindex=\"-1\" ><div class=\"elementor-post__thumbnail\"><img loading=\"lazy\" decoding=\"async\" width=\"632\" height=\"571\" src=\"https:\/\/fralla.mx\/insights\/wp-content\/uploads\/2025\/12\/Captura-de-pantalla-2025-12-22-152756.png\" class=\"attachment-full size-full wp-image-8979\" alt=\"\" \/><\/div><\/a>\n\t\t\t\t<div class=\"elementor-post__text\">\n\t\t\t\t<h3 class=\"elementor-post__title\">\n\t\t\t<a href=\"https:\/\/fralla.mx\/insights\/comunicado-no-22-diciembre-2025\/\" >\n\t\t\t\tComunicado No 22 &#8211; Diciembre 2025\t\t\t<\/a>\n\t\t<\/h3>\n\t\t\t\t<div class=\"elementor-post__excerpt\">\n\t\t\t<p>Comunicado STPS Ley Silla<\/p>\n\t\t<\/div>\n\t\t\n\t\t<a class=\"elementor-post__read-more\" href=\"https:\/\/fralla.mx\/insights\/comunicado-no-22-diciembre-2025\/\" aria-label=\"Read more about Comunicado No 22 &#8211; Diciembre 2025\" tabindex=\"-1\" >\n\t\t\tSigue Leyendo \u00bb\t\t<\/a>\n\n\t\t\t\t<\/div>\n\t\t\t\t<div class=\"elementor-post__meta-data\">\n\t\t\t\t\t<span class=\"elementor-post-date\">\n\t\t\t24\/12\/2025\t\t<\/span>\n\t\t\t\t<span class=\"elementor-post-avatar\">\n\t\t\tNo hay comentarios\t\t<\/span>\n\t\t\t\t<\/div>\n\t\t\t\t\t<\/div>\n\t\t<\/article>\n\t\t\t\t<article class=\"elementor-post elementor-grid-item post-8969 post type-post status-publish format-image has-post-thumbnail hentry category-noticias-fiscales post_format-post-format-image\" role=\"listitem\">\n\t\t\t<div class=\"elementor-post__card\">\n\t\t\t\t<a class=\"elementor-post__thumbnail__link\" href=\"https:\/\/fralla.mx\/insights\/flash-fiscal-no-31-diciembre-2025\/\" tabindex=\"-1\" ><div class=\"elementor-post__thumbnail\"><img loading=\"lazy\" decoding=\"async\" width=\"1166\" height=\"730\" src=\"https:\/\/fralla.mx\/insights\/wp-content\/uploads\/2025\/12\/Captura-de-pantalla-2025-12-18-102610.png\" class=\"attachment-full size-full wp-image-8968\" alt=\"\" srcset=\"https:\/\/fralla.mx\/insights\/wp-content\/uploads\/2025\/12\/Captura-de-pantalla-2025-12-18-102610.png 1166w, https:\/\/fralla.mx\/insights\/wp-content\/uploads\/2025\/12\/Captura-de-pantalla-2025-12-18-102610-1024x641.png 1024w, https:\/\/fralla.mx\/insights\/wp-content\/uploads\/2025\/12\/Captura-de-pantalla-2025-12-18-102610-768x481.png 768w\" sizes=\"(max-width: 1166px) 100vw, 1166px\" \/><\/div><\/a>\n\t\t\t\t<div class=\"elementor-post__text\">\n\t\t\t\t<h3 class=\"elementor-post__title\">\n\t\t\t<a href=\"https:\/\/fralla.mx\/insights\/flash-fiscal-no-31-diciembre-2025\/\" >\n\t\t\t\tFlash Fiscal No 31 &#8211; Diciembre 2025\t\t\t<\/a>\n\t\t<\/h3>\n\t\t\t\t<div class=\"elementor-post__excerpt\">\n\t\t\t<p>Sexta Resoluci\u00f3n de Modificaciones a la RMF 2025 Publicaci\u00f3n DOF<\/p>\n\t\t<\/div>\n\t\t\n\t\t<a class=\"elementor-post__read-more\" href=\"https:\/\/fralla.mx\/insights\/flash-fiscal-no-31-diciembre-2025\/\" aria-label=\"Read more about Flash Fiscal No 31 &#8211; Diciembre 2025\" tabindex=\"-1\" >\n\t\t\tSigue Leyendo \u00bb\t\t<\/a>\n\n\t\t\t\t<\/div>\n\t\t\t\t<div class=\"elementor-post__meta-data\">\n\t\t\t\t\t<span class=\"elementor-post-date\">\n\t\t\t19\/12\/2025\t\t<\/span>\n\t\t\t\t<span class=\"elementor-post-avatar\">\n\t\t\tNo hay comentarios\t\t<\/span>\n\t\t\t\t<\/div>\n\t\t\t\t\t<\/div>\n\t\t<\/article>\n\t\t\t\t<article class=\"elementor-post elementor-grid-item post-8957 post type-post status-publish format-image has-post-thumbnail hentry category-noticias-fiscales post_format-post-format-image\" role=\"listitem\">\n\t\t\t<div class=\"elementor-post__card\">\n\t\t\t\t<a class=\"elementor-post__thumbnail__link\" href=\"https:\/\/fralla.mx\/insights\/flash-general-no-20-diciembre-2025\/\" tabindex=\"-1\" ><div class=\"elementor-post__thumbnail\"><img loading=\"lazy\" decoding=\"async\" width=\"728\" height=\"346\" src=\"https:\/\/fralla.mx\/insights\/wp-content\/uploads\/2025\/06\/Captura-de-pantalla-2025-06-12-a-las-18.38.50.png\" class=\"attachment-full size-full wp-image-8664\" alt=\"\" \/><\/div><\/a>\n\t\t\t\t<div class=\"elementor-post__text\">\n\t\t\t\t<h3 class=\"elementor-post__title\">\n\t\t\t<a href=\"https:\/\/fralla.mx\/insights\/flash-general-no-20-diciembre-2025\/\" >\n\t\t\t\tFlash General No 20 &#8211; Diciembre 2025\t\t\t<\/a>\n\t\t<\/h3>\n\t\t\t\t<div class=\"elementor-post__excerpt\">\n\t\t\t<p>\u00cdndice Nacional de Precios al Consumidor<\/p>\n\t\t<\/div>\n\t\t\n\t\t<a class=\"elementor-post__read-more\" href=\"https:\/\/fralla.mx\/insights\/flash-general-no-20-diciembre-2025\/\" aria-label=\"Read more about Flash General No 20 &#8211; Diciembre 2025\" tabindex=\"-1\" >\n\t\t\tSigue Leyendo \u00bb\t\t<\/a>\n\n\t\t\t\t<\/div>\n\t\t\t\t<div class=\"elementor-post__meta-data\">\n\t\t\t\t\t<span class=\"elementor-post-date\">\n\t\t\t10\/12\/2025\t\t<\/span>\n\t\t\t\t<span class=\"elementor-post-avatar\">\n\t\t\tNo hay comentarios\t\t<\/span>\n\t\t\t\t<\/div>\n\t\t\t\t\t<\/div>\n\t\t<\/article>\n\t\t\t\t<article class=\"elementor-post elementor-grid-item post-8952 post type-post status-publish format-image has-post-thumbnail hentry category-noticias-fiscales post_format-post-format-image\" role=\"listitem\">\n\t\t\t<div class=\"elementor-post__card\">\n\t\t\t\t<a class=\"elementor-post__thumbnail__link\" href=\"https:\/\/fralla.mx\/insights\/flash-general-no-19-diciembre-2025\/\" tabindex=\"-1\" ><div class=\"elementor-post__thumbnail\"><img loading=\"lazy\" decoding=\"async\" width=\"1103\" height=\"537\" src=\"https:\/\/fralla.mx\/insights\/wp-content\/uploads\/2025\/12\/Captura-de-pantalla-2025-12-09-143511.png\" class=\"attachment-full size-full wp-image-8949\" alt=\"\" srcset=\"https:\/\/fralla.mx\/insights\/wp-content\/uploads\/2025\/12\/Captura-de-pantalla-2025-12-09-143511.png 1103w, https:\/\/fralla.mx\/insights\/wp-content\/uploads\/2025\/12\/Captura-de-pantalla-2025-12-09-143511-1024x499.png 1024w, https:\/\/fralla.mx\/insights\/wp-content\/uploads\/2025\/12\/Captura-de-pantalla-2025-12-09-143511-768x374.png 768w\" sizes=\"(max-width: 1103px) 100vw, 1103px\" \/><\/div><\/a>\n\t\t\t\t<div class=\"elementor-post__text\">\n\t\t\t\t<h3 class=\"elementor-post__title\">\n\t\t\t<a href=\"https:\/\/fralla.mx\/insights\/flash-general-no-19-diciembre-2025\/\" >\n\t\t\t\tFlash General No 19 &#8211; Diciembre 2025\t\t\t<\/a>\n\t\t<\/h3>\n\t\t\t\t<div class=\"elementor-post__excerpt\">\n\t\t\t<p>Salario m\u00ednimo vigente para 2026<\/p>\n\t\t<\/div>\n\t\t\n\t\t<a class=\"elementor-post__read-more\" href=\"https:\/\/fralla.mx\/insights\/flash-general-no-19-diciembre-2025\/\" aria-label=\"Read more about Flash General No 19 &#8211; Diciembre 2025\" tabindex=\"-1\" >\n\t\t\tSigue Leyendo \u00bb\t\t<\/a>\n\n\t\t\t\t<\/div>\n\t\t\t\t<div class=\"elementor-post__meta-data\">\n\t\t\t\t\t<span class=\"elementor-post-date\">\n\t\t\t10\/12\/2025\t\t<\/span>\n\t\t\t\t<span class=\"elementor-post-avatar\">\n\t\t\tNo hay comentarios\t\t<\/span>\n\t\t\t\t<\/div>\n\t\t\t\t\t<\/div>\n\t\t<\/article>\n\t\t\t\t<article class=\"elementor-post elementor-grid-item post-8941 post type-post status-publish format-image has-post-thumbnail hentry category-noticias-fiscales post_format-post-format-image\" role=\"listitem\">\n\t\t\t<div class=\"elementor-post__card\">\n\t\t\t\t<a class=\"elementor-post__thumbnail__link\" href=\"https:\/\/fralla.mx\/insights\/comunicado-no-21-diciembre-2021\/\" tabindex=\"-1\" ><div class=\"elementor-post__thumbnail\"><img loading=\"lazy\" decoding=\"async\" width=\"997\" height=\"562\" src=\"https:\/\/fralla.mx\/insights\/wp-content\/uploads\/2025\/12\/Captura-de-pantalla-2025-12-05-095521.png\" class=\"attachment-full size-full wp-image-8939\" alt=\"\" srcset=\"https:\/\/fralla.mx\/insights\/wp-content\/uploads\/2025\/12\/Captura-de-pantalla-2025-12-05-095521.png 997w, https:\/\/fralla.mx\/insights\/wp-content\/uploads\/2025\/12\/Captura-de-pantalla-2025-12-05-095521-768x433.png 768w\" sizes=\"(max-width: 997px) 100vw, 997px\" \/><\/div><\/a>\n\t\t\t\t<div class=\"elementor-post__text\">\n\t\t\t\t<h3 class=\"elementor-post__title\">\n\t\t\t<a href=\"https:\/\/fralla.mx\/insights\/comunicado-no-21-diciembre-2021\/\" >\n\t\t\t\tComunicado No 21 &#8211; Diciembre 2021\t\t\t<\/a>\n\t\t<\/h3>\n\t\t\t\t<div class=\"elementor-post__excerpt\">\n\t\t\t<p>SAT actualiza complemento n\u00f3mina<\/p>\n\t\t<\/div>\n\t\t\n\t\t<a class=\"elementor-post__read-more\" href=\"https:\/\/fralla.mx\/insights\/comunicado-no-21-diciembre-2021\/\" aria-label=\"Read more about Comunicado No 21 &#8211; Diciembre 2021\" tabindex=\"-1\" >\n\t\t\tSigue Leyendo \u00bb\t\t<\/a>\n\n\t\t\t\t<\/div>\n\t\t\t\t<div class=\"elementor-post__meta-data\">\n\t\t\t\t\t<span class=\"elementor-post-date\">\n\t\t\t05\/12\/2025\t\t<\/span>\n\t\t\t\t<span class=\"elementor-post-avatar\">\n\t\t\tNo hay comentarios\t\t<\/span>\n\t\t\t\t<\/div>\n\t\t\t\t\t<\/div>\n\t\t<\/article>\n\t\t\t\t<article class=\"elementor-post elementor-grid-item post-8931 post type-post status-publish format-image has-post-thumbnail hentry category-noticias-fiscales post_format-post-format-image\" role=\"listitem\">\n\t\t\t<div class=\"elementor-post__card\">\n\t\t\t\t<a class=\"elementor-post__thumbnail__link\" href=\"https:\/\/fralla.mx\/insights\/comunicado-no-20-diciembre-2025\/\" tabindex=\"-1\" ><div class=\"elementor-post__thumbnail\"><img loading=\"lazy\" decoding=\"async\" width=\"1088\" height=\"603\" src=\"https:\/\/fralla.mx\/insights\/wp-content\/uploads\/2025\/12\/Captura-de-pantalla-2025-12-02-085035.png\" class=\"attachment-full size-full wp-image-8912\" alt=\"\" srcset=\"https:\/\/fralla.mx\/insights\/wp-content\/uploads\/2025\/12\/Captura-de-pantalla-2025-12-02-085035.png 1088w, https:\/\/fralla.mx\/insights\/wp-content\/uploads\/2025\/12\/Captura-de-pantalla-2025-12-02-085035-1024x568.png 1024w, https:\/\/fralla.mx\/insights\/wp-content\/uploads\/2025\/12\/Captura-de-pantalla-2025-12-02-085035-768x426.png 768w\" sizes=\"(max-width: 1088px) 100vw, 1088px\" \/><\/div><\/a>\n\t\t\t\t<div class=\"elementor-post__text\">\n\t\t\t\t<h3 class=\"elementor-post__title\">\n\t\t\t<a href=\"https:\/\/fralla.mx\/insights\/comunicado-no-20-diciembre-2025\/\" >\n\t\t\t\tComunicado No 20 &#8211; Diciembre 2025\t\t\t<\/a>\n\t\t<\/h3>\n\t\t\t\t<div class=\"elementor-post__excerpt\">\n\t\t\t<p>Simulador declaraci\u00f3n anual 2025 personas morales<\/p>\n\t\t<\/div>\n\t\t\n\t\t<a class=\"elementor-post__read-more\" href=\"https:\/\/fralla.mx\/insights\/comunicado-no-20-diciembre-2025\/\" aria-label=\"Read more about Comunicado No 20 &#8211; Diciembre 2025\" tabindex=\"-1\" >\n\t\t\tSigue Leyendo \u00bb\t\t<\/a>\n\n\t\t\t\t<\/div>\n\t\t\t\t<div class=\"elementor-post__meta-data\">\n\t\t\t\t\t<span class=\"elementor-post-date\">\n\t\t\t02\/12\/2025\t\t<\/span>\n\t\t\t\t<span class=\"elementor-post-avatar\">\n\t\t\tNo hay comentarios\t\t<\/span>\n\t\t\t\t<\/div>\n\t\t\t\t\t<\/div>\n\t\t<\/article>\n\t\t\t\t<article class=\"elementor-post elementor-grid-item post-8900 post type-post status-publish format-image has-post-thumbnail hentry category-noticias-fiscales post_format-post-format-image\" role=\"listitem\">\n\t\t\t<div class=\"elementor-post__card\">\n\t\t\t\t<a class=\"elementor-post__thumbnail__link\" href=\"https:\/\/fralla.mx\/insights\/flash-general-no-18-noviembre-2025\/\" tabindex=\"-1\" ><div class=\"elementor-post__thumbnail\"><img loading=\"lazy\" decoding=\"async\" width=\"728\" height=\"346\" src=\"https:\/\/fralla.mx\/insights\/wp-content\/uploads\/2025\/06\/Captura-de-pantalla-2025-06-12-a-las-18.38.50.png\" class=\"attachment-full size-full wp-image-8664\" alt=\"\" \/><\/div><\/a>\n\t\t\t\t<div class=\"elementor-post__text\">\n\t\t\t\t<h3 class=\"elementor-post__title\">\n\t\t\t<a href=\"https:\/\/fralla.mx\/insights\/flash-general-no-18-noviembre-2025\/\" >\n\t\t\t\tFlash General No 18 &#8211; Noviembre 2025\t\t\t<\/a>\n\t\t<\/h3>\n\t\t\t\t<div class=\"elementor-post__excerpt\">\n\t\t\t<p>\u00cdndice Nacional de Precios al Consumidor<\/p>\n\t\t<\/div>\n\t\t\n\t\t<a class=\"elementor-post__read-more\" href=\"https:\/\/fralla.mx\/insights\/flash-general-no-18-noviembre-2025\/\" aria-label=\"Read more about Flash General No 18 &#8211; Noviembre 2025\" tabindex=\"-1\" >\n\t\t\tSigue Leyendo \u00bb\t\t<\/a>\n\n\t\t\t\t<\/div>\n\t\t\t\t<div class=\"elementor-post__meta-data\">\n\t\t\t\t\t<span class=\"elementor-post-date\">\n\t\t\t12\/11\/2025\t\t<\/span>\n\t\t\t\t<span class=\"elementor-post-avatar\">\n\t\t\tNo hay comentarios\t\t<\/span>\n\t\t\t\t<\/div>\n\t\t\t\t\t<\/div>\n\t\t<\/article>\n\t\t\t\t<article class=\"elementor-post elementor-grid-item post-8886 post type-post status-publish format-image has-post-thumbnail hentry category-noticias-fiscales post_format-post-format-image\" role=\"listitem\">\n\t\t\t<div class=\"elementor-post__card\">\n\t\t\t\t<a class=\"elementor-post__thumbnail__link\" href=\"https:\/\/fralla.mx\/insights\/comunicado-no-19-noviembre-2025\/\" tabindex=\"-1\" ><div class=\"elementor-post__thumbnail\"><img loading=\"lazy\" decoding=\"async\" width=\"774\" height=\"439\" src=\"https:\/\/fralla.mx\/insights\/wp-content\/uploads\/2025\/11\/Captura-de-pantalla-2025-11-06-085624.png\" class=\"attachment-full size-full wp-image-8884\" alt=\"\" srcset=\"https:\/\/fralla.mx\/insights\/wp-content\/uploads\/2025\/11\/Captura-de-pantalla-2025-11-06-085624.png 774w, https:\/\/fralla.mx\/insights\/wp-content\/uploads\/2025\/11\/Captura-de-pantalla-2025-11-06-085624-768x436.png 768w\" sizes=\"(max-width: 774px) 100vw, 774px\" \/><\/div><\/a>\n\t\t\t\t<div class=\"elementor-post__text\">\n\t\t\t\t<h3 class=\"elementor-post__title\">\n\t\t\t<a href=\"https:\/\/fralla.mx\/insights\/comunicado-no-19-noviembre-2025\/\" >\n\t\t\t\tComunicado No 19 &#8211; Noviembre 2025\t\t\t<\/a>\n\t\t<\/h3>\n\t\t\t\t<div class=\"elementor-post__excerpt\">\n\t\t\t<p>Precierre fiscal 2025<\/p>\n\t\t<\/div>\n\t\t\n\t\t<a class=\"elementor-post__read-more\" href=\"https:\/\/fralla.mx\/insights\/comunicado-no-19-noviembre-2025\/\" aria-label=\"Read more about Comunicado No 19 &#8211; Noviembre 2025\" tabindex=\"-1\" >\n\t\t\tSigue Leyendo \u00bb\t\t<\/a>\n\n\t\t\t\t<\/div>\n\t\t\t\t<div class=\"elementor-post__meta-data\">\n\t\t\t\t\t<span class=\"elementor-post-date\">\n\t\t\t07\/11\/2025\t\t<\/span>\n\t\t\t\t<span class=\"elementor-post-avatar\">\n\t\t\tNo hay comentarios\t\t<\/span>\n\t\t\t\t<\/div>\n\t\t\t\t\t<\/div>\n\t\t<\/article>\n\t\t\t\t<article class=\"elementor-post elementor-grid-item post-8879 post type-post status-publish format-image has-post-thumbnail hentry category-noticias-fiscales post_format-post-format-image\" role=\"listitem\">\n\t\t\t<div class=\"elementor-post__card\">\n\t\t\t\t<a class=\"elementor-post__thumbnail__link\" href=\"https:\/\/fralla.mx\/insights\/flash-fiscal-no-29-noviembre-2025\/\" tabindex=\"-1\" ><div class=\"elementor-post__thumbnail\"><img loading=\"lazy\" decoding=\"async\" width=\"1043\" height=\"552\" src=\"https:\/\/fralla.mx\/insights\/wp-content\/uploads\/2025\/11\/Captura-de-pantalla-2025-11-04-084016.png\" class=\"attachment-full size-full wp-image-8872\" alt=\"\" srcset=\"https:\/\/fralla.mx\/insights\/wp-content\/uploads\/2025\/11\/Captura-de-pantalla-2025-11-04-084016.png 1043w, https:\/\/fralla.mx\/insights\/wp-content\/uploads\/2025\/11\/Captura-de-pantalla-2025-11-04-084016-1024x542.png 1024w, https:\/\/fralla.mx\/insights\/wp-content\/uploads\/2025\/11\/Captura-de-pantalla-2025-11-04-084016-768x406.png 768w\" sizes=\"(max-width: 1043px) 100vw, 1043px\" \/><\/div><\/a>\n\t\t\t\t<div class=\"elementor-post__text\">\n\t\t\t\t<h3 class=\"elementor-post__title\">\n\t\t\t<a href=\"https:\/\/fralla.mx\/insights\/flash-fiscal-no-29-noviembre-2025\/\" >\n\t\t\t\tFlash Fiscal No 29 &#8211; Noviembre 2025\t\t\t<\/a>\n\t\t<\/h3>\n\t\t\t\t<div class=\"elementor-post__excerpt\">\n\t\t\t<p>Sexta Resoluci\u00f3n de Modificaciones a la RMF 2025<br \/>\nVersi\u00f3n anticipada (segunda)<\/p>\n\t\t<\/div>\n\t\t\n\t\t<a class=\"elementor-post__read-more\" href=\"https:\/\/fralla.mx\/insights\/flash-fiscal-no-29-noviembre-2025\/\" aria-label=\"Read more about Flash Fiscal No 29 &#8211; Noviembre 2025\" tabindex=\"-1\" >\n\t\t\tSigue Leyendo \u00bb\t\t<\/a>\n\n\t\t\t\t<\/div>\n\t\t\t\t<div class=\"elementor-post__meta-data\">\n\t\t\t\t\t<span class=\"elementor-post-date\">\n\t\t\t04\/11\/2025\t\t<\/span>\n\t\t\t\t<span class=\"elementor-post-avatar\">\n\t\t\tNo hay comentarios\t\t<\/span>\n\t\t\t\t<\/div>\n\t\t\t\t\t<\/div>\n\t\t<\/article>\n\t\t\t\t<article class=\"elementor-post elementor-grid-item post-8874 post type-post status-publish format-image has-post-thumbnail hentry category-noticias-fiscales post_format-post-format-image\" role=\"listitem\">\n\t\t\t<div class=\"elementor-post__card\">\n\t\t\t\t<a class=\"elementor-post__thumbnail__link\" href=\"https:\/\/fralla.mx\/insights\/flash-fiscal-no-28-noviembre-2025\/\" tabindex=\"-1\" ><div class=\"elementor-post__thumbnail\"><img loading=\"lazy\" decoding=\"async\" width=\"1011\" height=\"562\" src=\"https:\/\/fralla.mx\/insights\/wp-content\/uploads\/2025\/11\/Captura-de-pantalla-2025-11-03-082315.png\" class=\"attachment-full size-full wp-image-8869\" alt=\"\" srcset=\"https:\/\/fralla.mx\/insights\/wp-content\/uploads\/2025\/11\/Captura-de-pantalla-2025-11-03-082315.png 1011w, https:\/\/fralla.mx\/insights\/wp-content\/uploads\/2025\/11\/Captura-de-pantalla-2025-11-03-082315-768x427.png 768w\" sizes=\"(max-width: 1011px) 100vw, 1011px\" \/><\/div><\/a>\n\t\t\t\t<div class=\"elementor-post__text\">\n\t\t\t\t<h3 class=\"elementor-post__title\">\n\t\t\t<a href=\"https:\/\/fralla.mx\/insights\/flash-fiscal-no-28-noviembre-2025\/\" >\n\t\t\t\tFlash Fiscal No 28 &#8211; Noviembre 2025\t\t\t<\/a>\n\t\t<\/h3>\n\t\t\t\t<div class=\"elementor-post__excerpt\">\n\t\t\t<p>Est\u00edmulo fiscal para incentivar el uso de medio de pago electr\u00f3nicos<\/p>\n\t\t<\/div>\n\t\t\n\t\t<a class=\"elementor-post__read-more\" href=\"https:\/\/fralla.mx\/insights\/flash-fiscal-no-28-noviembre-2025\/\" aria-label=\"Read more about Flash Fiscal No 28 &#8211; Noviembre 2025\" tabindex=\"-1\" >\n\t\t\tSigue Leyendo \u00bb\t\t<\/a>\n\n\t\t\t\t<\/div>\n\t\t\t\t<div class=\"elementor-post__meta-data\">\n\t\t\t\t\t<span class=\"elementor-post-date\">\n\t\t\t04\/11\/2025\t\t<\/span>\n\t\t\t\t<span class=\"elementor-post-avatar\">\n\t\t\tNo hay comentarios\t\t<\/span>\n\t\t\t\t<\/div>\n\t\t\t\t\t<\/div>\n\t\t<\/article>\n\t\t\t\t<article class=\"elementor-post elementor-grid-item post-8860 post type-post status-publish format-image has-post-thumbnail hentry category-noticias-fiscales post_format-post-format-image\" role=\"listitem\">\n\t\t\t<div class=\"elementor-post__card\">\n\t\t\t\t<a class=\"elementor-post__thumbnail__link\" href=\"https:\/\/fralla.mx\/insights\/flash-fiscal-no-27-octubre-2025\/\" tabindex=\"-1\" ><div class=\"elementor-post__thumbnail\"><img loading=\"lazy\" decoding=\"async\" width=\"969\" height=\"564\" src=\"https:\/\/fralla.mx\/insights\/wp-content\/uploads\/2025\/10\/Captura-de-pantalla-2025-10-29-084421.png\" class=\"attachment-full size-full wp-image-8859\" alt=\"\" srcset=\"https:\/\/fralla.mx\/insights\/wp-content\/uploads\/2025\/10\/Captura-de-pantalla-2025-10-29-084421.png 969w, https:\/\/fralla.mx\/insights\/wp-content\/uploads\/2025\/10\/Captura-de-pantalla-2025-10-29-084421-768x447.png 768w\" sizes=\"(max-width: 969px) 100vw, 969px\" \/><\/div><\/a>\n\t\t\t\t<div class=\"elementor-post__text\">\n\t\t\t\t<h3 class=\"elementor-post__title\">\n\t\t\t<a href=\"https:\/\/fralla.mx\/insights\/flash-fiscal-no-27-octubre-2025\/\" >\n\t\t\t\tFlash Fiscal No 27 &#8211; Octubre 2025\t\t\t<\/a>\n\t\t<\/h3>\n\t\t\t\t<div class=\"elementor-post__excerpt\">\n\t\t\t<p>Publicaci\u00f3n modificaci\u00f3n al Anexo 1-A de la RMF 2025<\/p>\n\t\t<\/div>\n\t\t\n\t\t<a class=\"elementor-post__read-more\" href=\"https:\/\/fralla.mx\/insights\/flash-fiscal-no-27-octubre-2025\/\" aria-label=\"Read more about Flash Fiscal No 27 &#8211; Octubre 2025\" tabindex=\"-1\" >\n\t\t\tSigue Leyendo \u00bb\t\t<\/a>\n\n\t\t\t\t<\/div>\n\t\t\t\t<div class=\"elementor-post__meta-data\">\n\t\t\t\t\t<span class=\"elementor-post-date\">\n\t\t\t29\/10\/2025\t\t<\/span>\n\t\t\t\t<span class=\"elementor-post-avatar\">\n\t\t\tNo hay comentarios\t\t<\/span>\n\t\t\t\t<\/div>\n\t\t\t\t\t<\/div>\n\t\t<\/article>\n\t\t\t\t<article class=\"elementor-post elementor-grid-item post-8849 post type-post status-publish format-image has-post-thumbnail hentry category-noticias-fiscales post_format-post-format-image\" role=\"listitem\">\n\t\t\t<div class=\"elementor-post__card\">\n\t\t\t\t<a class=\"elementor-post__thumbnail__link\" href=\"https:\/\/fralla.mx\/insights\/flash-general-no-16-octubre-2025\/\" tabindex=\"-1\" ><div class=\"elementor-post__thumbnail\"><img loading=\"lazy\" decoding=\"async\" width=\"728\" height=\"346\" src=\"https:\/\/fralla.mx\/insights\/wp-content\/uploads\/2025\/06\/Captura-de-pantalla-2025-06-12-a-las-18.38.50.png\" class=\"attachment-full size-full wp-image-8664\" alt=\"\" \/><\/div><\/a>\n\t\t\t\t<div class=\"elementor-post__text\">\n\t\t\t\t<h3 class=\"elementor-post__title\">\n\t\t\t<a href=\"https:\/\/fralla.mx\/insights\/flash-general-no-16-octubre-2025\/\" >\n\t\t\t\tFlash General No 16 &#8211; Octubre 2025\t\t\t<\/a>\n\t\t<\/h3>\n\t\t\t\t<div class=\"elementor-post__excerpt\">\n\t\t\t<p>\u00cdndice Nacional de Precios al Consumidor<\/p>\n\t\t<\/div>\n\t\t\n\t\t<a class=\"elementor-post__read-more\" href=\"https:\/\/fralla.mx\/insights\/flash-general-no-16-octubre-2025\/\" aria-label=\"Read more about Flash General No 16 &#8211; Octubre 2025\" tabindex=\"-1\" >\n\t\t\tSigue Leyendo \u00bb\t\t<\/a>\n\n\t\t\t\t<\/div>\n\t\t\t\t<div class=\"elementor-post__meta-data\">\n\t\t\t\t\t<span class=\"elementor-post-date\">\n\t\t\t10\/10\/2025\t\t<\/span>\n\t\t\t\t<span class=\"elementor-post-avatar\">\n\t\t\tNo hay comentarios\t\t<\/span>\n\t\t\t\t<\/div>\n\t\t\t\t\t<\/div>\n\t\t<\/article>\n\t\t\t\t<article class=\"elementor-post elementor-grid-item post-8843 post type-post status-publish format-image has-post-thumbnail hentry category-noticias-fiscales post_format-post-format-image\" role=\"listitem\">\n\t\t\t<div class=\"elementor-post__card\">\n\t\t\t\t<a class=\"elementor-post__thumbnail__link\" href=\"https:\/\/fralla.mx\/insights\/flash-fiscal-no-26-octubre-2025\/\" tabindex=\"-1\" ><div class=\"elementor-post__thumbnail\"><img loading=\"lazy\" decoding=\"async\" width=\"969\" height=\"423\" src=\"https:\/\/fralla.mx\/insights\/wp-content\/uploads\/2025\/10\/Captura-de-pantalla-2025-10-07-133209.png\" class=\"attachment-full size-full wp-image-8837\" alt=\"\" srcset=\"https:\/\/fralla.mx\/insights\/wp-content\/uploads\/2025\/10\/Captura-de-pantalla-2025-10-07-133209.png 969w, https:\/\/fralla.mx\/insights\/wp-content\/uploads\/2025\/10\/Captura-de-pantalla-2025-10-07-133209-768x335.png 768w\" sizes=\"(max-width: 969px) 100vw, 969px\" \/><\/div><\/a>\n\t\t\t\t<div class=\"elementor-post__text\">\n\t\t\t\t<h3 class=\"elementor-post__title\">\n\t\t\t<a href=\"https:\/\/fralla.mx\/insights\/flash-fiscal-no-26-octubre-2025\/\" >\n\t\t\t\tFlash Fiscal No 26 &#8211; Octubre 2025\t\t\t<\/a>\n\t\t<\/h3>\n\t\t\t\t<div class=\"elementor-post__excerpt\">\n\t\t\t<p>Quinta Resoluci\u00f3n de Modificaciones a la RMF 2025<br \/>\nVersi\u00f3n anticipada (segunda)<\/p>\n\t\t<\/div>\n\t\t\n\t\t<a class=\"elementor-post__read-more\" href=\"https:\/\/fralla.mx\/insights\/flash-fiscal-no-26-octubre-2025\/\" aria-label=\"Read more about Flash Fiscal No 26 &#8211; Octubre 2025\" tabindex=\"-1\" >\n\t\t\tSigue Leyendo \u00bb\t\t<\/a>\n\n\t\t\t\t<\/div>\n\t\t\t\t<div class=\"elementor-post__meta-data\">\n\t\t\t\t\t<span class=\"elementor-post-date\">\n\t\t\t08\/10\/2025\t\t<\/span>\n\t\t\t\t<span class=\"elementor-post-avatar\">\n\t\t\tNo hay comentarios\t\t<\/span>\n\t\t\t\t<\/div>\n\t\t\t\t\t<\/div>\n\t\t<\/article>\n\t\t\t\t<article class=\"elementor-post elementor-grid-item post-8838 post type-post status-publish format-image has-post-thumbnail hentry category-noticias-fiscales post_format-post-format-image\" role=\"listitem\">\n\t\t\t<div class=\"elementor-post__card\">\n\t\t\t\t<a class=\"elementor-post__thumbnail__link\" href=\"https:\/\/fralla.mx\/insights\/flash-fiscal-no-25-octubre-2025\/\" tabindex=\"-1\" ><div class=\"elementor-post__thumbnail\"><img loading=\"lazy\" decoding=\"async\" width=\"387\" height=\"256\" src=\"https:\/\/fralla.mx\/insights\/wp-content\/uploads\/2025\/09\/Captura-de-pantalla-2025-09-30-094106.png\" class=\"attachment-full size-full wp-image-8817\" alt=\"\" \/><\/div><\/a>\n\t\t\t\t<div class=\"elementor-post__text\">\n\t\t\t\t<h3 class=\"elementor-post__title\">\n\t\t\t<a href=\"https:\/\/fralla.mx\/insights\/flash-fiscal-no-25-octubre-2025\/\" >\n\t\t\t\tFlash Fiscal No 25 &#8211; Octubre 2025\t\t\t<\/a>\n\t\t<\/h3>\n\t\t\t\t<div class=\"elementor-post__excerpt\">\n\t\t\t<p>Quinta Resoluci\u00f3n de Modificaciones a la RMF 2025<br \/>\nVersi\u00f3n anticipada (primera)<\/p>\n\t\t<\/div>\n\t\t\n\t\t<a class=\"elementor-post__read-more\" href=\"https:\/\/fralla.mx\/insights\/flash-fiscal-no-25-octubre-2025\/\" aria-label=\"Read more about Flash Fiscal No 25 &#8211; Octubre 2025\" tabindex=\"-1\" >\n\t\t\tSigue Leyendo \u00bb\t\t<\/a>\n\n\t\t\t\t<\/div>\n\t\t\t\t<div class=\"elementor-post__meta-data\">\n\t\t\t\t\t<span class=\"elementor-post-date\">\n\t\t\t08\/10\/2025\t\t<\/span>\n\t\t\t\t<span class=\"elementor-post-avatar\">\n\t\t\tNo hay comentarios\t\t<\/span>\n\t\t\t\t<\/div>\n\t\t\t\t\t<\/div>\n\t\t<\/article>\n\t\t\t\t<article class=\"elementor-post elementor-grid-item post-8810 post type-post status-publish format-image has-post-thumbnail hentry category-noticias-fiscales post_format-post-format-image\" role=\"listitem\">\n\t\t\t<div class=\"elementor-post__card\">\n\t\t\t\t<a class=\"elementor-post__thumbnail__link\" href=\"https:\/\/fralla.mx\/insights\/comunicado-no-18-septiembre-2025\/\" tabindex=\"-1\" ><div class=\"elementor-post__thumbnail\"><img loading=\"lazy\" decoding=\"async\" width=\"754\" height=\"341\" src=\"https:\/\/fralla.mx\/insights\/wp-content\/uploads\/2025\/09\/Captura-de-pantalla-2025-09-19-072717.png\" class=\"attachment-full size-full wp-image-8809\" alt=\"\" \/><\/div><\/a>\n\t\t\t\t<div class=\"elementor-post__text\">\n\t\t\t\t<h3 class=\"elementor-post__title\">\n\t\t\t<a href=\"https:\/\/fralla.mx\/insights\/comunicado-no-18-septiembre-2025\/\" >\n\t\t\t\tComunicado No 18 &#8211; Septiembre 2025\t\t\t<\/a>\n\t\t<\/h3>\n\t\t\t\t<div class=\"elementor-post__excerpt\">\n\t\t\t<p>Visitas de inspecci\u00f3n STPS\/IMSS<\/p>\n\t\t<\/div>\n\t\t\n\t\t<a class=\"elementor-post__read-more\" href=\"https:\/\/fralla.mx\/insights\/comunicado-no-18-septiembre-2025\/\" aria-label=\"Read more about Comunicado No 18 &#8211; Septiembre 2025\" tabindex=\"-1\" >\n\t\t\tSigue Leyendo \u00bb\t\t<\/a>\n\n\t\t\t\t<\/div>\n\t\t\t\t<div class=\"elementor-post__meta-data\">\n\t\t\t\t\t<span class=\"elementor-post-date\">\n\t\t\t19\/09\/2025\t\t<\/span>\n\t\t\t\t<span class=\"elementor-post-avatar\">\n\t\t\tNo hay comentarios\t\t<\/span>\n\t\t\t\t<\/div>\n\t\t\t\t\t<\/div>\n\t\t<\/article>\n\t\t\t\t<article class=\"elementor-post elementor-grid-item post-8802 post type-post status-publish format-image has-post-thumbnail hentry category-noticias-fiscales post_format-post-format-image\" role=\"listitem\">\n\t\t\t<div class=\"elementor-post__card\">\n\t\t\t\t<a class=\"elementor-post__thumbnail__link\" href=\"https:\/\/fralla.mx\/insights\/comunicado-no-17-septiembre-2025\/\" tabindex=\"-1\" ><div class=\"elementor-post__thumbnail\"><img loading=\"lazy\" decoding=\"async\" width=\"635\" height=\"346\" src=\"https:\/\/fralla.mx\/insights\/wp-content\/uploads\/2025\/09\/Captura-de-pantalla-2025-09-12-091413.png\" class=\"attachment-full size-full wp-image-8801\" alt=\"\" \/><\/div><\/a>\n\t\t\t\t<div class=\"elementor-post__text\">\n\t\t\t\t<h3 class=\"elementor-post__title\">\n\t\t\t<a href=\"https:\/\/fralla.mx\/insights\/comunicado-no-17-septiembre-2025\/\" >\n\t\t\t\tComunicado No 17 &#8211; Septiembre 2025\t\t\t<\/a>\n\t\t<\/h3>\n\t\t\t\t<div class=\"elementor-post__excerpt\">\n\t\t\t<p>DECLARACIONES INFORMATIVAS SUBCONTRATACI\u00d3N<\/p>\n\t\t<\/div>\n\t\t\n\t\t<a class=\"elementor-post__read-more\" href=\"https:\/\/fralla.mx\/insights\/comunicado-no-17-septiembre-2025\/\" aria-label=\"Read more about Comunicado No 17 &#8211; Septiembre 2025\" tabindex=\"-1\" >\n\t\t\tSigue Leyendo \u00bb\t\t<\/a>\n\n\t\t\t\t<\/div>\n\t\t\t\t<div class=\"elementor-post__meta-data\">\n\t\t\t\t\t<span class=\"elementor-post-date\">\n\t\t\t12\/09\/2025\t\t<\/span>\n\t\t\t\t<span class=\"elementor-post-avatar\">\n\t\t\tNo hay comentarios\t\t<\/span>\n\t\t\t\t<\/div>\n\t\t\t\t\t<\/div>\n\t\t<\/article>\n\t\t\t\t<article class=\"elementor-post elementor-grid-item post-8795 post type-post status-publish format-image has-post-thumbnail hentry category-noticias-fiscales post_format-post-format-image\" role=\"listitem\">\n\t\t\t<div class=\"elementor-post__card\">\n\t\t\t\t<a class=\"elementor-post__thumbnail__link\" href=\"https:\/\/fralla.mx\/insights\/flash-general-no-15-septiembre-2025\/\" tabindex=\"-1\" ><div class=\"elementor-post__thumbnail\"><img loading=\"lazy\" decoding=\"async\" width=\"728\" height=\"346\" src=\"https:\/\/fralla.mx\/insights\/wp-content\/uploads\/2025\/06\/Captura-de-pantalla-2025-06-12-a-las-18.38.50.png\" class=\"attachment-full size-full wp-image-8664\" alt=\"\" \/><\/div><\/a>\n\t\t\t\t<div class=\"elementor-post__text\">\n\t\t\t\t<h3 class=\"elementor-post__title\">\n\t\t\t<a href=\"https:\/\/fralla.mx\/insights\/flash-general-no-15-septiembre-2025\/\" >\n\t\t\t\tFlash General No 15 &#8211; Septiembre 2025\t\t\t<\/a>\n\t\t<\/h3>\n\t\t\t\t<div class=\"elementor-post__excerpt\">\n\t\t\t<p>\u00cdndice Nacional de Precios al Consumidor<\/p>\n\t\t<\/div>\n\t\t\n\t\t<a class=\"elementor-post__read-more\" href=\"https:\/\/fralla.mx\/insights\/flash-general-no-15-septiembre-2025\/\" aria-label=\"Read more about Flash General No 15 &#8211; Septiembre 2025\" tabindex=\"-1\" >\n\t\t\tSigue Leyendo \u00bb\t\t<\/a>\n\n\t\t\t\t<\/div>\n\t\t\t\t<div class=\"elementor-post__meta-data\">\n\t\t\t\t\t<span class=\"elementor-post-date\">\n\t\t\t10\/09\/2025\t\t<\/span>\n\t\t\t\t<span class=\"elementor-post-avatar\">\n\t\t\tNo hay comentarios\t\t<\/span>\n\t\t\t\t<\/div>\n\t\t\t\t\t<\/div>\n\t\t<\/article>\n\t\t\t\t<article class=\"elementor-post elementor-grid-item post-8789 post type-post status-publish format-image has-post-thumbnail hentry category-noticias-fiscales post_format-post-format-image\" role=\"listitem\">\n\t\t\t<div class=\"elementor-post__card\">\n\t\t\t\t<a class=\"elementor-post__thumbnail__link\" href=\"https:\/\/fralla.mx\/insights\/flash-fiscal-no-24-septiembre-2025\/\" tabindex=\"-1\" ><div class=\"elementor-post__thumbnail\"><img loading=\"lazy\" decoding=\"async\" width=\"679\" height=\"375\" src=\"https:\/\/fralla.mx\/insights\/wp-content\/uploads\/2025\/09\/Captura-de-pantalla-2025-09-09-092319.png\" class=\"attachment-full size-full wp-image-8788\" alt=\"\" \/><\/div><\/a>\n\t\t\t\t<div class=\"elementor-post__text\">\n\t\t\t\t<h3 class=\"elementor-post__title\">\n\t\t\t<a href=\"https:\/\/fralla.mx\/insights\/flash-fiscal-no-24-septiembre-2025\/\" >\n\t\t\t\tFlash Fiscal No 24 &#8211; Septiembre 2025\t\t\t<\/a>\n\t\t<\/h3>\n\t\t\t\t<div class=\"elementor-post__excerpt\">\n\t\t\t<p>Paquete Econ\u00f3mico 2026<\/p>\n\t\t<\/div>\n\t\t\n\t\t<a class=\"elementor-post__read-more\" href=\"https:\/\/fralla.mx\/insights\/flash-fiscal-no-24-septiembre-2025\/\" aria-label=\"Read more about Flash Fiscal No 24 &#8211; Septiembre 2025\" tabindex=\"-1\" >\n\t\t\tSigue Leyendo \u00bb\t\t<\/a>\n\n\t\t\t\t<\/div>\n\t\t\t\t<div class=\"elementor-post__meta-data\">\n\t\t\t\t\t<span class=\"elementor-post-date\">\n\t\t\t09\/09\/2025\t\t<\/span>\n\t\t\t\t<span class=\"elementor-post-avatar\">\n\t\t\tNo hay comentarios\t\t<\/span>\n\t\t\t\t<\/div>\n\t\t\t\t\t<\/div>\n\t\t<\/article>\n\t\t\t\t<article class=\"elementor-post elementor-grid-item post-8782 post type-post status-publish format-image has-post-thumbnail hentry category-noticias-fiscales post_format-post-format-image\" role=\"listitem\">\n\t\t\t<div class=\"elementor-post__card\">\n\t\t\t\t<a class=\"elementor-post__thumbnail__link\" href=\"https:\/\/fralla.mx\/insights\/comunicado-no-16-septiembre-2025\/\" tabindex=\"-1\" ><div class=\"elementor-post__thumbnail\"><img loading=\"lazy\" decoding=\"async\" width=\"448\" height=\"287\" src=\"https:\/\/fralla.mx\/insights\/wp-content\/uploads\/2025\/09\/Captura-de-pantalla-2025-09-08-135718.png\" class=\"attachment-full size-full wp-image-8781\" alt=\"\" \/><\/div><\/a>\n\t\t\t\t<div class=\"elementor-post__text\">\n\t\t\t\t<h3 class=\"elementor-post__title\">\n\t\t\t<a href=\"https:\/\/fralla.mx\/insights\/comunicado-no-16-septiembre-2025\/\" >\n\t\t\t\tComunicado No 16 &#8211; Septiembre 2025\t\t\t<\/a>\n\t\t<\/h3>\n\t\t\t\t<div class=\"elementor-post__excerpt\">\n\t\t\t<p>\u00bfBENEFICIARIO CONTROLADOR?<\/p>\n\t\t<\/div>\n\t\t\n\t\t<a class=\"elementor-post__read-more\" href=\"https:\/\/fralla.mx\/insights\/comunicado-no-16-septiembre-2025\/\" aria-label=\"Read more about Comunicado No 16 &#8211; Septiembre 2025\" tabindex=\"-1\" >\n\t\t\tSigue Leyendo \u00bb\t\t<\/a>\n\n\t\t\t\t<\/div>\n\t\t\t\t<div class=\"elementor-post__meta-data\">\n\t\t\t\t\t<span class=\"elementor-post-date\">\n\t\t\t08\/09\/2025\t\t<\/span>\n\t\t\t\t<span class=\"elementor-post-avatar\">\n\t\t\tNo hay comentarios\t\t<\/span>\n\t\t\t\t<\/div>\n\t\t\t\t\t<\/div>\n\t\t<\/article>\n\t\t\t\t<article class=\"elementor-post elementor-grid-item post-8773 post type-post status-publish format-image has-post-thumbnail hentry category-noticias-fiscales post_format-post-format-image\" role=\"listitem\">\n\t\t\t<div class=\"elementor-post__card\">\n\t\t\t\t<a class=\"elementor-post__thumbnail__link\" href=\"https:\/\/fralla.mx\/insights\/comunicado-no-14-septiembre-2025\/\" tabindex=\"-1\" ><div class=\"elementor-post__thumbnail\"><img loading=\"lazy\" decoding=\"async\" width=\"475\" height=\"261\" src=\"https:\/\/fralla.mx\/insights\/wp-content\/uploads\/2025\/09\/Captura-de-pantalla-2025-09-04-143158.png\" class=\"attachment-full size-full wp-image-8771\" alt=\"\" \/><\/div><\/a>\n\t\t\t\t<div class=\"elementor-post__text\">\n\t\t\t\t<h3 class=\"elementor-post__title\">\n\t\t\t<a href=\"https:\/\/fralla.mx\/insights\/comunicado-no-14-septiembre-2025\/\" >\n\t\t\t\tComunicado No 15 &#8211; Septiembre 2025\t\t\t<\/a>\n\t\t<\/h3>\n\t\t\t\t<div class=\"elementor-post__excerpt\">\n\t\t\t<p>EST\u00cdMULO DE REGULARIZACI\u00d3N FISCAL<\/p>\n\t\t<\/div>\n\t\t\n\t\t<a class=\"elementor-post__read-more\" href=\"https:\/\/fralla.mx\/insights\/comunicado-no-14-septiembre-2025\/\" aria-label=\"Read more about Comunicado No 15 &#8211; Septiembre 2025\" tabindex=\"-1\" >\n\t\t\tSigue Leyendo \u00bb\t\t<\/a>\n\n\t\t\t\t<\/div>\n\t\t\t\t<div class=\"elementor-post__meta-data\">\n\t\t\t\t\t<span class=\"elementor-post-date\">\n\t\t\t04\/09\/2025\t\t<\/span>\n\t\t\t\t<span class=\"elementor-post-avatar\">\n\t\t\tNo hay comentarios\t\t<\/span>\n\t\t\t\t<\/div>\n\t\t\t\t\t<\/div>\n\t\t<\/article>\n\t\t\t\t<article class=\"elementor-post elementor-grid-item post-8765 post type-post status-publish format-image has-post-thumbnail hentry category-noticias-fiscales post_format-post-format-image\" role=\"listitem\">\n\t\t\t<div class=\"elementor-post__card\">\n\t\t\t\t<a class=\"elementor-post__thumbnail__link\" href=\"https:\/\/fralla.mx\/insights\/comunicado-no-14-agosto-2025\/\" tabindex=\"-1\" ><div class=\"elementor-post__thumbnail\"><img loading=\"lazy\" decoding=\"async\" width=\"374\" height=\"279\" src=\"https:\/\/fralla.mx\/insights\/wp-content\/uploads\/2025\/08\/Captura-de-pantalla-2025-08-26-183642.png\" class=\"attachment-full size-full wp-image-8759\" alt=\"\" \/><\/div><\/a>\n\t\t\t\t<div class=\"elementor-post__text\">\n\t\t\t\t<h3 class=\"elementor-post__title\">\n\t\t\t<a href=\"https:\/\/fralla.mx\/insights\/comunicado-no-14-agosto-2025\/\" >\n\t\t\t\tComunicado No 14 &#8211; Agosto 2025\t\t\t<\/a>\n\t\t<\/h3>\n\t\t\t\t<div class=\"elementor-post__excerpt\">\n\t\t\t<p>Ampl\u00eda el Servicio de Administraci\u00f3n Tributaria los servicios en aplicaciones digitales.<\/p>\n\t\t<\/div>\n\t\t\n\t\t<a class=\"elementor-post__read-more\" href=\"https:\/\/fralla.mx\/insights\/comunicado-no-14-agosto-2025\/\" aria-label=\"Read more about Comunicado No 14 &#8211; Agosto 2025\" tabindex=\"-1\" >\n\t\t\tSigue Leyendo \u00bb\t\t<\/a>\n\n\t\t\t\t<\/div>\n\t\t\t\t<div class=\"elementor-post__meta-data\">\n\t\t\t\t\t<span class=\"elementor-post-date\">\n\t\t\t26\/08\/2025\t\t<\/span>\n\t\t\t\t<span class=\"elementor-post-avatar\">\n\t\t\tNo hay comentarios\t\t<\/span>\n\t\t\t\t<\/div>\n\t\t\t\t\t<\/div>\n\t\t<\/article>\n\t\t\t\t<article class=\"elementor-post elementor-grid-item post-8760 post type-post status-publish format-image has-post-thumbnail hentry category-noticias-fiscales post_format-post-format-image\" role=\"listitem\">\n\t\t\t<div class=\"elementor-post__card\">\n\t\t\t\t<a class=\"elementor-post__thumbnail__link\" href=\"https:\/\/fralla.mx\/insights\/comunicado-no-13-agosto-2025\/\" tabindex=\"-1\" ><div class=\"elementor-post__thumbnail\"><img loading=\"lazy\" decoding=\"async\" width=\"785\" height=\"415\" src=\"https:\/\/fralla.mx\/insights\/wp-content\/uploads\/2025\/08\/Captura-de-pantalla-2025-08-26-112606.png\" class=\"attachment-full size-full wp-image-8758\" alt=\"\" srcset=\"https:\/\/fralla.mx\/insights\/wp-content\/uploads\/2025\/08\/Captura-de-pantalla-2025-08-26-112606.png 785w, https:\/\/fralla.mx\/insights\/wp-content\/uploads\/2025\/08\/Captura-de-pantalla-2025-08-26-112606-768x406.png 768w\" sizes=\"(max-width: 785px) 100vw, 785px\" \/><\/div><\/a>\n\t\t\t\t<div class=\"elementor-post__text\">\n\t\t\t\t<h3 class=\"elementor-post__title\">\n\t\t\t<a href=\"https:\/\/fralla.mx\/insights\/comunicado-no-13-agosto-2025\/\" >\n\t\t\t\tComunicado No 13 &#8211; Agosto 2025\t\t\t<\/a>\n\t\t<\/h3>\n\t\t\t\t<div class=\"elementor-post__excerpt\">\n\t\t\t<p>Sistema \u00danico de Autodeterminaci\u00f3n<\/p>\n\t\t<\/div>\n\t\t\n\t\t<a class=\"elementor-post__read-more\" href=\"https:\/\/fralla.mx\/insights\/comunicado-no-13-agosto-2025\/\" aria-label=\"Read more about Comunicado No 13 &#8211; Agosto 2025\" tabindex=\"-1\" >\n\t\t\tSigue Leyendo \u00bb\t\t<\/a>\n\n\t\t\t\t<\/div>\n\t\t\t\t<div class=\"elementor-post__meta-data\">\n\t\t\t\t\t<span class=\"elementor-post-date\">\n\t\t\t26\/08\/2025\t\t<\/span>\n\t\t\t\t<span class=\"elementor-post-avatar\">\n\t\t\tNo hay comentarios\t\t<\/span>\n\t\t\t\t<\/div>\n\t\t\t\t\t<\/div>\n\t\t<\/article>\n\t\t\t\t<article class=\"elementor-post elementor-grid-item post-8748 post type-post status-publish format-image has-post-thumbnail hentry category-noticias-fiscales post_format-post-format-image\" role=\"listitem\">\n\t\t\t<div class=\"elementor-post__card\">\n\t\t\t\t<a class=\"elementor-post__thumbnail__link\" href=\"https:\/\/fralla.mx\/insights\/flash-general-no-14-agosto-2025\/\" tabindex=\"-1\" ><div class=\"elementor-post__thumbnail\"><img loading=\"lazy\" decoding=\"async\" width=\"384\" height=\"254\" src=\"https:\/\/fralla.mx\/insights\/wp-content\/uploads\/2025\/08\/Captura-de-pantalla-2025-08-11-180411.png\" class=\"attachment-full size-full wp-image-8744\" alt=\"\" \/><\/div><\/a>\n\t\t\t\t<div class=\"elementor-post__text\">\n\t\t\t\t<h3 class=\"elementor-post__title\">\n\t\t\t<a href=\"https:\/\/fralla.mx\/insights\/flash-general-no-14-agosto-2025\/\" >\n\t\t\t\tFlash General No 14 &#8211; Agosto 2025\t\t\t<\/a>\n\t\t<\/h3>\n\t\t\t\t<div class=\"elementor-post__excerpt\">\n\t\t\t<p>Env\u00edo recurrente de tu Constancia de Situaci\u00f3n Fiscal de manera mensual<\/p>\n\t\t<\/div>\n\t\t\n\t\t<a class=\"elementor-post__read-more\" href=\"https:\/\/fralla.mx\/insights\/flash-general-no-14-agosto-2025\/\" aria-label=\"Read more about Flash General No 14 &#8211; Agosto 2025\" tabindex=\"-1\" >\n\t\t\tSigue Leyendo \u00bb\t\t<\/a>\n\n\t\t\t\t<\/div>\n\t\t\t\t<div class=\"elementor-post__meta-data\">\n\t\t\t\t\t<span class=\"elementor-post-date\">\n\t\t\t12\/08\/2025\t\t<\/span>\n\t\t\t\t<span class=\"elementor-post-avatar\">\n\t\t\tNo hay comentarios\t\t<\/span>\n\t\t\t\t<\/div>\n\t\t\t\t\t<\/div>\n\t\t<\/article>\n\t\t\t\t<article class=\"elementor-post elementor-grid-item post-8738 post type-post status-publish format-image has-post-thumbnail hentry category-noticias-fiscales post_format-post-format-image\" role=\"listitem\">\n\t\t\t<div class=\"elementor-post__card\">\n\t\t\t\t<a class=\"elementor-post__thumbnail__link\" href=\"https:\/\/fralla.mx\/insights\/flash-general-no-13-agosto-2025\/\" tabindex=\"-1\" ><div class=\"elementor-post__thumbnail\"><img loading=\"lazy\" decoding=\"async\" width=\"728\" height=\"346\" src=\"https:\/\/fralla.mx\/insights\/wp-content\/uploads\/2025\/06\/Captura-de-pantalla-2025-06-12-a-las-18.38.50.png\" class=\"attachment-full size-full wp-image-8664\" alt=\"\" \/><\/div><\/a>\n\t\t\t\t<div class=\"elementor-post__text\">\n\t\t\t\t<h3 class=\"elementor-post__title\">\n\t\t\t<a href=\"https:\/\/fralla.mx\/insights\/flash-general-no-13-agosto-2025\/\" >\n\t\t\t\tFlash General No 13 &#8211; Agosto 2025\t\t\t<\/a>\n\t\t<\/h3>\n\t\t\t\t<div class=\"elementor-post__excerpt\">\n\t\t\t<p>\u00cdndice Nacional de Precios al Consumidor<\/p>\n\t\t<\/div>\n\t\t\n\t\t<a class=\"elementor-post__read-more\" href=\"https:\/\/fralla.mx\/insights\/flash-general-no-13-agosto-2025\/\" aria-label=\"Read more about Flash General No 13 &#8211; Agosto 2025\" tabindex=\"-1\" >\n\t\t\tSigue Leyendo \u00bb\t\t<\/a>\n\n\t\t\t\t<\/div>\n\t\t\t\t<div class=\"elementor-post__meta-data\">\n\t\t\t\t\t<span class=\"elementor-post-date\">\n\t\t\t11\/08\/2025\t\t<\/span>\n\t\t\t\t<span class=\"elementor-post-avatar\">\n\t\t\tNo hay comentarios\t\t<\/span>\n\t\t\t\t<\/div>\n\t\t\t\t\t<\/div>\n\t\t<\/article>\n\t\t\t\t<article class=\"elementor-post elementor-grid-item post-8720 post type-post status-publish format-image has-post-thumbnail hentry category-noticias-fiscales post_format-post-format-image\" role=\"listitem\">\n\t\t\t<div class=\"elementor-post__card\">\n\t\t\t\t<a class=\"elementor-post__thumbnail__link\" href=\"https:\/\/fralla.mx\/insights\/flash-fiscal-no-23-julio-2025\/\" tabindex=\"-1\" ><div class=\"elementor-post__thumbnail\"><img loading=\"lazy\" decoding=\"async\" width=\"458\" height=\"225\" src=\"https:\/\/fralla.mx\/insights\/wp-content\/uploads\/2025\/05\/Captura-de-pantalla-2025-05-26-210641.png\" class=\"attachment-full size-full wp-image-8626\" alt=\"\" \/><\/div><\/a>\n\t\t\t\t<div class=\"elementor-post__text\">\n\t\t\t\t<h3 class=\"elementor-post__title\">\n\t\t\t<a href=\"https:\/\/fralla.mx\/insights\/flash-fiscal-no-23-julio-2025\/\" >\n\t\t\t\tFlash Fiscal No 23 &#8211; Julio 2025\t\t\t<\/a>\n\t\t<\/h3>\n\t\t\t\t<div class=\"elementor-post__excerpt\">\n\t\t\t<p>Listados Globales Definitivos Art\u00edculo 69-B CFF<\/p>\n\t\t<\/div>\n\t\t\n\t\t<a class=\"elementor-post__read-more\" href=\"https:\/\/fralla.mx\/insights\/flash-fiscal-no-23-julio-2025\/\" aria-label=\"Read more about Flash Fiscal No 23 &#8211; Julio 2025\" tabindex=\"-1\" >\n\t\t\tSigue Leyendo \u00bb\t\t<\/a>\n\n\t\t\t\t<\/div>\n\t\t\t\t<div class=\"elementor-post__meta-data\">\n\t\t\t\t\t<span class=\"elementor-post-date\">\n\t\t\t18\/07\/2025\t\t<\/span>\n\t\t\t\t<span class=\"elementor-post-avatar\">\n\t\t\tNo hay comentarios\t\t<\/span>\n\t\t\t\t<\/div>\n\t\t\t\t\t<\/div>\n\t\t<\/article>\n\t\t\t\t<article class=\"elementor-post elementor-grid-item post-8714 post type-post status-publish format-image has-post-thumbnail hentry category-noticias-fiscales post_format-post-format-image\" role=\"listitem\">\n\t\t\t<div class=\"elementor-post__card\">\n\t\t\t\t<a class=\"elementor-post__thumbnail__link\" href=\"https:\/\/fralla.mx\/insights\/flash-fiscal-no-22-julio-2025\/\" tabindex=\"-1\" ><div class=\"elementor-post__thumbnail\"><img loading=\"lazy\" decoding=\"async\" width=\"518\" height=\"280\" src=\"https:\/\/fralla.mx\/insights\/wp-content\/uploads\/2025\/07\/Captura-de-pantalla-2025-07-18-a-las-13.11.11.png\" class=\"attachment-full size-full wp-image-8716\" alt=\"\" \/><\/div><\/a>\n\t\t\t\t<div class=\"elementor-post__text\">\n\t\t\t\t<h3 class=\"elementor-post__title\">\n\t\t\t<a href=\"https:\/\/fralla.mx\/insights\/flash-fiscal-no-22-julio-2025\/\" >\n\t\t\t\tFlash Fiscal No 22 &#8211; Julio 2025\t\t\t<\/a>\n\t\t<\/h3>\n\t\t\t\t<div class=\"elementor-post__excerpt\">\n\t\t\t<p>Listado Global de Presunci\u00f3n Art\u00edculo 69-B CFF<\/p>\n\t\t<\/div>\n\t\t\n\t\t<a class=\"elementor-post__read-more\" href=\"https:\/\/fralla.mx\/insights\/flash-fiscal-no-22-julio-2025\/\" aria-label=\"Read more about Flash Fiscal No 22 &#8211; Julio 2025\" tabindex=\"-1\" >\n\t\t\tSigue Leyendo \u00bb\t\t<\/a>\n\n\t\t\t\t<\/div>\n\t\t\t\t<div class=\"elementor-post__meta-data\">\n\t\t\t\t\t<span class=\"elementor-post-date\">\n\t\t\t18\/07\/2025\t\t<\/span>\n\t\t\t\t<span class=\"elementor-post-avatar\">\n\t\t\tNo hay comentarios\t\t<\/span>\n\t\t\t\t<\/div>\n\t\t\t\t\t<\/div>\n\t\t<\/article>\n\t\t\t\t<article class=\"elementor-post elementor-grid-item post-8703 post type-post status-publish format-image has-post-thumbnail hentry category-noticias-fiscales post_format-post-format-image\" role=\"listitem\">\n\t\t\t<div class=\"elementor-post__card\">\n\t\t\t\t<a class=\"elementor-post__thumbnail__link\" href=\"https:\/\/fralla.mx\/insights\/flahsh-general-no-12-julio-2025\/\" tabindex=\"-1\" ><div class=\"elementor-post__thumbnail\"><img loading=\"lazy\" decoding=\"async\" width=\"728\" height=\"346\" src=\"https:\/\/fralla.mx\/insights\/wp-content\/uploads\/2025\/06\/Captura-de-pantalla-2025-06-12-a-las-18.38.50.png\" class=\"attachment-full size-full wp-image-8664\" alt=\"\" \/><\/div><\/a>\n\t\t\t\t<div class=\"elementor-post__text\">\n\t\t\t\t<h3 class=\"elementor-post__title\">\n\t\t\t<a href=\"https:\/\/fralla.mx\/insights\/flahsh-general-no-12-julio-2025\/\" >\n\t\t\t\tFlash General No 11 &#8211; Julio 2025\t\t\t<\/a>\n\t\t<\/h3>\n\t\t\t\t<div class=\"elementor-post__excerpt\">\n\t\t\t<p>\u00cdndice Nacional de Precios al Consumidor<\/p>\n\t\t<\/div>\n\t\t\n\t\t<a class=\"elementor-post__read-more\" href=\"https:\/\/fralla.mx\/insights\/flahsh-general-no-12-julio-2025\/\" aria-label=\"Read more about Flash General No 11 &#8211; Julio 2025\" tabindex=\"-1\" >\n\t\t\tSigue Leyendo \u00bb\t\t<\/a>\n\n\t\t\t\t<\/div>\n\t\t\t\t<div class=\"elementor-post__meta-data\">\n\t\t\t\t\t<span class=\"elementor-post-date\">\n\t\t\t18\/07\/2025\t\t<\/span>\n\t\t\t\t<span class=\"elementor-post-avatar\">\n\t\t\tNo hay comentarios\t\t<\/span>\n\t\t\t\t<\/div>\n\t\t\t\t\t<\/div>\n\t\t<\/article>\n\t\t\t\t<article class=\"elementor-post elementor-grid-item post-8694 post type-post status-publish format-image has-post-thumbnail hentry category-noticias-fiscales post_format-post-format-image\" role=\"listitem\">\n\t\t\t<div class=\"elementor-post__card\">\n\t\t\t\t<a class=\"elementor-post__thumbnail__link\" href=\"https:\/\/fralla.mx\/insights\/flash-general-no-10-julio-2025\/\" tabindex=\"-1\" ><div class=\"elementor-post__thumbnail\"><img loading=\"lazy\" decoding=\"async\" width=\"675\" height=\"360\" src=\"https:\/\/fralla.mx\/insights\/wp-content\/uploads\/2025\/07\/Captura-de-pantalla-2025-07-02-111154.png\" class=\"attachment-full size-full wp-image-8681\" alt=\"\" \/><\/div><\/a>\n\t\t\t\t<div class=\"elementor-post__text\">\n\t\t\t\t<h3 class=\"elementor-post__title\">\n\t\t\t<a href=\"https:\/\/fralla.mx\/insights\/flash-general-no-10-julio-2025\/\" >\n\t\t\t\tFlash General No 10 &#8211; Julio 2025\t\t\t<\/a>\n\t\t<\/h3>\n\t\t\t\t<div class=\"elementor-post__excerpt\">\n\t\t\t<p>Entrada en vigor \u201cLey Silla\u201d<\/p>\n\t\t<\/div>\n\t\t\n\t\t<a class=\"elementor-post__read-more\" href=\"https:\/\/fralla.mx\/insights\/flash-general-no-10-julio-2025\/\" aria-label=\"Read more about Flash General No 10 &#8211; Julio 2025\" tabindex=\"-1\" >\n\t\t\tSigue Leyendo \u00bb\t\t<\/a>\n\n\t\t\t\t<\/div>\n\t\t\t\t<div class=\"elementor-post__meta-data\">\n\t\t\t\t\t<span class=\"elementor-post-date\">\n\t\t\t02\/07\/2025\t\t<\/span>\n\t\t\t\t<span class=\"elementor-post-avatar\">\n\t\t\tNo hay comentarios\t\t<\/span>\n\t\t\t\t<\/div>\n\t\t\t\t\t<\/div>\n\t\t<\/article>\n\t\t\t\t<article class=\"elementor-post elementor-grid-item post-8689 post type-post status-publish format-image has-post-thumbnail hentry category-noticias-fiscales post_format-post-format-image\" role=\"listitem\">\n\t\t\t<div class=\"elementor-post__card\">\n\t\t\t\t<a class=\"elementor-post__thumbnail__link\" href=\"https:\/\/fralla.mx\/insights\/flash-fiscal-no-21-julio-2025\/\" tabindex=\"-1\" ><div class=\"elementor-post__thumbnail\"><img loading=\"lazy\" decoding=\"async\" width=\"533\" height=\"252\" src=\"https:\/\/fralla.mx\/insights\/wp-content\/uploads\/2025\/07\/Captura-de-pantalla-2025-07-02-110439.png\" class=\"attachment-full size-full wp-image-8680\" alt=\"\" \/><\/div><\/a>\n\t\t\t\t<div class=\"elementor-post__text\">\n\t\t\t\t<h3 class=\"elementor-post__title\">\n\t\t\t<a href=\"https:\/\/fralla.mx\/insights\/flash-fiscal-no-21-julio-2025\/\" >\n\t\t\t\tFlash Fiscal No 21 &#8211; Julio 2025\t\t\t<\/a>\n\t\t<\/h3>\n\t\t\t\t<div class=\"elementor-post__excerpt\">\n\t\t\t<p>Cuarta Resoluci\u00f3n de Modificaciones a la Resoluci\u00f3n Miscel\u00e1nea Fiscal para 2025 y su Anexo 7<\/p>\n\t\t<\/div>\n\t\t\n\t\t<a class=\"elementor-post__read-more\" href=\"https:\/\/fralla.mx\/insights\/flash-fiscal-no-21-julio-2025\/\" aria-label=\"Read more about Flash Fiscal No 21 &#8211; Julio 2025\" tabindex=\"-1\" >\n\t\t\tSigue Leyendo \u00bb\t\t<\/a>\n\n\t\t\t\t<\/div>\n\t\t\t\t<div class=\"elementor-post__meta-data\">\n\t\t\t\t\t<span class=\"elementor-post-date\">\n\t\t\t02\/07\/2025\t\t<\/span>\n\t\t\t\t<span class=\"elementor-post-avatar\">\n\t\t\tNo hay comentarios\t\t<\/span>\n\t\t\t\t<\/div>\n\t\t\t\t\t<\/div>\n\t\t<\/article>\n\t\t\t\t<article class=\"elementor-post elementor-grid-item post-8682 post type-post status-publish format-image has-post-thumbnail hentry category-noticias-fiscales post_format-post-format-image\" role=\"listitem\">\n\t\t\t<div class=\"elementor-post__card\">\n\t\t\t\t<a class=\"elementor-post__thumbnail__link\" href=\"https:\/\/fralla.mx\/insights\/flash-fiscal-no-20-julio-2025\/\" tabindex=\"-1\" ><div class=\"elementor-post__thumbnail\"><img loading=\"lazy\" decoding=\"async\" width=\"369\" height=\"306\" src=\"https:\/\/fralla.mx\/insights\/wp-content\/uploads\/2025\/07\/Captura-de-pantalla-2025-07-01-182722.png\" class=\"attachment-full size-full wp-image-8678\" alt=\"\" \/><\/div><\/a>\n\t\t\t\t<div class=\"elementor-post__text\">\n\t\t\t\t<h3 class=\"elementor-post__title\">\n\t\t\t<a href=\"https:\/\/fralla.mx\/insights\/flash-fiscal-no-20-julio-2025\/\" >\n\t\t\t\tFlash Fiscal No 20 &#8211; Julio 2025\t\t\t<\/a>\n\t\t<\/h3>\n\t\t\t\t<div class=\"elementor-post__excerpt\">\n\t\t\t<p>Solicitud para disminuci\u00f3n de pagos provisionales ISR<\/p>\n\t\t<\/div>\n\t\t\n\t\t<a class=\"elementor-post__read-more\" href=\"https:\/\/fralla.mx\/insights\/flash-fiscal-no-20-julio-2025\/\" aria-label=\"Read more about Flash Fiscal No 20 &#8211; Julio 2025\" tabindex=\"-1\" >\n\t\t\tSigue Leyendo \u00bb\t\t<\/a>\n\n\t\t\t\t<\/div>\n\t\t\t\t<div class=\"elementor-post__meta-data\">\n\t\t\t\t\t<span class=\"elementor-post-date\">\n\t\t\t02\/07\/2025\t\t<\/span>\n\t\t\t\t<span class=\"elementor-post-avatar\">\n\t\t\tNo hay comentarios\t\t<\/span>\n\t\t\t\t<\/div>\n\t\t\t\t\t<\/div>\n\t\t<\/article>\n\t\t\t\t<article class=\"elementor-post elementor-grid-item post-8668 post type-post status-publish format-image has-post-thumbnail hentry category-noticias-fiscales post_format-post-format-image\" role=\"listitem\">\n\t\t\t<div class=\"elementor-post__card\">\n\t\t\t\t<a class=\"elementor-post__thumbnail__link\" href=\"https:\/\/fralla.mx\/insights\/flash-general-no-9-junio-2025\/\" tabindex=\"-1\" ><div class=\"elementor-post__thumbnail\"><img loading=\"lazy\" decoding=\"async\" width=\"702\" height=\"466\" src=\"https:\/\/fralla.mx\/insights\/wp-content\/uploads\/2025\/06\/Captura-de-pantalla-2025-06-11-161847.png\" class=\"attachment-full size-full wp-image-8661\" alt=\"\" \/><\/div><\/a>\n\t\t\t\t<div class=\"elementor-post__text\">\n\t\t\t\t<h3 class=\"elementor-post__title\">\n\t\t\t<a href=\"https:\/\/fralla.mx\/insights\/flash-general-no-9-junio-2025\/\" >\n\t\t\t\tFlash General No 9 &#8211; Junio 2025\t\t\t<\/a>\n\t\t<\/h3>\n\t\t\t\t<div class=\"elementor-post__excerpt\">\n\t\t\t<p>Aplicaci\u00f3n de la Reforma a la Ley del INFONAVIT en materia de descuentos y pagos de amortizaciones<\/p>\n\t\t<\/div>\n\t\t\n\t\t<a class=\"elementor-post__read-more\" href=\"https:\/\/fralla.mx\/insights\/flash-general-no-9-junio-2025\/\" aria-label=\"Read more about Flash General No 9 &#8211; Junio 2025\" tabindex=\"-1\" >\n\t\t\tSigue Leyendo \u00bb\t\t<\/a>\n\n\t\t\t\t<\/div>\n\t\t\t\t<div class=\"elementor-post__meta-data\">\n\t\t\t\t\t<span class=\"elementor-post-date\">\n\t\t\t12\/06\/2025\t\t<\/span>\n\t\t\t\t<span class=\"elementor-post-avatar\">\n\t\t\tNo hay comentarios\t\t<\/span>\n\t\t\t\t<\/div>\n\t\t\t\t\t<\/div>\n\t\t<\/article>\n\t\t\t\t<article class=\"elementor-post elementor-grid-item post-8662 post type-post status-publish format-image has-post-thumbnail hentry category-noticias-fiscales post_format-post-format-image\" role=\"listitem\">\n\t\t\t<div class=\"elementor-post__card\">\n\t\t\t\t<a class=\"elementor-post__thumbnail__link\" href=\"https:\/\/fralla.mx\/insights\/flash-general-no-8-junio-2025\/\" tabindex=\"-1\" ><div class=\"elementor-post__thumbnail\"><img loading=\"lazy\" decoding=\"async\" width=\"728\" height=\"346\" src=\"https:\/\/fralla.mx\/insights\/wp-content\/uploads\/2025\/06\/Captura-de-pantalla-2025-06-12-a-las-18.38.50.png\" class=\"attachment-full size-full wp-image-8664\" alt=\"\" \/><\/div><\/a>\n\t\t\t\t<div class=\"elementor-post__text\">\n\t\t\t\t<h3 class=\"elementor-post__title\">\n\t\t\t<a href=\"https:\/\/fralla.mx\/insights\/flash-general-no-8-junio-2025\/\" >\n\t\t\t\tFlash General No 8 &#8211; Junio 2025\t\t\t<\/a>\n\t\t<\/h3>\n\t\t\t\t<div class=\"elementor-post__excerpt\">\n\t\t\t<p>\u00cdndice Nacional de Precios al Consumidor<\/p>\n\t\t<\/div>\n\t\t\n\t\t<a class=\"elementor-post__read-more\" href=\"https:\/\/fralla.mx\/insights\/flash-general-no-8-junio-2025\/\" aria-label=\"Read more about Flash General No 8 &#8211; Junio 2025\" tabindex=\"-1\" >\n\t\t\tSigue Leyendo \u00bb\t\t<\/a>\n\n\t\t\t\t<\/div>\n\t\t\t\t<div class=\"elementor-post__meta-data\">\n\t\t\t\t\t<span class=\"elementor-post-date\">\n\t\t\t12\/06\/2025\t\t<\/span>\n\t\t\t\t<span class=\"elementor-post-avatar\">\n\t\t\tNo hay comentarios\t\t<\/span>\n\t\t\t\t<\/div>\n\t\t\t\t\t<\/div>\n\t\t<\/article>\n\t\t\t\t<article class=\"elementor-post elementor-grid-item post-8652 post type-post status-publish format-image has-post-thumbnail hentry category-noticias-fiscales post_format-post-format-image\" role=\"listitem\">\n\t\t\t<div class=\"elementor-post__card\">\n\t\t\t\t<a class=\"elementor-post__thumbnail__link\" href=\"https:\/\/fralla.mx\/insights\/flash-fiscal-no-19-junio-2025\/\" tabindex=\"-1\" ><div class=\"elementor-post__thumbnail\"><img loading=\"lazy\" decoding=\"async\" width=\"670\" height=\"447\" src=\"https:\/\/fralla.mx\/insights\/wp-content\/uploads\/2024\/10\/Flash-32.jpeg\" class=\"attachment-full size-full wp-image-7986\" alt=\"\" \/><\/div><\/a>\n\t\t\t\t<div class=\"elementor-post__text\">\n\t\t\t\t<h3 class=\"elementor-post__title\">\n\t\t\t<a href=\"https:\/\/fralla.mx\/insights\/flash-fiscal-no-19-junio-2025\/\" >\n\t\t\t\tFlash Fiscal No 19 &#8211; Junio 2025\t\t\t<\/a>\n\t\t<\/h3>\n\t\t\t\t<div class=\"elementor-post__excerpt\">\n\t\t\t<p>Listados Globales Definitivos Art\u00edculo 69-B CFF<\/p>\n\t\t<\/div>\n\t\t\n\t\t<a class=\"elementor-post__read-more\" href=\"https:\/\/fralla.mx\/insights\/flash-fiscal-no-19-junio-2025\/\" aria-label=\"Read more about Flash Fiscal No 19 &#8211; Junio 2025\" tabindex=\"-1\" >\n\t\t\tSigue Leyendo \u00bb\t\t<\/a>\n\n\t\t\t\t<\/div>\n\t\t\t\t<div class=\"elementor-post__meta-data\">\n\t\t\t\t\t<span class=\"elementor-post-date\">\n\t\t\t04\/06\/2025\t\t<\/span>\n\t\t\t\t<span class=\"elementor-post-avatar\">\n\t\t\tNo hay comentarios\t\t<\/span>\n\t\t\t\t<\/div>\n\t\t\t\t\t<\/div>\n\t\t<\/article>\n\t\t\t\t<article class=\"elementor-post elementor-grid-item post-8646 post type-post status-publish format-image has-post-thumbnail hentry category-sin-categoria-en post_format-post-format-image\" role=\"listitem\">\n\t\t\t<div class=\"elementor-post__card\">\n\t\t\t\t<a class=\"elementor-post__thumbnail__link\" href=\"https:\/\/fralla.mx\/insights\/en\/tax-news-no-18-may-2025\/\" tabindex=\"-1\" ><div class=\"elementor-post__thumbnail\"><img loading=\"lazy\" decoding=\"async\" width=\"355\" height=\"238\" src=\"https:\/\/fralla.mx\/insights\/wp-content\/uploads\/2025\/05\/Captura-de-pantalla-2025-05-26-211646.png\" class=\"attachment-full size-full wp-image-8627\" alt=\"\" \/><\/div><\/a>\n\t\t\t\t<div class=\"elementor-post__text\">\n\t\t\t\t<h3 class=\"elementor-post__title\">\n\t\t\t<a href=\"https:\/\/fralla.mx\/insights\/en\/tax-news-no-18-may-2025\/\" >\n\t\t\t\tTax News No 18 &#8211; May 2025\t\t\t<\/a>\n\t\t<\/h3>\n\t\t\t\t<div class=\"elementor-post__excerpt\">\n\t\t\t<p>Taxpayers List that have filed a defense<br \/>\nArticle 69-B CFF<\/p>\n\t\t<\/div>\n\t\t\n\t\t<a class=\"elementor-post__read-more\" href=\"https:\/\/fralla.mx\/insights\/en\/tax-news-no-18-may-2025\/\" aria-label=\"Read more about Tax News No 18 &#8211; May 2025\" tabindex=\"-1\" >\n\t\t\tSigue Leyendo \u00bb\t\t<\/a>\n\n\t\t\t\t<\/div>\n\t\t\t\t<div class=\"elementor-post__meta-data\">\n\t\t\t\t\t<span class=\"elementor-post-date\">\n\t\t\t27\/05\/2025\t\t<\/span>\n\t\t\t\t<span class=\"elementor-post-avatar\">\n\t\t\tNo hay comentarios\t\t<\/span>\n\t\t\t\t<\/div>\n\t\t\t\t\t<\/div>\n\t\t<\/article>\n\t\t\t\t<article class=\"elementor-post elementor-grid-item post-8641 post type-post status-publish format-image has-post-thumbnail hentry category-noticias-fiscales post_format-post-format-image\" role=\"listitem\">\n\t\t\t<div class=\"elementor-post__card\">\n\t\t\t\t<a class=\"elementor-post__thumbnail__link\" href=\"https:\/\/fralla.mx\/insights\/flash-fiscal-no-18-mayo-2025\/\" tabindex=\"-1\" ><div class=\"elementor-post__thumbnail\"><img loading=\"lazy\" decoding=\"async\" width=\"355\" height=\"238\" src=\"https:\/\/fralla.mx\/insights\/wp-content\/uploads\/2025\/05\/Captura-de-pantalla-2025-05-26-211646.png\" class=\"attachment-full size-full wp-image-8627\" alt=\"\" \/><\/div><\/a>\n\t\t\t\t<div class=\"elementor-post__text\">\n\t\t\t\t<h3 class=\"elementor-post__title\">\n\t\t\t<a href=\"https:\/\/fralla.mx\/insights\/flash-fiscal-no-18-mayo-2025\/\" >\n\t\t\t\tFlash Fiscal No 18 &#8211; Mayo 2025\t\t\t<\/a>\n\t\t<\/h3>\n\t\t\t\t<div class=\"elementor-post__excerpt\">\n\t\t\t<p>Listado de Contribuyentes que Promovieron Medios de Defensa<br \/>\nArt\u00edculo 69-B CFF<\/p>\n\t\t<\/div>\n\t\t\n\t\t<a class=\"elementor-post__read-more\" href=\"https:\/\/fralla.mx\/insights\/flash-fiscal-no-18-mayo-2025\/\" aria-label=\"Read more about Flash Fiscal No 18 &#8211; Mayo 2025\" tabindex=\"-1\" >\n\t\t\tSigue Leyendo \u00bb\t\t<\/a>\n\n\t\t\t\t<\/div>\n\t\t\t\t<div class=\"elementor-post__meta-data\">\n\t\t\t\t\t<span class=\"elementor-post-date\">\n\t\t\t27\/05\/2025\t\t<\/span>\n\t\t\t\t<span class=\"elementor-post-avatar\">\n\t\t\tNo hay comentarios\t\t<\/span>\n\t\t\t\t<\/div>\n\t\t\t\t\t<\/div>\n\t\t<\/article>\n\t\t\t\t<article class=\"elementor-post elementor-grid-item post-8636 post type-post status-publish format-image has-post-thumbnail hentry category-sin-categoria-en post_format-post-format-image\" role=\"listitem\">\n\t\t\t<div class=\"elementor-post__card\">\n\t\t\t\t<a class=\"elementor-post__thumbnail__link\" href=\"https:\/\/fralla.mx\/insights\/en\/tax-news-no-17-may-2025\/\" tabindex=\"-1\" ><div class=\"elementor-post__thumbnail\"><img loading=\"lazy\" decoding=\"async\" width=\"458\" height=\"225\" src=\"https:\/\/fralla.mx\/insights\/wp-content\/uploads\/2025\/05\/Captura-de-pantalla-2025-05-26-210641.png\" class=\"attachment-full size-full wp-image-8626\" alt=\"\" \/><\/div><\/a>\n\t\t\t\t<div class=\"elementor-post__text\">\n\t\t\t\t<h3 class=\"elementor-post__title\">\n\t\t\t<a href=\"https:\/\/fralla.mx\/insights\/en\/tax-news-no-17-may-2025\/\" >\n\t\t\t\tTax News No 17 &#8211; May 2025\t\t\t<\/a>\n\t\t<\/h3>\n\t\t\t\t<div class=\"elementor-post__excerpt\">\n\t\t\t<p>Taxpayers List that Deviates from the Presumption<br \/>\nArticle 69-B CFF<\/p>\n\t\t<\/div>\n\t\t\n\t\t<a class=\"elementor-post__read-more\" href=\"https:\/\/fralla.mx\/insights\/en\/tax-news-no-17-may-2025\/\" aria-label=\"Read more about Tax News No 17 &#8211; May 2025\" tabindex=\"-1\" >\n\t\t\tSigue Leyendo \u00bb\t\t<\/a>\n\n\t\t\t\t<\/div>\n\t\t\t\t<div class=\"elementor-post__meta-data\">\n\t\t\t\t\t<span class=\"elementor-post-date\">\n\t\t\t27\/05\/2025\t\t<\/span>\n\t\t\t\t<span class=\"elementor-post-avatar\">\n\t\t\tNo hay comentarios\t\t<\/span>\n\t\t\t\t<\/div>\n\t\t\t\t\t<\/div>\n\t\t<\/article>\n\t\t\t\t<article class=\"elementor-post elementor-grid-item post-8628 post type-post status-publish format-image has-post-thumbnail hentry category-noticias-fiscales post_format-post-format-image\" role=\"listitem\">\n\t\t\t<div class=\"elementor-post__card\">\n\t\t\t\t<a class=\"elementor-post__thumbnail__link\" href=\"https:\/\/fralla.mx\/insights\/flash-fiscal-no-17-mayo-2025\/\" tabindex=\"-1\" ><div class=\"elementor-post__thumbnail\"><img loading=\"lazy\" decoding=\"async\" width=\"458\" height=\"225\" src=\"https:\/\/fralla.mx\/insights\/wp-content\/uploads\/2025\/05\/Captura-de-pantalla-2025-05-26-210641.png\" class=\"attachment-full size-full wp-image-8626\" alt=\"\" \/><\/div><\/a>\n\t\t\t\t<div class=\"elementor-post__text\">\n\t\t\t\t<h3 class=\"elementor-post__title\">\n\t\t\t<a href=\"https:\/\/fralla.mx\/insights\/flash-fiscal-no-17-mayo-2025\/\" >\n\t\t\t\tFlash Fiscal No 17 &#8211; Mayo 2025\t\t\t<\/a>\n\t\t<\/h3>\n\t\t\t\t<div class=\"elementor-post__excerpt\">\n\t\t\t<p>Listado de Contribuyentes que Desvirtuaron Oficio de Presunci\u00f3n<br \/>\nArt\u00edculo 69-B CFF<\/p>\n\t\t<\/div>\n\t\t\n\t\t<a class=\"elementor-post__read-more\" href=\"https:\/\/fralla.mx\/insights\/flash-fiscal-no-17-mayo-2025\/\" aria-label=\"Read more about Flash Fiscal No 17 &#8211; Mayo 2025\" tabindex=\"-1\" >\n\t\t\tSigue Leyendo \u00bb\t\t<\/a>\n\n\t\t\t\t<\/div>\n\t\t\t\t<div class=\"elementor-post__meta-data\">\n\t\t\t\t\t<span class=\"elementor-post-date\">\n\t\t\t27\/05\/2025\t\t<\/span>\n\t\t\t\t<span class=\"elementor-post-avatar\">\n\t\t\tNo hay comentarios\t\t<\/span>\n\t\t\t\t<\/div>\n\t\t\t\t\t<\/div>\n\t\t<\/article>\n\t\t\t\t<article class=\"elementor-post elementor-grid-item post-8617 post type-post status-publish format-image has-post-thumbnail hentry category-sin-categoria-en post_format-post-format-image\" role=\"listitem\">\n\t\t\t<div class=\"elementor-post__card\">\n\t\t\t\t<a class=\"elementor-post__thumbnail__link\" href=\"https:\/\/fralla.mx\/insights\/en\/statement-no-12-may-2025\/\" tabindex=\"-1\" ><div class=\"elementor-post__thumbnail\"><img loading=\"lazy\" decoding=\"async\" width=\"484\" height=\"260\" src=\"https:\/\/fralla.mx\/insights\/wp-content\/uploads\/2025\/05\/Captura-de-pantalla-2025-05-20-115726.png\" class=\"attachment-full size-full wp-image-8611\" alt=\"\" \/><\/div><\/a>\n\t\t\t\t<div class=\"elementor-post__text\">\n\t\t\t\t<h3 class=\"elementor-post__title\">\n\t\t\t<a href=\"https:\/\/fralla.mx\/insights\/en\/statement-no-12-may-2025\/\" >\n\t\t\t\tStatement No 12 &#8211; May 2025\t\t\t<\/a>\n\t\t<\/h3>\n\t\t\t\t<div class=\"elementor-post__excerpt\">\n\t\t\t<p>PRODECON informs what to do in case of filing a \u201cnotice of update of economic activities and obligations\u201d and when consulting the tax status certificate, the data has not been updated correctly.<\/p>\n\t\t<\/div>\n\t\t\n\t\t<a class=\"elementor-post__read-more\" href=\"https:\/\/fralla.mx\/insights\/en\/statement-no-12-may-2025\/\" aria-label=\"Read more about Statement No 12 &#8211; May 2025\" tabindex=\"-1\" >\n\t\t\tSigue Leyendo \u00bb\t\t<\/a>\n\n\t\t\t\t<\/div>\n\t\t\t\t<div class=\"elementor-post__meta-data\">\n\t\t\t\t\t<span class=\"elementor-post-date\">\n\t\t\t20\/05\/2025\t\t<\/span>\n\t\t\t\t<span class=\"elementor-post-avatar\">\n\t\t\tNo hay comentarios\t\t<\/span>\n\t\t\t\t<\/div>\n\t\t\t\t\t<\/div>\n\t\t<\/article>\n\t\t\t\t<article class=\"elementor-post elementor-grid-item post-8612 post type-post status-publish format-image has-post-thumbnail hentry category-noticias-fiscales post_format-post-format-image\" role=\"listitem\">\n\t\t\t<div class=\"elementor-post__card\">\n\t\t\t\t<a class=\"elementor-post__thumbnail__link\" href=\"https:\/\/fralla.mx\/insights\/comunicado-no-12-mayo-2025\/\" tabindex=\"-1\" ><div class=\"elementor-post__thumbnail\"><img loading=\"lazy\" decoding=\"async\" width=\"484\" height=\"260\" src=\"https:\/\/fralla.mx\/insights\/wp-content\/uploads\/2025\/05\/Captura-de-pantalla-2025-05-20-115726.png\" class=\"attachment-full size-full wp-image-8611\" alt=\"\" \/><\/div><\/a>\n\t\t\t\t<div class=\"elementor-post__text\">\n\t\t\t\t<h3 class=\"elementor-post__title\">\n\t\t\t<a href=\"https:\/\/fralla.mx\/insights\/comunicado-no-12-mayo-2025\/\" >\n\t\t\t\tComunicado No 12 &#8211; Mayo 2025\t\t\t<\/a>\n\t\t<\/h3>\n\t\t\t\t<div class=\"elementor-post__excerpt\">\n\t\t\t<p>PRODECON informa que hacer en caso de presentar un \u201caviso de actualizaci\u00f3n de actividades econ\u00f3micas y obligaciones\u201d y al consultar la constancia de situaci\u00f3n fiscal los datos no se hayan actualizado correctamente<\/p>\n\t\t<\/div>\n\t\t\n\t\t<a class=\"elementor-post__read-more\" href=\"https:\/\/fralla.mx\/insights\/comunicado-no-12-mayo-2025\/\" aria-label=\"Read more about Comunicado No 12 &#8211; Mayo 2025\" tabindex=\"-1\" >\n\t\t\tSigue Leyendo \u00bb\t\t<\/a>\n\n\t\t\t\t<\/div>\n\t\t\t\t<div class=\"elementor-post__meta-data\">\n\t\t\t\t\t<span class=\"elementor-post-date\">\n\t\t\t20\/05\/2025\t\t<\/span>\n\t\t\t\t<span class=\"elementor-post-avatar\">\n\t\t\tNo hay comentarios\t\t<\/span>\n\t\t\t\t<\/div>\n\t\t\t\t\t<\/div>\n\t\t<\/article>\n\t\t\t\t<article class=\"elementor-post elementor-grid-item post-8601 post type-post status-publish format-image has-post-thumbnail hentry category-sin-categoria-en post_format-post-format-image\" role=\"listitem\">\n\t\t\t<div class=\"elementor-post__card\">\n\t\t\t\t<a class=\"elementor-post__thumbnail__link\" href=\"https:\/\/fralla.mx\/insights\/en\/statement-no-11-may-2025\/\" tabindex=\"-1\" ><div class=\"elementor-post__thumbnail\"><img loading=\"lazy\" decoding=\"async\" width=\"665\" height=\"269\" src=\"https:\/\/fralla.mx\/insights\/wp-content\/uploads\/2025\/05\/Captura-de-pantalla-2025-05-15-115730.png\" class=\"attachment-full size-full wp-image-8578\" alt=\"\" \/><\/div><\/a>\n\t\t\t\t<div class=\"elementor-post__text\">\n\t\t\t\t<h3 class=\"elementor-post__title\">\n\t\t\t<a href=\"https:\/\/fralla.mx\/insights\/en\/statement-no-11-may-2025\/\" >\n\t\t\t\tStatement No 11 &#8211; May 2025\t\t\t<\/a>\n\t\t<\/h3>\n\t\t\t\t<div class=\"elementor-post__excerpt\">\n\t\t\t<p>INFORMATIVE SUBCONTRACTING<\/p>\n\t\t<\/div>\n\t\t\n\t\t<a class=\"elementor-post__read-more\" href=\"https:\/\/fralla.mx\/insights\/en\/statement-no-11-may-2025\/\" aria-label=\"Read more about Statement No 11 &#8211; May 2025\" tabindex=\"-1\" >\n\t\t\tSigue Leyendo \u00bb\t\t<\/a>\n\n\t\t\t\t<\/div>\n\t\t\t\t<div class=\"elementor-post__meta-data\">\n\t\t\t\t\t<span class=\"elementor-post-date\">\n\t\t\t15\/05\/2025\t\t<\/span>\n\t\t\t\t<span class=\"elementor-post-avatar\">\n\t\t\tNo hay comentarios\t\t<\/span>\n\t\t\t\t<\/div>\n\t\t\t\t\t<\/div>\n\t\t<\/article>\n\t\t\t\t<article class=\"elementor-post elementor-grid-item post-8592 post type-post status-publish format-image has-post-thumbnail hentry category-noticias-fiscales post_format-post-format-image\" role=\"listitem\">\n\t\t\t<div class=\"elementor-post__card\">\n\t\t\t\t<a class=\"elementor-post__thumbnail__link\" href=\"https:\/\/fralla.mx\/insights\/comunicado-no-11-mayo-2025\/\" tabindex=\"-1\" ><div class=\"elementor-post__thumbnail\"><img loading=\"lazy\" decoding=\"async\" width=\"665\" height=\"269\" src=\"https:\/\/fralla.mx\/insights\/wp-content\/uploads\/2025\/05\/Captura-de-pantalla-2025-05-15-115730.png\" class=\"attachment-full size-full wp-image-8578\" alt=\"\" \/><\/div><\/a>\n\t\t\t\t<div class=\"elementor-post__text\">\n\t\t\t\t<h3 class=\"elementor-post__title\">\n\t\t\t<a href=\"https:\/\/fralla.mx\/insights\/comunicado-no-11-mayo-2025\/\" >\n\t\t\t\tComunicado No 11 &#8211; Mayo 2025\t\t\t<\/a>\n\t\t<\/h3>\n\t\t\t\t<div class=\"elementor-post__excerpt\">\n\t\t\t<p>INFORMATIVAS SUBCONTRATACI\u00d3N<\/p>\n\t\t<\/div>\n\t\t\n\t\t<a class=\"elementor-post__read-more\" href=\"https:\/\/fralla.mx\/insights\/comunicado-no-11-mayo-2025\/\" aria-label=\"Read more about Comunicado No 11 &#8211; Mayo 2025\" tabindex=\"-1\" >\n\t\t\tSigue Leyendo \u00bb\t\t<\/a>\n\n\t\t\t\t<\/div>\n\t\t\t\t<div class=\"elementor-post__meta-data\">\n\t\t\t\t\t<span class=\"elementor-post-date\">\n\t\t\t15\/05\/2025\t\t<\/span>\n\t\t\t\t<span class=\"elementor-post-avatar\">\n\t\t\tNo hay comentarios\t\t<\/span>\n\t\t\t\t<\/div>\n\t\t\t\t\t<\/div>\n\t\t<\/article>\n\t\t\t\t<article class=\"elementor-post elementor-grid-item post-8587 post type-post status-publish format-image has-post-thumbnail hentry category-sin-categoria-en post_format-post-format-image\" role=\"listitem\">\n\t\t\t<div class=\"elementor-post__card\">\n\t\t\t\t<a class=\"elementor-post__thumbnail__link\" href=\"https:\/\/fralla.mx\/insights\/en\/tax-news-no-16-may-2025\/\" tabindex=\"-1\" ><div class=\"elementor-post__thumbnail\"><img loading=\"lazy\" decoding=\"async\" width=\"602\" height=\"333\" src=\"https:\/\/fralla.mx\/insights\/wp-content\/uploads\/2025\/05\/Captura-de-pantalla-2025-05-15-085935.png\" class=\"attachment-full size-full wp-image-8577\" alt=\"\" \/><\/div><\/a>\n\t\t\t\t<div class=\"elementor-post__text\">\n\t\t\t\t<h3 class=\"elementor-post__title\">\n\t\t\t<a href=\"https:\/\/fralla.mx\/insights\/en\/tax-news-no-16-may-2025\/\" >\n\t\t\t\tTax News No 16 &#8211; May 2025\t\t\t<\/a>\n\t\t<\/h3>\n\t\t\t\t<div class=\"elementor-post__excerpt\">\n\t\t\t<p>Third Resolution of Amendments to the Miscellaneous Tax Resolution for 2025 and its Exhibits 1-A, 3, 11, 14 and 15<\/p>\n\t\t<\/div>\n\t\t\n\t\t<a class=\"elementor-post__read-more\" href=\"https:\/\/fralla.mx\/insights\/en\/tax-news-no-16-may-2025\/\" aria-label=\"Read more about Tax News No 16 &#8211; May 2025\" tabindex=\"-1\" >\n\t\t\tSigue Leyendo \u00bb\t\t<\/a>\n\n\t\t\t\t<\/div>\n\t\t\t\t<div class=\"elementor-post__meta-data\">\n\t\t\t\t\t<span class=\"elementor-post-date\">\n\t\t\t15\/05\/2025\t\t<\/span>\n\t\t\t\t<span class=\"elementor-post-avatar\">\n\t\t\tNo hay comentarios\t\t<\/span>\n\t\t\t\t<\/div>\n\t\t\t\t\t<\/div>\n\t\t<\/article>\n\t\t\t\t<article class=\"elementor-post elementor-grid-item post-8582 post type-post status-publish format-image has-post-thumbnail hentry category-noticias-fiscales post_format-post-format-image\" role=\"listitem\">\n\t\t\t<div class=\"elementor-post__card\">\n\t\t\t\t<a class=\"elementor-post__thumbnail__link\" href=\"https:\/\/fralla.mx\/insights\/flash-fiscal-no-16-mayo-2025\/\" tabindex=\"-1\" ><div class=\"elementor-post__thumbnail\"><img loading=\"lazy\" decoding=\"async\" width=\"602\" height=\"333\" src=\"https:\/\/fralla.mx\/insights\/wp-content\/uploads\/2025\/05\/Captura-de-pantalla-2025-05-15-085935.png\" class=\"attachment-full size-full wp-image-8577\" alt=\"\" \/><\/div><\/a>\n\t\t\t\t<div class=\"elementor-post__text\">\n\t\t\t\t<h3 class=\"elementor-post__title\">\n\t\t\t<a href=\"https:\/\/fralla.mx\/insights\/flash-fiscal-no-16-mayo-2025\/\" >\n\t\t\t\tFlash Fiscal No 16 &#8211; Mayo 2025\t\t\t<\/a>\n\t\t<\/h3>\n\t\t\t\t<div class=\"elementor-post__excerpt\">\n\t\t\t<p>Tercera Resoluci\u00f3n de Modificaciones a la Resoluci\u00f3n Miscel\u00e1nea Fiscal para 2025 y sus Anexos 1-A, 3, 11, 14 y 15<\/p>\n\t\t<\/div>\n\t\t\n\t\t<a class=\"elementor-post__read-more\" href=\"https:\/\/fralla.mx\/insights\/flash-fiscal-no-16-mayo-2025\/\" aria-label=\"Read more about Flash Fiscal No 16 &#8211; Mayo 2025\" tabindex=\"-1\" >\n\t\t\tSigue Leyendo \u00bb\t\t<\/a>\n\n\t\t\t\t<\/div>\n\t\t\t\t<div class=\"elementor-post__meta-data\">\n\t\t\t\t\t<span class=\"elementor-post-date\">\n\t\t\t15\/05\/2025\t\t<\/span>\n\t\t\t\t<span class=\"elementor-post-avatar\">\n\t\t\tNo hay comentarios\t\t<\/span>\n\t\t\t\t<\/div>\n\t\t\t\t\t<\/div>\n\t\t<\/article>\n\t\t\t\t<article class=\"elementor-post elementor-grid-item post-8570 post type-post status-publish format-image has-post-thumbnail hentry category-sin-categoria-en post_format-post-format-image\" role=\"listitem\">\n\t\t\t<div class=\"elementor-post__card\">\n\t\t\t\t<a class=\"elementor-post__thumbnail__link\" href=\"https:\/\/fralla.mx\/insights\/en\/general-flash-no-7-may-2025\/\" tabindex=\"-1\" ><div class=\"elementor-post__thumbnail\"><img loading=\"lazy\" decoding=\"async\" width=\"722\" height=\"374\" src=\"https:\/\/fralla.mx\/insights\/wp-content\/uploads\/2025\/05\/Captura-de-pantalla-2025-05-09-a-las-12.23.31.png\" class=\"attachment-full size-full wp-image-8563\" alt=\"\" \/><\/div><\/a>\n\t\t\t\t<div class=\"elementor-post__text\">\n\t\t\t\t<h3 class=\"elementor-post__title\">\n\t\t\t<a href=\"https:\/\/fralla.mx\/insights\/en\/general-flash-no-7-may-2025\/\" >\n\t\t\t\tGeneral Flash No 7 &#8211; May 2025\t\t\t<\/a>\n\t\t<\/h3>\n\t\t\t\t<div class=\"elementor-post__excerpt\">\n\t\t\t<p>National Consumer Price Index<\/p>\n\t\t<\/div>\n\t\t\n\t\t<a class=\"elementor-post__read-more\" href=\"https:\/\/fralla.mx\/insights\/en\/general-flash-no-7-may-2025\/\" aria-label=\"Read more about General Flash No 7 &#8211; May 2025\" tabindex=\"-1\" >\n\t\t\tSigue Leyendo \u00bb\t\t<\/a>\n\n\t\t\t\t<\/div>\n\t\t\t\t<div class=\"elementor-post__meta-data\">\n\t\t\t\t\t<span class=\"elementor-post-date\">\n\t\t\t09\/05\/2025\t\t<\/span>\n\t\t\t\t<span class=\"elementor-post-avatar\">\n\t\t\tNo hay comentarios\t\t<\/span>\n\t\t\t\t<\/div>\n\t\t\t\t\t<\/div>\n\t\t<\/article>\n\t\t\t\t<article class=\"elementor-post elementor-grid-item post-8561 post type-post status-publish format-image has-post-thumbnail hentry category-noticias-fiscales post_format-post-format-image\" role=\"listitem\">\n\t\t\t<div class=\"elementor-post__card\">\n\t\t\t\t<a class=\"elementor-post__thumbnail__link\" href=\"https:\/\/fralla.mx\/insights\/flash-general-no-7-mayo-2025\/\" tabindex=\"-1\" ><div class=\"elementor-post__thumbnail\"><img loading=\"lazy\" decoding=\"async\" width=\"722\" height=\"374\" src=\"https:\/\/fralla.mx\/insights\/wp-content\/uploads\/2025\/05\/Captura-de-pantalla-2025-05-09-a-las-12.23.31.png\" class=\"attachment-full size-full wp-image-8563\" alt=\"\" \/><\/div><\/a>\n\t\t\t\t<div class=\"elementor-post__text\">\n\t\t\t\t<h3 class=\"elementor-post__title\">\n\t\t\t<a href=\"https:\/\/fralla.mx\/insights\/flash-general-no-7-mayo-2025\/\" >\n\t\t\t\tFlash General No 7 &#8211; Mayo 2025\t\t\t<\/a>\n\t\t<\/h3>\n\t\t\t\t<div class=\"elementor-post__excerpt\">\n\t\t\t<p>\u00cdndice Nacional de Precios al Consumidor<\/p>\n\t\t<\/div>\n\t\t\n\t\t<a class=\"elementor-post__read-more\" href=\"https:\/\/fralla.mx\/insights\/flash-general-no-7-mayo-2025\/\" aria-label=\"Read more about Flash General No 7 &#8211; Mayo 2025\" tabindex=\"-1\" >\n\t\t\tSigue Leyendo \u00bb\t\t<\/a>\n\n\t\t\t\t<\/div>\n\t\t\t\t<div class=\"elementor-post__meta-data\">\n\t\t\t\t\t<span class=\"elementor-post-date\">\n\t\t\t09\/05\/2025\t\t<\/span>\n\t\t\t\t<span class=\"elementor-post-avatar\">\n\t\t\tNo hay comentarios\t\t<\/span>\n\t\t\t\t<\/div>\n\t\t\t\t\t<\/div>\n\t\t<\/article>\n\t\t\t\t<article class=\"elementor-post elementor-grid-item post-8554 post type-post status-publish format-image has-post-thumbnail hentry category-sin-categoria-en post_format-post-format-image\" role=\"listitem\">\n\t\t\t<div class=\"elementor-post__card\">\n\t\t\t\t<a class=\"elementor-post__thumbnail__link\" href=\"https:\/\/fralla.mx\/insights\/en\/statement-no-10-may-2025\/\" tabindex=\"-1\" ><div class=\"elementor-post__thumbnail\"><img loading=\"lazy\" decoding=\"async\" width=\"658\" height=\"268\" src=\"https:\/\/fralla.mx\/insights\/wp-content\/uploads\/2025\/05\/Captura-de-pantalla-2025-05-08-180700.png\" class=\"attachment-full size-full wp-image-8545\" alt=\"\" \/><\/div><\/a>\n\t\t\t\t<div class=\"elementor-post__text\">\n\t\t\t\t<h3 class=\"elementor-post__title\">\n\t\t\t<a href=\"https:\/\/fralla.mx\/insights\/en\/statement-no-10-may-2025\/\" >\n\t\t\t\tStatement No 10 &#8211; May 2025\t\t\t<\/a>\n\t\t<\/h3>\n\t\t\t\t<div class=\"elementor-post__excerpt\">\n\t\t\t<p>Donors&#8217; Transparency Information Statement<\/p>\n\t\t<\/div>\n\t\t\n\t\t<a class=\"elementor-post__read-more\" href=\"https:\/\/fralla.mx\/insights\/en\/statement-no-10-may-2025\/\" aria-label=\"Read more about Statement No 10 &#8211; May 2025\" tabindex=\"-1\" >\n\t\t\tSigue Leyendo \u00bb\t\t<\/a>\n\n\t\t\t\t<\/div>\n\t\t\t\t<div class=\"elementor-post__meta-data\">\n\t\t\t\t\t<span class=\"elementor-post-date\">\n\t\t\t08\/05\/2025\t\t<\/span>\n\t\t\t\t<span class=\"elementor-post-avatar\">\n\t\t\tNo hay comentarios\t\t<\/span>\n\t\t\t\t<\/div>\n\t\t\t\t\t<\/div>\n\t\t<\/article>\n\t\t\t\t<article class=\"elementor-post elementor-grid-item post-8546 post type-post status-publish format-image has-post-thumbnail hentry category-noticias-fiscales post_format-post-format-image\" role=\"listitem\">\n\t\t\t<div class=\"elementor-post__card\">\n\t\t\t\t<a class=\"elementor-post__thumbnail__link\" href=\"https:\/\/fralla.mx\/insights\/comunicado-no-10-mayo-2025\/\" tabindex=\"-1\" ><div class=\"elementor-post__thumbnail\"><img loading=\"lazy\" decoding=\"async\" width=\"658\" height=\"268\" src=\"https:\/\/fralla.mx\/insights\/wp-content\/uploads\/2025\/05\/Captura-de-pantalla-2025-05-08-180700.png\" class=\"attachment-full size-full wp-image-8545\" alt=\"\" \/><\/div><\/a>\n\t\t\t\t<div class=\"elementor-post__text\">\n\t\t\t\t<h3 class=\"elementor-post__title\">\n\t\t\t<a href=\"https:\/\/fralla.mx\/insights\/comunicado-no-10-mayo-2025\/\" >\n\t\t\t\tComunicado No 10 &#8211; Mayo 2025\t\t\t<\/a>\n\t\t<\/h3>\n\t\t\t\t<div class=\"elementor-post__excerpt\">\n\t\t\t<p>Declaraci\u00f3n Informativa de Transparencia de donatarias<\/p>\n\t\t<\/div>\n\t\t\n\t\t<a class=\"elementor-post__read-more\" href=\"https:\/\/fralla.mx\/insights\/comunicado-no-10-mayo-2025\/\" aria-label=\"Read more about Comunicado No 10 &#8211; Mayo 2025\" tabindex=\"-1\" >\n\t\t\tSigue Leyendo \u00bb\t\t<\/a>\n\n\t\t\t\t<\/div>\n\t\t\t\t<div class=\"elementor-post__meta-data\">\n\t\t\t\t\t<span class=\"elementor-post-date\">\n\t\t\t08\/05\/2025\t\t<\/span>\n\t\t\t\t<span class=\"elementor-post-avatar\">\n\t\t\tNo hay comentarios\t\t<\/span>\n\t\t\t\t<\/div>\n\t\t\t\t\t<\/div>\n\t\t<\/article>\n\t\t\t\t<article class=\"elementor-post elementor-grid-item post-8538 post type-post status-publish format-image has-post-thumbnail hentry category-sin-categoria-en post_format-post-format-image\" role=\"listitem\">\n\t\t\t<div class=\"elementor-post__card\">\n\t\t\t\t<a class=\"elementor-post__thumbnail__link\" href=\"https:\/\/fralla.mx\/insights\/en\/statement-no-9-may-2025\/\" tabindex=\"-1\" ><div class=\"elementor-post__thumbnail\"><img loading=\"lazy\" decoding=\"async\" width=\"715\" height=\"372\" src=\"https:\/\/fralla.mx\/insights\/wp-content\/uploads\/2025\/05\/Captura-de-pantalla-2025-05-02-145952.png\" class=\"attachment-full size-full wp-image-8530\" alt=\"\" \/><\/div><\/a>\n\t\t\t\t<div class=\"elementor-post__text\">\n\t\t\t\t<h3 class=\"elementor-post__title\">\n\t\t\t<a href=\"https:\/\/fralla.mx\/insights\/en\/statement-no-9-may-2025\/\" >\n\t\t\t\tStatement No 9 &#8211; May 2025\t\t\t<\/a>\n\t\t<\/h3>\n\t\t\t\t<div class=\"elementor-post__excerpt\">\n\t\t\t<p>SAT summons taxpayers to file financial statement reports<\/p>\n\t\t<\/div>\n\t\t\n\t\t<a class=\"elementor-post__read-more\" href=\"https:\/\/fralla.mx\/insights\/en\/statement-no-9-may-2025\/\" aria-label=\"Read more about Statement No 9 &#8211; May 2025\" tabindex=\"-1\" >\n\t\t\tSigue Leyendo \u00bb\t\t<\/a>\n\n\t\t\t\t<\/div>\n\t\t\t\t<div class=\"elementor-post__meta-data\">\n\t\t\t\t\t<span class=\"elementor-post-date\">\n\t\t\t06\/05\/2025\t\t<\/span>\n\t\t\t\t<span class=\"elementor-post-avatar\">\n\t\t\tNo hay comentarios\t\t<\/span>\n\t\t\t\t<\/div>\n\t\t\t\t\t<\/div>\n\t\t<\/article>\n\t\t\t\t<article class=\"elementor-post elementor-grid-item post-8533 post type-post status-publish format-image has-post-thumbnail hentry category-noticias-fiscales post_format-post-format-image\" role=\"listitem\">\n\t\t\t<div class=\"elementor-post__card\">\n\t\t\t\t<a class=\"elementor-post__thumbnail__link\" href=\"https:\/\/fralla.mx\/insights\/comunicado-no-9-may-2025\/\" tabindex=\"-1\" ><div class=\"elementor-post__thumbnail\"><img loading=\"lazy\" decoding=\"async\" width=\"715\" height=\"372\" src=\"https:\/\/fralla.mx\/insights\/wp-content\/uploads\/2025\/05\/Captura-de-pantalla-2025-05-02-145952.png\" class=\"attachment-full size-full wp-image-8530\" alt=\"\" \/><\/div><\/a>\n\t\t\t\t<div class=\"elementor-post__text\">\n\t\t\t\t<h3 class=\"elementor-post__title\">\n\t\t\t<a href=\"https:\/\/fralla.mx\/insights\/comunicado-no-9-may-2025\/\" >\n\t\t\t\tComunicado No 9 &#8211; May 2025\t\t\t<\/a>\n\t\t<\/h3>\n\t\t\t\t<div class=\"elementor-post__excerpt\">\n\t\t\t<p>SAT convoca a contribuyentes a presentar dictamen de estados financieros<\/p>\n\t\t<\/div>\n\t\t\n\t\t<a class=\"elementor-post__read-more\" href=\"https:\/\/fralla.mx\/insights\/comunicado-no-9-may-2025\/\" aria-label=\"Read more about Comunicado No 9 &#8211; May 2025\" tabindex=\"-1\" >\n\t\t\tSigue Leyendo \u00bb\t\t<\/a>\n\n\t\t\t\t<\/div>\n\t\t\t\t<div class=\"elementor-post__meta-data\">\n\t\t\t\t\t<span class=\"elementor-post-date\">\n\t\t\t06\/05\/2025\t\t<\/span>\n\t\t\t\t<span class=\"elementor-post-avatar\">\n\t\t\tNo hay comentarios\t\t<\/span>\n\t\t\t\t<\/div>\n\t\t\t\t\t<\/div>\n\t\t<\/article>\n\t\t\t\t<article class=\"elementor-post elementor-grid-item post-8520 post type-post status-publish format-image has-post-thumbnail hentry category-sin-categoria-en post_format-post-format-image\" role=\"listitem\">\n\t\t\t<div class=\"elementor-post__card\">\n\t\t\t\t<a class=\"elementor-post__thumbnail__link\" href=\"https:\/\/fralla.mx\/insights\/en\/statement-no-8-april-2025\/\" tabindex=\"-1\" ><div class=\"elementor-post__thumbnail\"><img loading=\"lazy\" decoding=\"async\" width=\"738\" height=\"398\" src=\"https:\/\/fralla.mx\/insights\/wp-content\/uploads\/2025\/04\/Captura-de-pantalla-2025-04-25-a-las-9.01.19.png\" class=\"attachment-full size-full wp-image-8516\" alt=\"\" \/><\/div><\/a>\n\t\t\t\t<div class=\"elementor-post__text\">\n\t\t\t\t<h3 class=\"elementor-post__title\">\n\t\t\t<a href=\"https:\/\/fralla.mx\/insights\/en\/statement-no-8-april-2025\/\" >\n\t\t\t\tStatement no 8 &#8211; April 2025\t\t\t<\/a>\n\t\t<\/h3>\n\t\t\t\t<div class=\"elementor-post__excerpt\">\n\t\t\t<p>PRODECON helps you to solve the inconsistencies detected by the tax authority when requesting the refund of your income tax credit balance 2024.<\/p>\n\t\t<\/div>\n\t\t\n\t\t<a class=\"elementor-post__read-more\" href=\"https:\/\/fralla.mx\/insights\/en\/statement-no-8-april-2025\/\" aria-label=\"Read more about Statement no 8 &#8211; April 2025\" tabindex=\"-1\" >\n\t\t\tSigue Leyendo \u00bb\t\t<\/a>\n\n\t\t\t\t<\/div>\n\t\t\t\t<div class=\"elementor-post__meta-data\">\n\t\t\t\t\t<span class=\"elementor-post-date\">\n\t\t\t25\/04\/2025\t\t<\/span>\n\t\t\t\t<span class=\"elementor-post-avatar\">\n\t\t\tNo hay comentarios\t\t<\/span>\n\t\t\t\t<\/div>\n\t\t\t\t\t<\/div>\n\t\t<\/article>\n\t\t\t\t<article class=\"elementor-post elementor-grid-item post-8513 post type-post status-publish format-image has-post-thumbnail hentry category-noticias-fiscales post_format-post-format-image\" role=\"listitem\">\n\t\t\t<div class=\"elementor-post__card\">\n\t\t\t\t<a class=\"elementor-post__thumbnail__link\" href=\"https:\/\/fralla.mx\/insights\/comunicado-no-8-abril-2025\/\" tabindex=\"-1\" ><div class=\"elementor-post__thumbnail\"><img loading=\"lazy\" decoding=\"async\" width=\"738\" height=\"398\" src=\"https:\/\/fralla.mx\/insights\/wp-content\/uploads\/2025\/04\/Captura-de-pantalla-2025-04-25-a-las-9.01.19.png\" class=\"attachment-full size-full wp-image-8516\" alt=\"\" \/><\/div><\/a>\n\t\t\t\t<div class=\"elementor-post__text\">\n\t\t\t\t<h3 class=\"elementor-post__title\">\n\t\t\t<a href=\"https:\/\/fralla.mx\/insights\/comunicado-no-8-abril-2025\/\" >\n\t\t\t\tComunicado No 8 &#8211; Abril 2025\t\t\t<\/a>\n\t\t<\/h3>\n\t\t\t\t<div class=\"elementor-post__excerpt\">\n\t\t\t<p>PRODECON te apoya a solventar las inconsistencias detectadas por la autoridad fiscal en la solicitud de la devoluci\u00f3n de tu saldo a favor del ISR 2024<\/p>\n\t\t<\/div>\n\t\t\n\t\t<a class=\"elementor-post__read-more\" href=\"https:\/\/fralla.mx\/insights\/comunicado-no-8-abril-2025\/\" aria-label=\"Read more about Comunicado No 8 &#8211; Abril 2025\" tabindex=\"-1\" >\n\t\t\tSigue Leyendo \u00bb\t\t<\/a>\n\n\t\t\t\t<\/div>\n\t\t\t\t<div class=\"elementor-post__meta-data\">\n\t\t\t\t\t<span class=\"elementor-post-date\">\n\t\t\t25\/04\/2025\t\t<\/span>\n\t\t\t\t<span class=\"elementor-post-avatar\">\n\t\t\tNo hay comentarios\t\t<\/span>\n\t\t\t\t<\/div>\n\t\t\t\t\t<\/div>\n\t\t<\/article>\n\t\t\t\t<article class=\"elementor-post elementor-grid-item post-8506 post type-post status-publish format-image has-post-thumbnail hentry category-sin-categoria-en post_format-post-format-image\" role=\"listitem\">\n\t\t\t<div class=\"elementor-post__card\">\n\t\t\t\t<a class=\"elementor-post__thumbnail__link\" href=\"https:\/\/fralla.mx\/insights\/en\/general-flash-no-6-april-2025\/\" tabindex=\"-1\" ><div class=\"elementor-post__thumbnail\"><img loading=\"lazy\" decoding=\"async\" width=\"773\" height=\"398\" src=\"https:\/\/fralla.mx\/insights\/wp-content\/uploads\/2024\/09\/111-1.jpg\" class=\"attachment-full size-full wp-image-7890\" alt=\"\" srcset=\"https:\/\/fralla.mx\/insights\/wp-content\/uploads\/2024\/09\/111-1.jpg 773w, https:\/\/fralla.mx\/insights\/wp-content\/uploads\/2024\/09\/111-1-768x395.jpg 768w\" sizes=\"(max-width: 773px) 100vw, 773px\" \/><\/div><\/a>\n\t\t\t\t<div class=\"elementor-post__text\">\n\t\t\t\t<h3 class=\"elementor-post__title\">\n\t\t\t<a href=\"https:\/\/fralla.mx\/insights\/en\/general-flash-no-6-april-2025\/\" >\n\t\t\t\tGeneral Flash No 6 &#8211; April 2025\t\t\t<\/a>\n\t\t<\/h3>\n\t\t\t\t<div class=\"elementor-post__excerpt\">\n\t\t\t<p>National Consumer Price Index<\/p>\n\t\t<\/div>\n\t\t\n\t\t<a class=\"elementor-post__read-more\" href=\"https:\/\/fralla.mx\/insights\/en\/general-flash-no-6-april-2025\/\" aria-label=\"Read more about General Flash No 6 &#8211; April 2025\" tabindex=\"-1\" >\n\t\t\tSigue Leyendo \u00bb\t\t<\/a>\n\n\t\t\t\t<\/div>\n\t\t\t\t<div class=\"elementor-post__meta-data\">\n\t\t\t\t\t<span class=\"elementor-post-date\">\n\t\t\t11\/04\/2025\t\t<\/span>\n\t\t\t\t<span class=\"elementor-post-avatar\">\n\t\t\tNo hay comentarios\t\t<\/span>\n\t\t\t\t<\/div>\n\t\t\t\t\t<\/div>\n\t\t<\/article>\n\t\t\t\t<article class=\"elementor-post elementor-grid-item post-8501 post type-post status-publish format-image has-post-thumbnail hentry category-noticias-fiscales post_format-post-format-image\" role=\"listitem\">\n\t\t\t<div class=\"elementor-post__card\">\n\t\t\t\t<a class=\"elementor-post__thumbnail__link\" href=\"https:\/\/fralla.mx\/insights\/flash-general-no-6-abril-2025\/\" tabindex=\"-1\" ><div class=\"elementor-post__thumbnail\"><img loading=\"lazy\" decoding=\"async\" width=\"773\" height=\"398\" src=\"https:\/\/fralla.mx\/insights\/wp-content\/uploads\/2024\/09\/111-1.jpg\" class=\"attachment-full size-full wp-image-7890\" alt=\"\" srcset=\"https:\/\/fralla.mx\/insights\/wp-content\/uploads\/2024\/09\/111-1.jpg 773w, https:\/\/fralla.mx\/insights\/wp-content\/uploads\/2024\/09\/111-1-768x395.jpg 768w\" sizes=\"(max-width: 773px) 100vw, 773px\" \/><\/div><\/a>\n\t\t\t\t<div class=\"elementor-post__text\">\n\t\t\t\t<h3 class=\"elementor-post__title\">\n\t\t\t<a href=\"https:\/\/fralla.mx\/insights\/flash-general-no-6-abril-2025\/\" >\n\t\t\t\tFlash General No 6 &#8211; Abril 2025\t\t\t<\/a>\n\t\t<\/h3>\n\t\t\t\t<div class=\"elementor-post__excerpt\">\n\t\t\t<p>\u00cdndice Nacional de Precios al Consumidor<\/p>\n\t\t<\/div>\n\t\t\n\t\t<a class=\"elementor-post__read-more\" href=\"https:\/\/fralla.mx\/insights\/flash-general-no-6-abril-2025\/\" aria-label=\"Read more about Flash General No 6 &#8211; Abril 2025\" tabindex=\"-1\" >\n\t\t\tSigue Leyendo \u00bb\t\t<\/a>\n\n\t\t\t\t<\/div>\n\t\t\t\t<div class=\"elementor-post__meta-data\">\n\t\t\t\t\t<span class=\"elementor-post-date\">\n\t\t\t11\/04\/2025\t\t<\/span>\n\t\t\t\t<span class=\"elementor-post-avatar\">\n\t\t\tNo hay comentarios\t\t<\/span>\n\t\t\t\t<\/div>\n\t\t\t\t\t<\/div>\n\t\t<\/article>\n\t\t\t\t<article class=\"elementor-post elementor-grid-item post-8491 post type-post status-publish format-image has-post-thumbnail hentry category-sin-categoria-en post_format-post-format-image\" role=\"listitem\">\n\t\t\t<div class=\"elementor-post__card\">\n\t\t\t\t<a class=\"elementor-post__thumbnail__link\" href=\"https:\/\/fralla.mx\/insights\/en\/tax-news-no-15-april-2025\/\" tabindex=\"-1\" ><div class=\"elementor-post__thumbnail\"><img loading=\"lazy\" decoding=\"async\" width=\"389\" height=\"256\" src=\"https:\/\/fralla.mx\/insights\/wp-content\/uploads\/2025\/04\/Captura-de-pantalla-2025-04-08-191749.png\" class=\"attachment-full size-full wp-image-8482\" alt=\"\" \/><\/div><\/a>\n\t\t\t\t<div class=\"elementor-post__text\">\n\t\t\t\t<h3 class=\"elementor-post__title\">\n\t\t\t<a href=\"https:\/\/fralla.mx\/insights\/en\/tax-news-no-15-april-2025\/\" >\n\t\t\t\tTax News No 15 &#8211; April 2025\t\t\t<\/a>\n\t\t<\/h3>\n\t\t\t\t<div class=\"elementor-post__excerpt\">\n\t\t\t<p>Second Resolution of Amendments to the Miscellaneous Tax Resolution for 2025 and its Annexes 1, 1-A and 9<\/p>\n\t\t<\/div>\n\t\t\n\t\t<a class=\"elementor-post__read-more\" href=\"https:\/\/fralla.mx\/insights\/en\/tax-news-no-15-april-2025\/\" aria-label=\"Read more about Tax News No 15 &#8211; April 2025\" tabindex=\"-1\" >\n\t\t\tSigue Leyendo \u00bb\t\t<\/a>\n\n\t\t\t\t<\/div>\n\t\t\t\t<div class=\"elementor-post__meta-data\">\n\t\t\t\t\t<span class=\"elementor-post-date\">\n\t\t\t09\/04\/2025\t\t<\/span>\n\t\t\t\t<span class=\"elementor-post-avatar\">\n\t\t\tNo hay comentarios\t\t<\/span>\n\t\t\t\t<\/div>\n\t\t\t\t\t<\/div>\n\t\t<\/article>\n\t\t\t\t<article class=\"elementor-post elementor-grid-item post-8483 post type-post status-publish format-image has-post-thumbnail hentry category-noticias-fiscales post_format-post-format-image\" role=\"listitem\">\n\t\t\t<div class=\"elementor-post__card\">\n\t\t\t\t<a class=\"elementor-post__thumbnail__link\" href=\"https:\/\/fralla.mx\/insights\/flash-fiscal-no-15-abril-2025\/\" tabindex=\"-1\" ><div class=\"elementor-post__thumbnail\"><img loading=\"lazy\" decoding=\"async\" width=\"389\" height=\"256\" src=\"https:\/\/fralla.mx\/insights\/wp-content\/uploads\/2025\/04\/Captura-de-pantalla-2025-04-08-191749.png\" class=\"attachment-full size-full wp-image-8482\" alt=\"\" \/><\/div><\/a>\n\t\t\t\t<div class=\"elementor-post__text\">\n\t\t\t\t<h3 class=\"elementor-post__title\">\n\t\t\t<a href=\"https:\/\/fralla.mx\/insights\/flash-fiscal-no-15-abril-2025\/\" >\n\t\t\t\tFlash Fiscal No 15 &#8211; Abril 2025\t\t\t<\/a>\n\t\t<\/h3>\n\t\t\t\t<div class=\"elementor-post__excerpt\">\n\t\t\t<p>Segunda Resoluci\u00f3n de Modificaciones a la Resoluci\u00f3n Miscel\u00e1nea Fiscal para 2025 y sus Anexos 1, 1-A y 9<\/p>\n\t\t<\/div>\n\t\t\n\t\t<a class=\"elementor-post__read-more\" href=\"https:\/\/fralla.mx\/insights\/flash-fiscal-no-15-abril-2025\/\" aria-label=\"Read more about Flash Fiscal No 15 &#8211; Abril 2025\" tabindex=\"-1\" >\n\t\t\tSigue Leyendo \u00bb\t\t<\/a>\n\n\t\t\t\t<\/div>\n\t\t\t\t<div class=\"elementor-post__meta-data\">\n\t\t\t\t\t<span class=\"elementor-post-date\">\n\t\t\t09\/04\/2025\t\t<\/span>\n\t\t\t\t<span class=\"elementor-post-avatar\">\n\t\t\tNo hay comentarios\t\t<\/span>\n\t\t\t\t<\/div>\n\t\t\t\t\t<\/div>\n\t\t<\/article>\n\t\t\t\t<article class=\"elementor-post elementor-grid-item post-8476 post type-post status-publish format-image has-post-thumbnail hentry category-sin-categoria-en post_format-post-format-image\" role=\"listitem\">\n\t\t\t<div class=\"elementor-post__card\">\n\t\t\t\t<a class=\"elementor-post__thumbnail__link\" href=\"https:\/\/fralla.mx\/insights\/en\/tax-news-no-14-april-2025\/\" tabindex=\"-1\" ><div class=\"elementor-post__thumbnail\"><img loading=\"lazy\" decoding=\"async\" width=\"670\" height=\"447\" src=\"https:\/\/fralla.mx\/insights\/wp-content\/uploads\/2024\/10\/Flash-32.jpeg\" class=\"attachment-full size-full wp-image-7986\" alt=\"\" \/><\/div><\/a>\n\t\t\t\t<div class=\"elementor-post__text\">\n\t\t\t\t<h3 class=\"elementor-post__title\">\n\t\t\t<a href=\"https:\/\/fralla.mx\/insights\/en\/tax-news-no-14-april-2025\/\" >\n\t\t\t\tTax News No 14 &#8211; April 2025\t\t\t<\/a>\n\t\t<\/h3>\n\t\t\t\t<div class=\"elementor-post__excerpt\">\n\t\t\t<p>Definitive Global Listing Article 69-B CFF<\/p>\n\t\t<\/div>\n\t\t\n\t\t<a class=\"elementor-post__read-more\" href=\"https:\/\/fralla.mx\/insights\/en\/tax-news-no-14-april-2025\/\" aria-label=\"Read more about Tax News No 14 &#8211; April 2025\" tabindex=\"-1\" >\n\t\t\tSigue Leyendo \u00bb\t\t<\/a>\n\n\t\t\t\t<\/div>\n\t\t\t\t<div class=\"elementor-post__meta-data\">\n\t\t\t\t\t<span class=\"elementor-post-date\">\n\t\t\t08\/04\/2025\t\t<\/span>\n\t\t\t\t<span class=\"elementor-post-avatar\">\n\t\t\tNo hay comentarios\t\t<\/span>\n\t\t\t\t<\/div>\n\t\t\t\t\t<\/div>\n\t\t<\/article>\n\t\t\t\t<article class=\"elementor-post elementor-grid-item post-8471 post type-post status-publish format-image has-post-thumbnail hentry category-noticias-fiscales post_format-post-format-image\" role=\"listitem\">\n\t\t\t<div class=\"elementor-post__card\">\n\t\t\t\t<a class=\"elementor-post__thumbnail__link\" href=\"https:\/\/fralla.mx\/insights\/flash-fiscal-no-14-abril-2025\/\" tabindex=\"-1\" ><div class=\"elementor-post__thumbnail\"><img loading=\"lazy\" decoding=\"async\" width=\"670\" height=\"447\" src=\"https:\/\/fralla.mx\/insights\/wp-content\/uploads\/2024\/10\/Flash-32.jpeg\" class=\"attachment-full size-full wp-image-7986\" alt=\"\" \/><\/div><\/a>\n\t\t\t\t<div class=\"elementor-post__text\">\n\t\t\t\t<h3 class=\"elementor-post__title\">\n\t\t\t<a href=\"https:\/\/fralla.mx\/insights\/flash-fiscal-no-14-abril-2025\/\" >\n\t\t\t\tFlash Fiscal No 14 &#8211; Abril 2025\t\t\t<\/a>\n\t\t<\/h3>\n\t\t\t\t<div class=\"elementor-post__excerpt\">\n\t\t\t<p>Listado Global Definitivo Art\u00edculo 69-B CFF<\/p>\n\t\t<\/div>\n\t\t\n\t\t<a class=\"elementor-post__read-more\" href=\"https:\/\/fralla.mx\/insights\/flash-fiscal-no-14-abril-2025\/\" aria-label=\"Read more about Flash Fiscal No 14 &#8211; Abril 2025\" tabindex=\"-1\" >\n\t\t\tSigue Leyendo \u00bb\t\t<\/a>\n\n\t\t\t\t<\/div>\n\t\t\t\t<div class=\"elementor-post__meta-data\">\n\t\t\t\t\t<span class=\"elementor-post-date\">\n\t\t\t08\/04\/2025\t\t<\/span>\n\t\t\t\t<span class=\"elementor-post-avatar\">\n\t\t\tNo hay comentarios\t\t<\/span>\n\t\t\t\t<\/div>\n\t\t\t\t\t<\/div>\n\t\t<\/article>\n\t\t\t\t<article class=\"elementor-post elementor-grid-item post-8466 post type-post status-publish format-image has-post-thumbnail hentry category-sin-categoria-en post_format-post-format-image\" role=\"listitem\">\n\t\t\t<div class=\"elementor-post__card\">\n\t\t\t\t<a class=\"elementor-post__thumbnail__link\" href=\"https:\/\/fralla.mx\/insights\/en\/tax-news-no-13-april-2025\/\" tabindex=\"-1\" ><div class=\"elementor-post__thumbnail\"><img loading=\"lazy\" decoding=\"async\" width=\"530\" height=\"233\" src=\"https:\/\/fralla.mx\/insights\/wp-content\/uploads\/2025\/01\/Captura-de-pantalla-2025-01-31-131329.png\" class=\"attachment-full size-full wp-image-8257\" alt=\"\" \/><\/div><\/a>\n\t\t\t\t<div class=\"elementor-post__text\">\n\t\t\t\t<h3 class=\"elementor-post__title\">\n\t\t\t<a href=\"https:\/\/fralla.mx\/insights\/en\/tax-news-no-13-april-2025\/\" >\n\t\t\t\tTax News No 13 &#8211; April 2025\t\t\t<\/a>\n\t\t<\/h3>\n\t\t\t\t<div class=\"elementor-post__excerpt\">\n\t\t\t<p>Global Presumptive Listing Article 69-B CFF<\/p>\n\t\t<\/div>\n\t\t\n\t\t<a class=\"elementor-post__read-more\" href=\"https:\/\/fralla.mx\/insights\/en\/tax-news-no-13-april-2025\/\" aria-label=\"Read more about Tax News No 13 &#8211; April 2025\" tabindex=\"-1\" >\n\t\t\tSigue Leyendo \u00bb\t\t<\/a>\n\n\t\t\t\t<\/div>\n\t\t\t\t<div class=\"elementor-post__meta-data\">\n\t\t\t\t\t<span class=\"elementor-post-date\">\n\t\t\t08\/04\/2025\t\t<\/span>\n\t\t\t\t<span class=\"elementor-post-avatar\">\n\t\t\tNo hay comentarios\t\t<\/span>\n\t\t\t\t<\/div>\n\t\t\t\t\t<\/div>\n\t\t<\/article>\n\t\t\t\t<article class=\"elementor-post elementor-grid-item post-8461 post type-post status-publish format-image has-post-thumbnail hentry category-noticias-fiscales post_format-post-format-image\" role=\"listitem\">\n\t\t\t<div class=\"elementor-post__card\">\n\t\t\t\t<a class=\"elementor-post__thumbnail__link\" href=\"https:\/\/fralla.mx\/insights\/flash-fiscal-no-13-abril-2025\/\" tabindex=\"-1\" ><div class=\"elementor-post__thumbnail\"><img loading=\"lazy\" decoding=\"async\" width=\"530\" height=\"233\" src=\"https:\/\/fralla.mx\/insights\/wp-content\/uploads\/2025\/01\/Captura-de-pantalla-2025-01-31-131329.png\" class=\"attachment-full size-full wp-image-8257\" alt=\"\" \/><\/div><\/a>\n\t\t\t\t<div class=\"elementor-post__text\">\n\t\t\t\t<h3 class=\"elementor-post__title\">\n\t\t\t<a href=\"https:\/\/fralla.mx\/insights\/flash-fiscal-no-13-abril-2025\/\" >\n\t\t\t\tFlash Fiscal No 13 &#8211; Abril 2025\t\t\t<\/a>\n\t\t<\/h3>\n\t\t\t\t<div class=\"elementor-post__excerpt\">\n\t\t\t<p>Listado Global de Presunci\u00f3n Art\u00edculo 69-BCFF<\/p>\n\t\t<\/div>\n\t\t\n\t\t<a class=\"elementor-post__read-more\" href=\"https:\/\/fralla.mx\/insights\/flash-fiscal-no-13-abril-2025\/\" aria-label=\"Read more about Flash Fiscal No 13 &#8211; Abril 2025\" tabindex=\"-1\" >\n\t\t\tSigue Leyendo \u00bb\t\t<\/a>\n\n\t\t\t\t<\/div>\n\t\t\t\t<div class=\"elementor-post__meta-data\">\n\t\t\t\t\t<span class=\"elementor-post-date\">\n\t\t\t08\/04\/2025\t\t<\/span>\n\t\t\t\t<span class=\"elementor-post-avatar\">\n\t\t\tNo hay comentarios\t\t<\/span>\n\t\t\t\t<\/div>\n\t\t\t\t\t<\/div>\n\t\t<\/article>\n\t\t\t\t<article class=\"elementor-post elementor-grid-item post-8444 post type-post status-publish format-image has-post-thumbnail hentry category-sin-categoria-en post_format-post-format-image\" role=\"listitem\">\n\t\t\t<div class=\"elementor-post__card\">\n\t\t\t\t<a class=\"elementor-post__thumbnail__link\" href=\"https:\/\/fralla.mx\/insights\/en\/statement-no-7-march-2025\/\" tabindex=\"-1\" ><div class=\"elementor-post__thumbnail\"><img loading=\"lazy\" decoding=\"async\" width=\"745\" height=\"503\" src=\"https:\/\/fralla.mx\/insights\/wp-content\/uploads\/2025\/03\/12345.jpg\" class=\"attachment-full size-full wp-image-8438\" alt=\"\" \/><\/div><\/a>\n\t\t\t\t<div class=\"elementor-post__text\">\n\t\t\t\t<h3 class=\"elementor-post__title\">\n\t\t\t<a href=\"https:\/\/fralla.mx\/insights\/en\/statement-no-7-march-2025\/\" >\n\t\t\t\tStatement No 7 &#8211; March 2025\t\t\t<\/a>\n\t\t<\/h3>\n\t\t\t\t<div class=\"elementor-post__excerpt\">\n\t\t\t<p>2024 Annual Income Tax Return Simulator for Individuals<\/p>\n\t\t<\/div>\n\t\t\n\t\t<a class=\"elementor-post__read-more\" href=\"https:\/\/fralla.mx\/insights\/en\/statement-no-7-march-2025\/\" aria-label=\"Read more about Statement No 7 &#8211; March 2025\" tabindex=\"-1\" >\n\t\t\tSigue Leyendo \u00bb\t\t<\/a>\n\n\t\t\t\t<\/div>\n\t\t\t\t<div class=\"elementor-post__meta-data\">\n\t\t\t\t\t<span class=\"elementor-post-date\">\n\t\t\t24\/03\/2025\t\t<\/span>\n\t\t\t\t<span class=\"elementor-post-avatar\">\n\t\t\tNo hay comentarios\t\t<\/span>\n\t\t\t\t<\/div>\n\t\t\t\t\t<\/div>\n\t\t<\/article>\n\t\t\t\t<article class=\"elementor-post elementor-grid-item post-8439 post type-post status-publish format-image has-post-thumbnail hentry category-noticias-fiscales post_format-post-format-image\" role=\"listitem\">\n\t\t\t<div class=\"elementor-post__card\">\n\t\t\t\t<a class=\"elementor-post__thumbnail__link\" href=\"https:\/\/fralla.mx\/insights\/comunicado-no-7-marzo-2025\/\" tabindex=\"-1\" ><div class=\"elementor-post__thumbnail\"><img loading=\"lazy\" decoding=\"async\" width=\"745\" height=\"503\" src=\"https:\/\/fralla.mx\/insights\/wp-content\/uploads\/2025\/03\/12345.jpg\" class=\"attachment-full size-full wp-image-8438\" alt=\"\" \/><\/div><\/a>\n\t\t\t\t<div class=\"elementor-post__text\">\n\t\t\t\t<h3 class=\"elementor-post__title\">\n\t\t\t<a href=\"https:\/\/fralla.mx\/insights\/comunicado-no-7-marzo-2025\/\" >\n\t\t\t\tComunicado No 7 &#8211; Marzo 2025\t\t\t<\/a>\n\t\t<\/h3>\n\t\t\t\t<div class=\"elementor-post__excerpt\">\n\t\t\t<p>Simulador Declaraci\u00f3n Anual 2024 Personas F\u00edsicas<\/p>\n\t\t<\/div>\n\t\t\n\t\t<a class=\"elementor-post__read-more\" href=\"https:\/\/fralla.mx\/insights\/comunicado-no-7-marzo-2025\/\" aria-label=\"Read more about Comunicado No 7 &#8211; Marzo 2025\" tabindex=\"-1\" >\n\t\t\tSigue Leyendo \u00bb\t\t<\/a>\n\n\t\t\t\t<\/div>\n\t\t\t\t<div class=\"elementor-post__meta-data\">\n\t\t\t\t\t<span class=\"elementor-post-date\">\n\t\t\t24\/03\/2025\t\t<\/span>\n\t\t\t\t<span class=\"elementor-post-avatar\">\n\t\t\tNo hay comentarios\t\t<\/span>\n\t\t\t\t<\/div>\n\t\t\t\t\t<\/div>\n\t\t<\/article>\n\t\t\t\t<article class=\"elementor-post elementor-grid-item post-8421 post type-post status-publish format-image has-post-thumbnail hentry category-sin-categoria-en post_format-post-format-image\" role=\"listitem\">\n\t\t\t<div class=\"elementor-post__card\">\n\t\t\t\t<a class=\"elementor-post__thumbnail__link\" href=\"https:\/\/fralla.mx\/insights\/en\/general-flash-no-5-march-2025\/\" tabindex=\"-1\" ><div class=\"elementor-post__thumbnail\"><img loading=\"lazy\" decoding=\"async\" width=\"773\" height=\"398\" src=\"https:\/\/fralla.mx\/insights\/wp-content\/uploads\/2024\/09\/111-1.jpg\" class=\"attachment-full size-full wp-image-7890\" alt=\"\" srcset=\"https:\/\/fralla.mx\/insights\/wp-content\/uploads\/2024\/09\/111-1.jpg 773w, https:\/\/fralla.mx\/insights\/wp-content\/uploads\/2024\/09\/111-1-768x395.jpg 768w\" sizes=\"(max-width: 773px) 100vw, 773px\" \/><\/div><\/a>\n\t\t\t\t<div class=\"elementor-post__text\">\n\t\t\t\t<h3 class=\"elementor-post__title\">\n\t\t\t<a href=\"https:\/\/fralla.mx\/insights\/en\/general-flash-no-5-march-2025\/\" >\n\t\t\t\tGeneral Flash No 5 &#8211; March 2025\t\t\t<\/a>\n\t\t<\/h3>\n\t\t\t\t<div class=\"elementor-post__excerpt\">\n\t\t\t<p>National Consumer Price Index<\/p>\n\t\t<\/div>\n\t\t\n\t\t<a class=\"elementor-post__read-more\" href=\"https:\/\/fralla.mx\/insights\/en\/general-flash-no-5-march-2025\/\" aria-label=\"Read more about General Flash No 5 &#8211; March 2025\" tabindex=\"-1\" >\n\t\t\tSigue Leyendo \u00bb\t\t<\/a>\n\n\t\t\t\t<\/div>\n\t\t\t\t<div class=\"elementor-post__meta-data\">\n\t\t\t\t\t<span class=\"elementor-post-date\">\n\t\t\t11\/03\/2025\t\t<\/span>\n\t\t\t\t<span class=\"elementor-post-avatar\">\n\t\t\tNo hay comentarios\t\t<\/span>\n\t\t\t\t<\/div>\n\t\t\t\t\t<\/div>\n\t\t<\/article>\n\t\t\t\t<article class=\"elementor-post elementor-grid-item post-8413 post type-post status-publish format-image has-post-thumbnail hentry category-noticias-fiscales post_format-post-format-image\" role=\"listitem\">\n\t\t\t<div class=\"elementor-post__card\">\n\t\t\t\t<a class=\"elementor-post__thumbnail__link\" href=\"https:\/\/fralla.mx\/insights\/flash-general-no-5-marzo-2025\/\" tabindex=\"-1\" ><div class=\"elementor-post__thumbnail\"><img loading=\"lazy\" decoding=\"async\" width=\"773\" height=\"398\" src=\"https:\/\/fralla.mx\/insights\/wp-content\/uploads\/2024\/09\/111-1.jpg\" class=\"attachment-full size-full wp-image-7890\" alt=\"\" srcset=\"https:\/\/fralla.mx\/insights\/wp-content\/uploads\/2024\/09\/111-1.jpg 773w, https:\/\/fralla.mx\/insights\/wp-content\/uploads\/2024\/09\/111-1-768x395.jpg 768w\" sizes=\"(max-width: 773px) 100vw, 773px\" \/><\/div><\/a>\n\t\t\t\t<div class=\"elementor-post__text\">\n\t\t\t\t<h3 class=\"elementor-post__title\">\n\t\t\t<a href=\"https:\/\/fralla.mx\/insights\/flash-general-no-5-marzo-2025\/\" >\n\t\t\t\tFlash General No 5 &#8211; Marzo 2025\t\t\t<\/a>\n\t\t<\/h3>\n\t\t\t\t<div class=\"elementor-post__excerpt\">\n\t\t\t<p>\u00cdndice Nacional de Precios al Consumidor<\/p>\n\t\t<\/div>\n\t\t\n\t\t<a class=\"elementor-post__read-more\" href=\"https:\/\/fralla.mx\/insights\/flash-general-no-5-marzo-2025\/\" aria-label=\"Read more about Flash General No 5 &#8211; Marzo 2025\" tabindex=\"-1\" >\n\t\t\tSigue Leyendo \u00bb\t\t<\/a>\n\n\t\t\t\t<\/div>\n\t\t\t\t<div class=\"elementor-post__meta-data\">\n\t\t\t\t\t<span class=\"elementor-post-date\">\n\t\t\t11\/03\/2025\t\t<\/span>\n\t\t\t\t<span class=\"elementor-post-avatar\">\n\t\t\tNo hay comentarios\t\t<\/span>\n\t\t\t\t<\/div>\n\t\t\t\t\t<\/div>\n\t\t<\/article>\n\t\t\t\t<article class=\"elementor-post elementor-grid-item post-8404 post type-post status-publish format-image has-post-thumbnail hentry category-sin-categoria-en post_format-post-format-image\" role=\"listitem\">\n\t\t\t<div class=\"elementor-post__card\">\n\t\t\t\t<a class=\"elementor-post__thumbnail__link\" href=\"https:\/\/fralla.mx\/insights\/en\/statement-no-6-march-2025\/\" tabindex=\"-1\" ><div class=\"elementor-post__thumbnail\"><img loading=\"lazy\" decoding=\"async\" width=\"448\" height=\"269\" src=\"https:\/\/fralla.mx\/insights\/wp-content\/uploads\/2025\/03\/Captura-de-pantalla-2025-03-07-175734.png\" class=\"attachment-full size-full wp-image-8393\" alt=\"\" \/><\/div><\/a>\n\t\t\t\t<div class=\"elementor-post__text\">\n\t\t\t\t<h3 class=\"elementor-post__title\">\n\t\t\t<a href=\"https:\/\/fralla.mx\/insights\/en\/statement-no-6-march-2025\/\" >\n\t\t\t\tStatement No 6 &#8211; March 2025\t\t\t<\/a>\n\t\t<\/h3>\n\t\t\t\t<div class=\"elementor-post__excerpt\">\n\t\t\t<p>SAT invites companies to file their annual tax returns on time<\/p>\n\t\t<\/div>\n\t\t\n\t\t<a class=\"elementor-post__read-more\" href=\"https:\/\/fralla.mx\/insights\/en\/statement-no-6-march-2025\/\" aria-label=\"Read more about Statement No 6 &#8211; March 2025\" tabindex=\"-1\" >\n\t\t\tSigue Leyendo \u00bb\t\t<\/a>\n\n\t\t\t\t<\/div>\n\t\t\t\t<div class=\"elementor-post__meta-data\">\n\t\t\t\t\t<span class=\"elementor-post-date\">\n\t\t\t10\/03\/2025\t\t<\/span>\n\t\t\t\t<span class=\"elementor-post-avatar\">\n\t\t\tNo hay comentarios\t\t<\/span>\n\t\t\t\t<\/div>\n\t\t\t\t\t<\/div>\n\t\t<\/article>\n\t\t\t\t<article class=\"elementor-post elementor-grid-item post-8398 post type-post status-publish format-image has-post-thumbnail hentry category-noticias-fiscales post_format-post-format-image\" role=\"listitem\">\n\t\t\t<div class=\"elementor-post__card\">\n\t\t\t\t<a class=\"elementor-post__thumbnail__link\" href=\"https:\/\/fralla.mx\/insights\/comunicado-no-6-marzo-2025\/\" tabindex=\"-1\" ><div class=\"elementor-post__thumbnail\"><img loading=\"lazy\" decoding=\"async\" width=\"448\" height=\"269\" src=\"https:\/\/fralla.mx\/insights\/wp-content\/uploads\/2025\/03\/Captura-de-pantalla-2025-03-07-175734.png\" class=\"attachment-full size-full wp-image-8393\" alt=\"\" \/><\/div><\/a>\n\t\t\t\t<div class=\"elementor-post__text\">\n\t\t\t\t<h3 class=\"elementor-post__title\">\n\t\t\t<a href=\"https:\/\/fralla.mx\/insights\/comunicado-no-6-marzo-2025\/\" >\n\t\t\t\tComunicado No 6 &#8211; Marzo 2025\t\t\t<\/a>\n\t\t<\/h3>\n\t\t\t\t<div class=\"elementor-post__excerpt\">\n\t\t\t<p>SAT invita a las empresas a presentar a tiempo su Declaraci\u00f3n Anual<\/p>\n\t\t<\/div>\n\t\t\n\t\t<a class=\"elementor-post__read-more\" href=\"https:\/\/fralla.mx\/insights\/comunicado-no-6-marzo-2025\/\" aria-label=\"Read more about Comunicado No 6 &#8211; Marzo 2025\" tabindex=\"-1\" >\n\t\t\tSigue Leyendo \u00bb\t\t<\/a>\n\n\t\t\t\t<\/div>\n\t\t\t\t<div class=\"elementor-post__meta-data\">\n\t\t\t\t\t<span class=\"elementor-post-date\">\n\t\t\t10\/03\/2025\t\t<\/span>\n\t\t\t\t<span class=\"elementor-post-avatar\">\n\t\t\tNo hay comentarios\t\t<\/span>\n\t\t\t\t<\/div>\n\t\t\t\t\t<\/div>\n\t\t<\/article>\n\t\t\t\t<article class=\"elementor-post elementor-grid-item post-8387 post type-post status-publish format-image has-post-thumbnail hentry category-sin-categoria-en post_format-post-format-image\" role=\"listitem\">\n\t\t\t<div class=\"elementor-post__card\">\n\t\t\t\t<a class=\"elementor-post__thumbnail__link\" href=\"https:\/\/fralla.mx\/insights\/en\/tax-news-no-12-march-2025\/\" tabindex=\"-1\" ><div class=\"elementor-post__thumbnail\"><img loading=\"lazy\" decoding=\"async\" width=\"764\" height=\"396\" src=\"https:\/\/fralla.mx\/insights\/wp-content\/uploads\/2025\/01\/Captura-de-pantalla-2025-01-31-a-las-10.39.00.png\" class=\"attachment-full size-full wp-image-8232\" alt=\"\" \/><\/div><\/a>\n\t\t\t\t<div class=\"elementor-post__text\">\n\t\t\t\t<h3 class=\"elementor-post__title\">\n\t\t\t<a href=\"https:\/\/fralla.mx\/insights\/en\/tax-news-no-12-march-2025\/\" >\n\t\t\t\tTax News No 12 &#8211; March 2025\t\t\t<\/a>\n\t\t<\/h3>\n\t\t\t\t<div class=\"elementor-post__excerpt\">\n\t\t\t<p>Definitive Global Listing<br \/>\nArticle 69-B CFF<\/p>\n\t\t<\/div>\n\t\t\n\t\t<a class=\"elementor-post__read-more\" href=\"https:\/\/fralla.mx\/insights\/en\/tax-news-no-12-march-2025\/\" aria-label=\"Read more about Tax News No 12 &#8211; March 2025\" tabindex=\"-1\" >\n\t\t\tSigue Leyendo \u00bb\t\t<\/a>\n\n\t\t\t\t<\/div>\n\t\t\t\t<div class=\"elementor-post__meta-data\">\n\t\t\t\t\t<span class=\"elementor-post-date\">\n\t\t\t03\/03\/2025\t\t<\/span>\n\t\t\t\t<span class=\"elementor-post-avatar\">\n\t\t\tNo hay comentarios\t\t<\/span>\n\t\t\t\t<\/div>\n\t\t\t\t\t<\/div>\n\t\t<\/article>\n\t\t\t\t<article class=\"elementor-post elementor-grid-item post-8382 post type-post status-publish format-image has-post-thumbnail hentry category-noticias-fiscales post_format-post-format-image\" role=\"listitem\">\n\t\t\t<div class=\"elementor-post__card\">\n\t\t\t\t<a class=\"elementor-post__thumbnail__link\" href=\"https:\/\/fralla.mx\/insights\/flash-fiscal-no-12-marzo-2025\/\" tabindex=\"-1\" ><div class=\"elementor-post__thumbnail\"><img loading=\"lazy\" decoding=\"async\" width=\"764\" height=\"396\" src=\"https:\/\/fralla.mx\/insights\/wp-content\/uploads\/2025\/01\/Captura-de-pantalla-2025-01-31-a-las-10.39.00.png\" class=\"attachment-full size-full wp-image-8232\" alt=\"\" \/><\/div><\/a>\n\t\t\t\t<div class=\"elementor-post__text\">\n\t\t\t\t<h3 class=\"elementor-post__title\">\n\t\t\t<a href=\"https:\/\/fralla.mx\/insights\/flash-fiscal-no-12-marzo-2025\/\" >\n\t\t\t\tFlash Fiscal No 12 &#8211; Marzo 2025\t\t\t<\/a>\n\t\t<\/h3>\n\t\t\t\t<div class=\"elementor-post__excerpt\">\n\t\t\t<p>Listado Global Definitivo<br \/>\nArt\u00edculo 69-B CFF<\/p>\n\t\t<\/div>\n\t\t\n\t\t<a class=\"elementor-post__read-more\" href=\"https:\/\/fralla.mx\/insights\/flash-fiscal-no-12-marzo-2025\/\" aria-label=\"Read more about Flash Fiscal No 12 &#8211; Marzo 2025\" tabindex=\"-1\" >\n\t\t\tSigue Leyendo \u00bb\t\t<\/a>\n\n\t\t\t\t<\/div>\n\t\t\t\t<div class=\"elementor-post__meta-data\">\n\t\t\t\t\t<span class=\"elementor-post-date\">\n\t\t\t03\/03\/2025\t\t<\/span>\n\t\t\t\t<span class=\"elementor-post-avatar\">\n\t\t\tNo hay comentarios\t\t<\/span>\n\t\t\t\t<\/div>\n\t\t\t\t\t<\/div>\n\t\t<\/article>\n\t\t\t\t<article class=\"elementor-post elementor-grid-item post-8376 post type-post status-publish format-image has-post-thumbnail hentry category-sin-categoria-en post_format-post-format-image\" role=\"listitem\">\n\t\t\t<div class=\"elementor-post__card\">\n\t\t\t\t<a class=\"elementor-post__thumbnail__link\" href=\"https:\/\/fralla.mx\/insights\/en\/tax-news-no-11-february-2025\/\" tabindex=\"-1\" ><div class=\"elementor-post__thumbnail\"><img loading=\"lazy\" decoding=\"async\" width=\"522\" height=\"321\" src=\"https:\/\/fralla.mx\/insights\/wp-content\/uploads\/2025\/02\/Captura-de-pantalla-2025-02-27-181028.png\" class=\"attachment-full size-full wp-image-8370\" alt=\"\" \/><\/div><\/a>\n\t\t\t\t<div class=\"elementor-post__text\">\n\t\t\t\t<h3 class=\"elementor-post__title\">\n\t\t\t<a href=\"https:\/\/fralla.mx\/insights\/en\/tax-news-no-11-february-2025\/\" >\n\t\t\t\tTax News No 11 &#8211; February 2025\t\t\t<\/a>\n\t\t<\/h3>\n\t\t\t\t<div class=\"elementor-post__excerpt\">\n\t\t\t<p>Tax Stimulus for Research and<br \/>\nTechnology Research and Development<\/p>\n\t\t<\/div>\n\t\t\n\t\t<a class=\"elementor-post__read-more\" href=\"https:\/\/fralla.mx\/insights\/en\/tax-news-no-11-february-2025\/\" aria-label=\"Read more about Tax News No 11 &#8211; February 2025\" tabindex=\"-1\" >\n\t\t\tSigue Leyendo \u00bb\t\t<\/a>\n\n\t\t\t\t<\/div>\n\t\t\t\t<div class=\"elementor-post__meta-data\">\n\t\t\t\t\t<span class=\"elementor-post-date\">\n\t\t\t28\/02\/2025\t\t<\/span>\n\t\t\t\t<span class=\"elementor-post-avatar\">\n\t\t\tNo hay comentarios\t\t<\/span>\n\t\t\t\t<\/div>\n\t\t\t\t\t<\/div>\n\t\t<\/article>\n\t\t\t\t<article class=\"elementor-post elementor-grid-item post-8371 post type-post status-publish format-image has-post-thumbnail hentry category-noticias-fiscales post_format-post-format-image\" role=\"listitem\">\n\t\t\t<div class=\"elementor-post__card\">\n\t\t\t\t<a class=\"elementor-post__thumbnail__link\" href=\"https:\/\/fralla.mx\/insights\/flash-fiscal-no-11-febrero-2025\/\" tabindex=\"-1\" ><div class=\"elementor-post__thumbnail\"><img loading=\"lazy\" decoding=\"async\" width=\"522\" height=\"321\" src=\"https:\/\/fralla.mx\/insights\/wp-content\/uploads\/2025\/02\/Captura-de-pantalla-2025-02-27-181028.png\" class=\"attachment-full size-full wp-image-8370\" alt=\"\" \/><\/div><\/a>\n\t\t\t\t<div class=\"elementor-post__text\">\n\t\t\t\t<h3 class=\"elementor-post__title\">\n\t\t\t<a href=\"https:\/\/fralla.mx\/insights\/flash-fiscal-no-11-febrero-2025\/\" >\n\t\t\t\tFlash Fiscal No 11 &#8211; Febrero 2025\t\t\t<\/a>\n\t\t<\/h3>\n\t\t\t\t<div class=\"elementor-post__excerpt\">\n\t\t\t<p>Est\u00edmulo Fiscal a la Investigaci\u00f3n y<br \/>\nDesarrollo de Tecnolog\u00eda<\/p>\n\t\t<\/div>\n\t\t\n\t\t<a class=\"elementor-post__read-more\" href=\"https:\/\/fralla.mx\/insights\/flash-fiscal-no-11-febrero-2025\/\" aria-label=\"Read more about Flash Fiscal No 11 &#8211; Febrero 2025\" tabindex=\"-1\" >\n\t\t\tSigue Leyendo \u00bb\t\t<\/a>\n\n\t\t\t\t<\/div>\n\t\t\t\t<div class=\"elementor-post__meta-data\">\n\t\t\t\t\t<span class=\"elementor-post-date\">\n\t\t\t28\/02\/2025\t\t<\/span>\n\t\t\t\t<span class=\"elementor-post-avatar\">\n\t\t\tNo hay comentarios\t\t<\/span>\n\t\t\t\t<\/div>\n\t\t\t\t\t<\/div>\n\t\t<\/article>\n\t\t\t\t<article class=\"elementor-post elementor-grid-item post-8364 post type-post status-publish format-image has-post-thumbnail hentry category-sin-categoria-en post_format-post-format-image\" role=\"listitem\">\n\t\t\t<div class=\"elementor-post__card\">\n\t\t\t\t<a class=\"elementor-post__thumbnail__link\" href=\"https:\/\/fralla.mx\/insights\/en\/general-flash-no-4-february-2025\/\" tabindex=\"-1\" ><div class=\"elementor-post__thumbnail\"><img loading=\"lazy\" decoding=\"async\" width=\"454\" height=\"268\" src=\"https:\/\/fralla.mx\/insights\/wp-content\/uploads\/2025\/02\/Captura-de-pantalla-2025-02-26-190317.png\" class=\"attachment-full size-full wp-image-8358\" alt=\"\" \/><\/div><\/a>\n\t\t\t\t<div class=\"elementor-post__text\">\n\t\t\t\t<h3 class=\"elementor-post__title\">\n\t\t\t<a href=\"https:\/\/fralla.mx\/insights\/en\/general-flash-no-4-february-2025\/\" >\n\t\t\t\tGeneral Flash No 4 &#8211; February 2025\t\t\t<\/a>\n\t\t<\/h3>\n\t\t\t\t<div class=\"elementor-post__excerpt\">\n\t\t\t<p>INFONAVIT Law Reform<\/p>\n\t\t<\/div>\n\t\t\n\t\t<a class=\"elementor-post__read-more\" href=\"https:\/\/fralla.mx\/insights\/en\/general-flash-no-4-february-2025\/\" aria-label=\"Read more about General Flash No 4 &#8211; February 2025\" tabindex=\"-1\" >\n\t\t\tSigue Leyendo \u00bb\t\t<\/a>\n\n\t\t\t\t<\/div>\n\t\t\t\t<div class=\"elementor-post__meta-data\">\n\t\t\t\t\t<span class=\"elementor-post-date\">\n\t\t\t27\/02\/2025\t\t<\/span>\n\t\t\t\t<span class=\"elementor-post-avatar\">\n\t\t\tNo hay comentarios\t\t<\/span>\n\t\t\t\t<\/div>\n\t\t\t\t\t<\/div>\n\t\t<\/article>\n\t\t\t\t<article class=\"elementor-post elementor-grid-item post-8359 post type-post status-publish format-image has-post-thumbnail hentry category-noticias-fiscales post_format-post-format-image\" role=\"listitem\">\n\t\t\t<div class=\"elementor-post__card\">\n\t\t\t\t<a class=\"elementor-post__thumbnail__link\" href=\"https:\/\/fralla.mx\/insights\/flash-general-no-4-febrero-2025\/\" tabindex=\"-1\" ><div class=\"elementor-post__thumbnail\"><img loading=\"lazy\" decoding=\"async\" width=\"454\" height=\"268\" src=\"https:\/\/fralla.mx\/insights\/wp-content\/uploads\/2025\/02\/Captura-de-pantalla-2025-02-26-190317.png\" class=\"attachment-full size-full wp-image-8358\" alt=\"\" \/><\/div><\/a>\n\t\t\t\t<div class=\"elementor-post__text\">\n\t\t\t\t<h3 class=\"elementor-post__title\">\n\t\t\t<a href=\"https:\/\/fralla.mx\/insights\/flash-general-no-4-febrero-2025\/\" >\n\t\t\t\tFlash General No 4 &#8211; Febrero 2025\t\t\t<\/a>\n\t\t<\/h3>\n\t\t\t\t<div class=\"elementor-post__excerpt\">\n\t\t\t<p>Reforma Ley del INFONAVIT<\/p>\n\t\t<\/div>\n\t\t\n\t\t<a class=\"elementor-post__read-more\" href=\"https:\/\/fralla.mx\/insights\/flash-general-no-4-febrero-2025\/\" aria-label=\"Read more about Flash General No 4 &#8211; Febrero 2025\" tabindex=\"-1\" >\n\t\t\tSigue Leyendo \u00bb\t\t<\/a>\n\n\t\t\t\t<\/div>\n\t\t\t\t<div class=\"elementor-post__meta-data\">\n\t\t\t\t\t<span class=\"elementor-post-date\">\n\t\t\t27\/02\/2025\t\t<\/span>\n\t\t\t\t<span class=\"elementor-post-avatar\">\n\t\t\tNo hay comentarios\t\t<\/span>\n\t\t\t\t<\/div>\n\t\t\t\t\t<\/div>\n\t\t<\/article>\n\t\t\t\t<\/div>\n\t\t\n\t\t\t\t\t\t<\/div>\n\t\t\t\t<\/div>\n\t\t\t\t\t<\/div>\n\t\t<\/div>\n\t\t\t\t<div class=\"elementor-column elementor-col-33 elementor-top-column elementor-element elementor-element-4f13030\" data-id=\"4f13030\" data-element_type=\"column\" data-e-type=\"column\">\n\t\t\t<div class=\"elementor-widget-wrap elementor-element-populated\">\n\t\t\t\t\t\t<div class=\"elementor-element elementor-element-6e76827b elementor-hidden-tablet elementor-hidden-phone elementor-widget elementor-widget-image\" data-id=\"6e76827b\" data-element_type=\"widget\" data-e-type=\"widget\" data-widget_type=\"image.default\">\n\t\t\t\t<div class=\"elementor-widget-container\">\n\t\t\t\t\t\t\t\t\t\t\t\t\t\t\t<img loading=\"lazy\" decoding=\"async\" width=\"400\" height=\"600\" src=\"https:\/\/fralla.mx\/insights\/wp-content\/uploads\/2021\/01\/Noticias-infoo.jpg\" class=\"attachment-full size-full wp-image-3863\" alt=\"\" srcset=\"https:\/\/fralla.mx\/insights\/wp-content\/uploads\/2021\/01\/Noticias-infoo.jpg 400w, https:\/\/fralla.mx\/insights\/wp-content\/uploads\/2021\/01\/Noticias-infoo-200x300.jpg 200w\" sizes=\"(max-width: 400px) 100vw, 400px\" \/>\t\t\t\t\t\t\t\t\t\t\t\t\t\t\t<\/div>\n\t\t\t\t<\/div>\n\t\t\t\t<div class=\"elementor-element elementor-element-2436a98c elementor-widget elementor-widget-heading\" data-id=\"2436a98c\" data-element_type=\"widget\" data-e-type=\"widget\" data-widget_type=\"heading.default\">\n\t\t\t\t<div class=\"elementor-widget-container\">\n\t\t\t\t\t<h4 class=\"elementor-heading-title elementor-size-default\">S\u00edguenos<\/h4>\t\t\t\t<\/div>\n\t\t\t\t<\/div>\n\t\t\t\t<div class=\"elementor-element elementor-element-3c21615f e-grid-align-left elementor-grid-4 elementor-shape-rounded elementor-widget elementor-widget-social-icons\" data-id=\"3c21615f\" data-element_type=\"widget\" data-e-type=\"widget\" data-widget_type=\"social-icons.default\">\n\t\t\t\t<div class=\"elementor-widget-container\">\n\t\t\t\t\t\t\t<div class=\"elementor-social-icons-wrapper elementor-grid\" role=\"list\">\n\t\t\t\t\t\t\t<span class=\"elementor-grid-item\" role=\"listitem\">\n\t\t\t\t\t<a class=\"elementor-icon elementor-social-icon elementor-social-icon-instagram elementor-repeater-item-323f473\" href=\"https:\/\/www.instagram.com\/fralla_mexico\/\" target=\"_blank\">\n\t\t\t\t\t\t<span class=\"elementor-screen-only\">Instagram<\/span>\n\t\t\t\t\t\t<i aria-hidden=\"true\" class=\"fab fa-instagram\"><\/i>\t\t\t\t\t<\/a>\n\t\t\t\t<\/span>\n\t\t\t\t\t\t\t<span class=\"elementor-grid-item\" role=\"listitem\">\n\t\t\t\t\t<a class=\"elementor-icon elementor-social-icon elementor-social-icon-linkedin elementor-repeater-item-b178676\" href=\"https:\/\/www.linkedin.com\/company\/fralla-asesores-de-negocios\" target=\"_blank\">\n\t\t\t\t\t\t<span class=\"elementor-screen-only\">Linkedin<\/span>\n\t\t\t\t\t\t<i aria-hidden=\"true\" class=\"fab fa-linkedin\"><\/i>\t\t\t\t\t<\/a>\n\t\t\t\t<\/span>\n\t\t\t\t\t<\/div>\n\t\t\t\t\t\t<\/div>\n\t\t\t\t<\/div>\n\t\t\t\t<div class=\"elementor-element elementor-element-1bbbd941 elementor-widget elementor-widget-heading\" data-id=\"1bbbd941\" data-element_type=\"widget\" data-e-type=\"widget\" data-widget_type=\"heading.default\">\n\t\t\t\t<div class=\"elementor-widget-container\">\n\t\t\t\t\t<h4 class=\"elementor-heading-title elementor-size-default\">Noticias Recientes<\/h4>\t\t\t\t<\/div>\n\t\t\t\t<\/div>\n\t\t\t\t<div class=\"elementor-element elementor-element-788da64b elementor-grid-1 elementor-posts--thumbnail-none elementor-posts--align-left elementor-grid-tablet-2 elementor-grid-mobile-1 elementor-widget elementor-widget-posts\" data-id=\"788da64b\" data-element_type=\"widget\" data-e-type=\"widget\" data-settings=\"{&quot;classic_columns&quot;:&quot;1&quot;,&quot;classic_row_gap&quot;:{&quot;unit&quot;:&quot;px&quot;,&quot;size&quot;:&quot;30&quot;,&quot;sizes&quot;:[]},&quot;classic_columns_tablet&quot;:&quot;2&quot;,&quot;classic_columns_mobile&quot;:&quot;1&quot;,&quot;classic_row_gap_tablet&quot;:{&quot;unit&quot;:&quot;px&quot;,&quot;size&quot;:&quot;&quot;,&quot;sizes&quot;:[]},&quot;classic_row_gap_mobile&quot;:{&quot;unit&quot;:&quot;px&quot;,&quot;size&quot;:&quot;&quot;,&quot;sizes&quot;:[]}}\" data-widget_type=\"posts.classic\">\n\t\t\t\t<div class=\"elementor-widget-container\">\n\t\t\t\t\t\t\t<div class=\"elementor-posts-container elementor-posts elementor-posts--skin-classic elementor-grid\" role=\"list\">\n\t\t\t\t<article class=\"elementor-post elementor-grid-item post-9334 post type-post status-publish format-image has-post-thumbnail hentry category-noticias-fiscales post_format-post-format-image\" role=\"listitem\">\n\t\t\t\t<div class=\"elementor-post__text\">\n\t\t\t\t<h3 class=\"elementor-post__title\">\n\t\t\t<a href=\"https:\/\/fralla.mx\/insights\/comunicado-no-9-julio-2026\/\" >\n\t\t\t\tComunicado No 9 &#8211; Julio 2026\t\t\t<\/a>\n\t\t<\/h3>\n\t\t\t\t<div class=\"elementor-post__excerpt\">\n\t\t\t<p>Cumplimiento de obligaciones de las inversiones en el extranjero por personas f\u00edsicas<\/p>\n\t\t<\/div>\n\t\t\n\t\t<a class=\"elementor-post__read-more\" href=\"https:\/\/fralla.mx\/insights\/comunicado-no-9-julio-2026\/\" aria-label=\"Read more about Comunicado No 9 &#8211; Julio 2026\" tabindex=\"-1\" >\n\t\t\tLeer Noticia Completa \u00bb\t\t<\/a>\n\n\t\t\t\t<\/div>\n\t\t\t\t<\/article>\n\t\t\t\t<article class=\"elementor-post elementor-grid-item post-9320 post type-post status-publish format-image has-post-thumbnail hentry category-noticias-fiscales post_format-post-format-image\" role=\"listitem\">\n\t\t\t\t<div class=\"elementor-post__text\">\n\t\t\t\t<h3 class=\"elementor-post__title\">\n\t\t\t<a href=\"https:\/\/fralla.mx\/insights\/flash-fiscal-no-10-julio-2026\/\" >\n\t\t\t\tFlash Fiscal No 10 &#8211; Julio 2026\t\t\t<\/a>\n\t\t<\/h3>\n\t\t\t\t<div class=\"elementor-post__excerpt\">\n\t\t\t<p>Publicaci\u00f3n DOF contribuyentes 49 Bis CFF<\/p>\n\t\t<\/div>\n\t\t\n\t\t<a class=\"elementor-post__read-more\" href=\"https:\/\/fralla.mx\/insights\/flash-fiscal-no-10-julio-2026\/\" aria-label=\"Read more about Flash Fiscal No 10 &#8211; Julio 2026\" tabindex=\"-1\" >\n\t\t\tLeer Noticia Completa \u00bb\t\t<\/a>\n\n\t\t\t\t<\/div>\n\t\t\t\t<\/article>\n\t\t\t\t<article class=\"elementor-post elementor-grid-item post-9303 post type-post status-publish format-image has-post-thumbnail hentry category-noticias-fiscales post_format-post-format-image\" role=\"listitem\">\n\t\t\t\t<div class=\"elementor-post__text\">\n\t\t\t\t<h3 class=\"elementor-post__title\">\n\t\t\t<a href=\"https:\/\/fralla.mx\/insights\/flash-general-no-10-julio-2026\/\" >\n\t\t\t\tFlash General No 10 &#8211; Julio 2026\t\t\t<\/a>\n\t\t<\/h3>\n\t\t\t\t<div class=\"elementor-post__excerpt\">\n\t\t\t<p>Acuerdo Consejo T\u00e9cnico IMSS relativo a la implementaci\u00f3n de la E.FIRMA<\/p>\n\t\t<\/div>\n\t\t\n\t\t<a class=\"elementor-post__read-more\" href=\"https:\/\/fralla.mx\/insights\/flash-general-no-10-julio-2026\/\" aria-label=\"Read more about Flash General No 10 &#8211; Julio 2026\" tabindex=\"-1\" >\n\t\t\tLeer Noticia Completa \u00bb\t\t<\/a>\n\n\t\t\t\t<\/div>\n\t\t\t\t<\/article>\n\t\t\t\t<article class=\"elementor-post elementor-grid-item post-9295 post type-post status-publish format-image has-post-thumbnail hentry category-noticias-fiscales post_format-post-format-image\" role=\"listitem\">\n\t\t\t\t<div class=\"elementor-post__text\">\n\t\t\t\t<h3 class=\"elementor-post__title\">\n\t\t\t<a href=\"https:\/\/fralla.mx\/insights\/flash-general-no-9-julio-2026\/\" >\n\t\t\t\tFlash General No 9 &#8211; Julio 2026\t\t\t<\/a>\n\t\t<\/h3>\n\t\t\t\t<div class=\"elementor-post__excerpt\">\n\t\t\t<p>\u00cdndice Nacional de Precios al Consumidor<\/p>\n\t\t<\/div>\n\t\t\n\t\t<a class=\"elementor-post__read-more\" href=\"https:\/\/fralla.mx\/insights\/flash-general-no-9-julio-2026\/\" aria-label=\"Read more about Flash General No 9 &#8211; Julio 2026\" tabindex=\"-1\" >\n\t\t\tLeer Noticia Completa \u00bb\t\t<\/a>\n\n\t\t\t\t<\/div>\n\t\t\t\t<\/article>\n\t\t\t\t<\/div>\n\t\t\n\t\t\t\t\t\t<\/div>\n\t\t\t\t<\/div>\n\t\t\t\t<section class=\"elementor-section elementor-inner-section elementor-element elementor-element-3b9096ee elementor-section-boxed elementor-section-height-default elementor-section-height-default\" data-id=\"3b9096ee\" data-element_type=\"section\" data-e-type=\"section\" data-settings=\"{&quot;background_background&quot;:&quot;classic&quot;}\">\n\t\t\t\t\t\t<div class=\"elementor-container elementor-column-gap-default\">\n\t\t\t\t\t<div class=\"elementor-column elementor-col-100 elementor-inner-column elementor-element elementor-element-424dfe89\" data-id=\"424dfe89\" data-element_type=\"column\" data-e-type=\"column\">\n\t\t\t<div class=\"elementor-widget-wrap elementor-element-populated\">\n\t\t\t\t\t\t<div class=\"elementor-element elementor-element-511985a9 elementor-widget-divider--view-line_text elementor-widget-divider--element-align-right elementor-widget elementor-widget-divider\" data-id=\"511985a9\" data-element_type=\"widget\" data-e-type=\"widget\" data-widget_type=\"divider.default\">\n\t\t\t\t<div class=\"elementor-widget-container\">\n\t\t\t\t\t\t\t<div class=\"elementor-divider\">\n\t\t\t<span class=\"elementor-divider-separator\">\n\t\t\t\t\t\t\t<span class=\"elementor-divider__text elementor-divider__element\">\n\t\t\t\tRecibe las \u00daltimas Noticias\t\t\t\t<\/span>\n\t\t\t\t\t\t<\/span>\n\t\t<\/div>\n\t\t\t\t\t\t<\/div>\n\t\t\t\t<\/div>\n\t\t\t\t<div class=\"elementor-element elementor-element-55f1b849 elementor-widget elementor-widget-heading\" data-id=\"55f1b849\" data-element_type=\"widget\" data-e-type=\"widget\" data-widget_type=\"heading.default\">\n\t\t\t\t<div class=\"elementor-widget-container\">\n\t\t\t\t\t<h3 class=\"elementor-heading-title elementor-size-default\">Suscr\u00edbete con tu correo electr\u00f3nico<\/h3>\t\t\t\t<\/div>\n\t\t\t\t<\/div>\n\t\t\t\t<div class=\"elementor-element elementor-element-213ab284 elementor-widget elementor-widget-text-editor\" data-id=\"213ab284\" data-element_type=\"widget\" data-e-type=\"widget\" data-widget_type=\"text-editor.default\">\n\t\t\t\t<div class=\"elementor-widget-container\">\n\t\t\t\t\t\t\t\t\t<p>Te notificaremos \u00fanicamente acerca de las noticias recientes en materia fiscal<\/p>\t\t\t\t\t\t\t\t<\/div>\n\t\t\t\t<\/div>\n\t\t\t\t<div class=\"elementor-element elementor-element-1117bc5 elementor-button-align-stretch elementor-widget elementor-widget-form\" data-id=\"1117bc5\" data-element_type=\"widget\" data-e-type=\"widget\" data-settings=\"{&quot;step_next_label&quot;:&quot;Next&quot;,&quot;step_previous_label&quot;:&quot;Previous&quot;,&quot;button_width&quot;:&quot;100&quot;,&quot;step_type&quot;:&quot;number_text&quot;,&quot;step_icon_shape&quot;:&quot;circle&quot;}\" data-widget_type=\"form.default\">\n\t\t\t\t<div class=\"elementor-widget-container\">\n\t\t\t\t\t\t\t<form class=\"elementor-form\" method=\"post\" name=\"New Form\" aria-label=\"New Form\">\n\t\t\t<input type=\"hidden\" name=\"post_id\" value=\"3761\"\/>\n\t\t\t<input type=\"hidden\" name=\"form_id\" value=\"1117bc5\"\/>\n\t\t\t<input type=\"hidden\" name=\"referer_title\" value=\"Noticias - FRALLA\" \/>\n\n\t\t\t\t\t\t\t<input type=\"hidden\" name=\"queried_id\" value=\"3761\"\/>\n\t\t\t\n\t\t\t<div class=\"elementor-form-fields-wrapper elementor-labels-\">\n\t\t\t\t\t\t\t\t<div class=\"elementor-field-type-text elementor-field-group elementor-column elementor-field-group-field_6d0c947 elementor-col-100 elementor-field-required\">\n\t\t\t\t\t\t\t\t\t\t\t\t<label for=\"form-field-field_6d0c947\" class=\"elementor-field-label elementor-screen-only\">\n\t\t\t\t\t\t\t\tNombre\t\t\t\t\t\t\t<\/label>\n\t\t\t\t\t\t\t\t\t\t\t\t\t\t<input size=\"1\" type=\"text\" name=\"form_fields[field_6d0c947]\" id=\"form-field-field_6d0c947\" class=\"elementor-field elementor-size-sm  elementor-field-textual\" placeholder=\"Nombre\" required=\"required\">\n\t\t\t\t\t\t\t\t\t\t\t<\/div>\n\t\t\t\t\t\t\t\t<div class=\"elementor-field-type-email elementor-field-group elementor-column elementor-field-group-email elementor-col-100 elementor-field-required\">\n\t\t\t\t\t\t\t\t\t\t\t\t<label for=\"form-field-email\" class=\"elementor-field-label elementor-screen-only\">\n\t\t\t\t\t\t\t\tCorreo Electr\u00f3nico\t\t\t\t\t\t\t<\/label>\n\t\t\t\t\t\t\t\t\t\t\t\t\t\t<input size=\"1\" type=\"email\" name=\"form_fields[email]\" id=\"form-field-email\" class=\"elementor-field elementor-size-sm  elementor-field-textual\" placeholder=\"Correo Electr\u00f3nico\" required=\"required\">\n\t\t\t\t\t\t\t\t\t\t\t<\/div>\n\t\t\t\t\t\t\t\t<div class=\"elementor-field-group elementor-column elementor-field-type-submit elementor-col-100 e-form__buttons\">\n\t\t\t\t\t<button class=\"elementor-button elementor-size-sm\" type=\"submit\">\n\t\t\t\t\t\t<span class=\"elementor-button-content-wrapper\">\n\t\t\t\t\t\t\t\t\t\t\t\t\t\t\t\t\t\t\t\t\t\t<span class=\"elementor-button-text\">SUSCRIBIRME<\/span>\n\t\t\t\t\t\t\t\t\t\t\t\t\t<\/span>\n\t\t\t\t\t<\/button>\n\t\t\t\t<\/div>\n\t\t\t<\/div>\n\t\t<\/form>\n\t\t\t\t\t\t<\/div>\n\t\t\t\t<\/div>\n\t\t\t\t\t<\/div>\n\t\t<\/div>\n\t\t\t\t\t<\/div>\n\t\t<\/section>\n\t\t\t\t\t<\/div>\n\t\t<\/div>\n\t\t\t\t\t<\/div>\n\t\t<\/section>\n\t\t\t\t<section class=\"elementor-section elementor-top-section elementor-element elementor-element-4363e5d8 elementor-section-boxed elementor-section-height-default elementor-section-height-default\" data-id=\"4363e5d8\" data-element_type=\"section\" data-e-type=\"section\">\n\t\t\t\t\t\t<div class=\"elementor-container elementor-column-gap-default\">\n\t\t\t\t\t<div class=\"elementor-column elementor-col-100 elementor-top-column elementor-element elementor-element-47bf6c15\" data-id=\"47bf6c15\" data-element_type=\"column\" data-e-type=\"column\" data-settings=\"{&quot;background_background&quot;:&quot;classic&quot;}\">\n\t\t\t<div class=\"elementor-widget-wrap elementor-element-populated\">\n\t\t\t\t\t\t<section class=\"elementor-section elementor-inner-section elementor-element elementor-element-4e9c6ef1 elementor-section-boxed elementor-section-height-default elementor-section-height-default\" data-id=\"4e9c6ef1\" data-element_type=\"section\" data-e-type=\"section\">\n\t\t\t\t\t\t<div class=\"elementor-container elementor-column-gap-default\">\n\t\t\t\t\t<div class=\"elementor-column elementor-col-50 elementor-inner-column elementor-element elementor-element-9cf7ad7\" data-id=\"9cf7ad7\" data-element_type=\"column\" data-e-type=\"column\">\n\t\t\t<div class=\"elementor-widget-wrap elementor-element-populated\">\n\t\t\t\t\t\t<div class=\"elementor-element elementor-element-35bd9c87 elementor-widget-divider--view-line_text elementor-widget-divider--element-align-right elementor-widget elementor-widget-divider\" data-id=\"35bd9c87\" data-element_type=\"widget\" data-e-type=\"widget\" data-widget_type=\"divider.default\">\n\t\t\t\t<div class=\"elementor-widget-container\">\n\t\t\t\t\t\t\t<div class=\"elementor-divider\">\n\t\t\t<span class=\"elementor-divider-separator\">\n\t\t\t\t\t\t\t<span class=\"elementor-divider__text elementor-divider__element\">\n\t\t\t\tTendencias\t\t\t\t<\/span>\n\t\t\t\t\t\t<\/span>\n\t\t<\/div>\n\t\t\t\t\t\t<\/div>\n\t\t\t\t<\/div>\n\t\t\t\t<div class=\"elementor-element elementor-element-613cf1fe elementor-widget elementor-widget-heading\" data-id=\"613cf1fe\" data-element_type=\"widget\" data-e-type=\"widget\" data-widget_type=\"heading.default\">\n\t\t\t\t<div class=\"elementor-widget-container\">\n\t\t\t\t\t<h2 class=\"elementor-heading-title elementor-size-default\">Noticias Populares<\/h2>\t\t\t\t<\/div>\n\t\t\t\t<\/div>\n\t\t\t\t\t<\/div>\n\t\t<\/div>\n\t\t\t\t<div class=\"elementor-column elementor-col-50 elementor-inner-column elementor-element elementor-element-6aebc9dc\" data-id=\"6aebc9dc\" data-element_type=\"column\" data-e-type=\"column\">\n\t\t\t<div class=\"elementor-widget-wrap\">\n\t\t\t\t\t\t\t<\/div>\n\t\t<\/div>\n\t\t\t\t\t<\/div>\n\t\t<\/section>\n\t\t\t\t\t<\/div>\n\t\t<\/div>\n\t\t\t\t\t<\/div>\n\t\t<\/section>\n\t\t\t\t<section class=\"elementor-section elementor-top-section elementor-element elementor-element-a0dcaac elementor-section-boxed elementor-section-height-default elementor-section-height-default\" data-id=\"a0dcaac\" data-element_type=\"section\" data-e-type=\"section\" data-settings=\"{&quot;background_background&quot;:&quot;classic&quot;}\">\n\t\t\t\t\t\t<div class=\"elementor-container elementor-column-gap-default\">\n\t\t\t\t\t<div class=\"elementor-column elementor-col-100 elementor-top-column elementor-element elementor-element-87cfb49\" data-id=\"87cfb49\" data-element_type=\"column\" data-e-type=\"column\">\n\t\t\t<div class=\"elementor-widget-wrap\">\n\t\t\t\t\t\t\t<\/div>\n\t\t<\/div>\n\t\t\t\t\t<\/div>\n\t\t<\/section>\n\t\t\t\t<\/div>\n\t\t","protected":false},"excerpt":{"rendered":"<p>Noticias \u00daltimas Noticias En Fralla te mantenemos informado S\u00edguenos Instagram Linkedin Noticias Recientes Recibe las \u00daltimas Noticias Suscr\u00edbete con tu correo electr\u00f3nico Te notificaremos \u00fanicamente acerca de las noticias recientes en materia fiscal Tendencias Noticias Populares<\/p>\n","protected":false},"author":1,"featured_media":0,"parent":0,"menu_order":0,"comment_status":"closed","ping_status":"closed","template":"","meta":{"site-sidebar-layout":"no-sidebar","site-content-layout":"page-builder","ast-site-content-layout":"full-width-container","site-content-style":"unboxed","site-sidebar-style":"unboxed","ast-global-header-display":"","ast-banner-title-visibility":"","ast-main-header-display":"","ast-hfb-above-header-display":"","ast-hfb-below-header-display":"","ast-hfb-mobile-header-display":"","site-post-title":"disabled","ast-breadcrumbs-content":"","ast-featured-img":"disabled","footer-sml-layout":"","ast-disable-related-posts":"","theme-transparent-header-meta":"default","adv-header-id-meta":"","stick-header-meta":"","header-above-stick-meta":"","header-main-stick-meta":"","header-below-stick-meta":"","astra-migrate-meta-layouts":"set","ast-page-background-enabled":"default","ast-page-background-meta":{"desktop":{"background-color":"","background-image":"","background-repeat":"repeat","background-position":"center center","background-size":"auto","background-attachment":"scroll","background-type":"","background-media":"","overlay-type":"","overlay-color":"","overlay-opacity":"","overlay-gradient":""},"tablet":{"background-color":"","background-image":"","background-repeat":"repeat","background-position":"center center","background-size":"auto","background-attachment":"scroll","background-type":"","background-media":"","overlay-type":"","overlay-color":"","overlay-opacity":"","overlay-gradient":""},"mobile":{"background-color":"","background-image":"","background-repeat":"repeat","background-position":"center center","background-size":"auto","background-attachment":"scroll","background-type":"","background-media":"","overlay-type":"","overlay-color":"","overlay-opacity":"","overlay-gradient":""}},"ast-content-background-meta":{"desktop":{"background-color":"var(--ast-global-color-5)","background-image":"","background-repeat":"repeat","background-position":"center center","background-size":"auto","background-attachment":"scroll","background-type":"","background-media":"","overlay-type":"","overlay-color":"","overlay-opacity":"","overlay-gradient":""},"tablet":{"background-color":"var(--ast-global-color-5)","background-image":"","background-repeat":"repeat","background-position":"center center","background-size":"auto","background-attachment":"scroll","background-type":"","background-media":"","overlay-type":"","overlay-color":"","overlay-opacity":"","overlay-gradient":""},"mobile":{"background-color":"var(--ast-global-color-5)","background-image":"","background-repeat":"repeat","background-position":"center center","background-size":"auto","background-attachment":"scroll","background-type":"","background-media":"","overlay-type":"","overlay-color":"","overlay-opacity":"","overlay-gradient":""}},"footnotes":"","_members_access_role":[],"_members_access_error":""},"class_list":["post-3761","page","type-page","status-publish","hentry"],"yoast_head":"<!-- This site is optimized with the Yoast SEO plugin v28.4 - https:\/\/yoast.com\/product\/yoast-seo-wordpress\/ -->\n<title>Noticias - FRALLA<\/title>\n<meta name=\"robots\" content=\"index, follow, max-snippet:-1, max-image-preview:large, max-video-preview:-1\" \/>\n<link rel=\"canonical\" href=\"https:\/\/fralla.mx\/insights\/noticias\/\" \/>\n<meta property=\"og:locale\" content=\"es_ES\" \/>\n<meta property=\"og:type\" content=\"article\" \/>\n<meta property=\"og:title\" content=\"Noticias - FRALLA\" \/>\n<meta property=\"og:description\" content=\"Noticias \u00daltimas Noticias En Fralla te mantenemos informado S\u00edguenos Instagram Linkedin Noticias Recientes Recibe las \u00daltimas Noticias Suscr\u00edbete con tu correo electr\u00f3nico Te notificaremos \u00fanicamente acerca de las noticias recientes en materia fiscal Tendencias Noticias Populares\" \/>\n<meta property=\"og:url\" content=\"https:\/\/fralla.mx\/insights\/noticias\/\" \/>\n<meta property=\"og:site_name\" content=\"FRALLA\" \/>\n<meta property=\"article:modified_time\" content=\"2026-09-03T02:50:36+00:00\" \/>\n<meta property=\"og:image\" content=\"https:\/\/fralla.mx\/insights\/wp-content\/uploads\/2021\/01\/Noticias-infoo.jpg\" \/>\n<meta name=\"twitter:card\" content=\"summary_large_image\" \/>\n<meta name=\"twitter:label1\" content=\"Tiempo de lectura\" \/>\n\t<meta name=\"twitter:data1\" content=\"31 minutos\" \/>\n<script type=\"application\/ld+json\" class=\"yoast-schema-graph\">{\"@context\":\"https:\\\/\\\/schema.org\",\"@graph\":[{\"@type\":\"WebPage\",\"@id\":\"https:\\\/\\\/fralla.mx\\\/insights\\\/noticias\\\/\",\"url\":\"https:\\\/\\\/fralla.mx\\\/insights\\\/noticias\\\/\",\"name\":\"Noticias - FRALLA\",\"isPartOf\":{\"@id\":\"https:\\\/\\\/fralla.mx\\\/insights\\\/#website\"},\"primaryImageOfPage\":{\"@id\":\"https:\\\/\\\/fralla.mx\\\/insights\\\/noticias\\\/#primaryimage\"},\"image\":{\"@id\":\"https:\\\/\\\/fralla.mx\\\/insights\\\/noticias\\\/#primaryimage\"},\"thumbnailUrl\":\"https:\\\/\\\/fralla.mx\\\/insights\\\/wp-content\\\/uploads\\\/2021\\\/01\\\/Noticias-infoo.jpg\",\"datePublished\":\"2021-01-01T02:20:23+00:00\",\"dateModified\":\"2026-09-03T02:50:36+00:00\",\"breadcrumb\":{\"@id\":\"https:\\\/\\\/fralla.mx\\\/insights\\\/noticias\\\/#breadcrumb\"},\"inLanguage\":\"es\",\"potentialAction\":[{\"@type\":\"ReadAction\",\"target\":[\"https:\\\/\\\/fralla.mx\\\/insights\\\/noticias\\\/\"]}]},{\"@type\":\"ImageObject\",\"inLanguage\":\"es\",\"@id\":\"https:\\\/\\\/fralla.mx\\\/insights\\\/noticias\\\/#primaryimage\",\"url\":\"https:\\\/\\\/fralla.mx\\\/insights\\\/wp-content\\\/uploads\\\/2021\\\/01\\\/Noticias-infoo.jpg\",\"contentUrl\":\"https:\\\/\\\/fralla.mx\\\/insights\\\/wp-content\\\/uploads\\\/2021\\\/01\\\/Noticias-infoo.jpg\",\"width\":400,\"height\":600},{\"@type\":\"BreadcrumbList\",\"@id\":\"https:\\\/\\\/fralla.mx\\\/insights\\\/noticias\\\/#breadcrumb\",\"itemListElement\":[{\"@type\":\"ListItem\",\"position\":1,\"name\":\"Portada\",\"item\":\"https:\\\/\\\/fralla.mx\\\/insights\\\/\"},{\"@type\":\"ListItem\",\"position\":2,\"name\":\"Noticias\"}]},{\"@type\":\"WebSite\",\"@id\":\"https:\\\/\\\/fralla.mx\\\/insights\\\/#website\",\"url\":\"https:\\\/\\\/fralla.mx\\\/insights\\\/\",\"name\":\"FRALLA\",\"description\":\"Servicios de asesor\u00eda y consultor\u00eda fiscal de alto nivel\",\"publisher\":{\"@id\":\"https:\\\/\\\/fralla.mx\\\/insights\\\/#organization\"},\"potentialAction\":[{\"@type\":\"SearchAction\",\"target\":{\"@type\":\"EntryPoint\",\"urlTemplate\":\"https:\\\/\\\/fralla.mx\\\/insights\\\/?s={search_term_string}\"},\"query-input\":{\"@type\":\"PropertyValueSpecification\",\"valueRequired\":true,\"valueName\":\"search_term_string\"}}],\"inLanguage\":\"es\"},{\"@type\":\"Organization\",\"@id\":\"https:\\\/\\\/fralla.mx\\\/insights\\\/#organization\",\"name\":\"FRALLA - Asesores de Negocios\",\"url\":\"https:\\\/\\\/fralla.mx\\\/insights\\\/\",\"logo\":{\"@type\":\"ImageObject\",\"inLanguage\":\"es\",\"@id\":\"https:\\\/\\\/fralla.mx\\\/insights\\\/#\\\/schema\\\/logo\\\/image\\\/\",\"url\":\"https:\\\/\\\/fralla.mx\\\/wp-content\\\/uploads\\\/2020\\\/10\\\/fralla_logo-1.png\",\"contentUrl\":\"https:\\\/\\\/fralla.mx\\\/wp-content\\\/uploads\\\/2020\\\/10\\\/fralla_logo-1.png\",\"width\":180,\"height\":35,\"caption\":\"FRALLA - Asesores de Negocios\"},\"image\":{\"@id\":\"https:\\\/\\\/fralla.mx\\\/insights\\\/#\\\/schema\\\/logo\\\/image\\\/\"}}]}<\/script>\n<!-- \/ Yoast SEO plugin. -->","yoast_head_json":{"title":"Noticias - FRALLA","robots":{"index":"index","follow":"follow","max-snippet":"max-snippet:-1","max-image-preview":"max-image-preview:large","max-video-preview":"max-video-preview:-1"},"canonical":"https:\/\/fralla.mx\/insights\/noticias\/","og_locale":"es_ES","og_type":"article","og_title":"Noticias - FRALLA","og_description":"Noticias \u00daltimas Noticias En Fralla te mantenemos informado S\u00edguenos Instagram Linkedin Noticias Recientes Recibe las \u00daltimas Noticias Suscr\u00edbete con tu correo electr\u00f3nico Te notificaremos \u00fanicamente acerca de las noticias recientes en materia fiscal Tendencias Noticias Populares","og_url":"https:\/\/fralla.mx\/insights\/noticias\/","og_site_name":"FRALLA","article_modified_time":"2026-09-03T02:50:36+00:00","og_image":[{"url":"https:\/\/fralla.mx\/insights\/wp-content\/uploads\/2021\/01\/Noticias-infoo.jpg","type":"","width":"","height":""}],"twitter_card":"summary_large_image","twitter_misc":{"Tiempo de lectura":"31 minutos"},"schema":{"@context":"https:\/\/schema.org","@graph":[{"@type":"WebPage","@id":"https:\/\/fralla.mx\/insights\/noticias\/","url":"https:\/\/fralla.mx\/insights\/noticias\/","name":"Noticias - FRALLA","isPartOf":{"@id":"https:\/\/fralla.mx\/insights\/#website"},"primaryImageOfPage":{"@id":"https:\/\/fralla.mx\/insights\/noticias\/#primaryimage"},"image":{"@id":"https:\/\/fralla.mx\/insights\/noticias\/#primaryimage"},"thumbnailUrl":"https:\/\/fralla.mx\/insights\/wp-content\/uploads\/2021\/01\/Noticias-infoo.jpg","datePublished":"2021-01-01T02:20:23+00:00","dateModified":"2026-09-03T02:50:36+00:00","breadcrumb":{"@id":"https:\/\/fralla.mx\/insights\/noticias\/#breadcrumb"},"inLanguage":"es","potentialAction":[{"@type":"ReadAction","target":["https:\/\/fralla.mx\/insights\/noticias\/"]}]},{"@type":"ImageObject","inLanguage":"es","@id":"https:\/\/fralla.mx\/insights\/noticias\/#primaryimage","url":"https:\/\/fralla.mx\/insights\/wp-content\/uploads\/2021\/01\/Noticias-infoo.jpg","contentUrl":"https:\/\/fralla.mx\/insights\/wp-content\/uploads\/2021\/01\/Noticias-infoo.jpg","width":400,"height":600},{"@type":"BreadcrumbList","@id":"https:\/\/fralla.mx\/insights\/noticias\/#breadcrumb","itemListElement":[{"@type":"ListItem","position":1,"name":"Portada","item":"https:\/\/fralla.mx\/insights\/"},{"@type":"ListItem","position":2,"name":"Noticias"}]},{"@type":"WebSite","@id":"https:\/\/fralla.mx\/insights\/#website","url":"https:\/\/fralla.mx\/insights\/","name":"FRALLA","description":"Servicios de asesor\u00eda y consultor\u00eda fiscal de alto nivel","publisher":{"@id":"https:\/\/fralla.mx\/insights\/#organization"},"potentialAction":[{"@type":"SearchAction","target":{"@type":"EntryPoint","urlTemplate":"https:\/\/fralla.mx\/insights\/?s={search_term_string}"},"query-input":{"@type":"PropertyValueSpecification","valueRequired":true,"valueName":"search_term_string"}}],"inLanguage":"es"},{"@type":"Organization","@id":"https:\/\/fralla.mx\/insights\/#organization","name":"FRALLA - Asesores de Negocios","url":"https:\/\/fralla.mx\/insights\/","logo":{"@type":"ImageObject","inLanguage":"es","@id":"https:\/\/fralla.mx\/insights\/#\/schema\/logo\/image\/","url":"https:\/\/fralla.mx\/wp-content\/uploads\/2020\/10\/fralla_logo-1.png","contentUrl":"https:\/\/fralla.mx\/wp-content\/uploads\/2020\/10\/fralla_logo-1.png","width":180,"height":35,"caption":"FRALLA - Asesores de Negocios"},"image":{"@id":"https:\/\/fralla.mx\/insights\/#\/schema\/logo\/image\/"}}]}},"_links":{"self":[{"href":"https:\/\/fralla.mx\/insights\/wp-json\/wp\/v2\/pages\/3761","targetHints":{"allow":["GET"]}}],"collection":[{"href":"https:\/\/fralla.mx\/insights\/wp-json\/wp\/v2\/pages"}],"about":[{"href":"https:\/\/fralla.mx\/insights\/wp-json\/wp\/v2\/types\/page"}],"author":[{"embeddable":true,"href":"https:\/\/fralla.mx\/insights\/wp-json\/wp\/v2\/users\/1"}],"replies":[{"embeddable":true,"href":"https:\/\/fralla.mx\/insights\/wp-json\/wp\/v2\/comments?post=3761"}],"version-history":[{"count":177,"href":"https:\/\/fralla.mx\/insights\/wp-json\/wp\/v2\/pages\/3761\/revisions"}],"predecessor-version":[{"id":9364,"href":"https:\/\/fralla.mx\/insights\/wp-json\/wp\/v2\/pages\/3761\/revisions\/9364"}],"wp:attachment":[{"href":"https:\/\/fralla.mx\/insights\/wp-json\/wp\/v2\/media?parent=3761"}],"curies":[{"name":"wp","href":"https:\/\/api.w.org\/{rel}","templated":true}]}}